{"id":93,"date":"2022-10-01T18:26:43","date_gmt":"2022-10-01T16:26:43","guid":{"rendered":"http:\/\/seisson-menuiserie.fr\/?page_id=93"},"modified":"2026-09-02T14:08:42","modified_gmt":"2026-09-02T12:08:42","slug":"les-realisations-descaliers","status":"publish","type":"page","link":"https:\/\/seisson-menuiserie.fr\/?page_id=93","title":{"rendered":"Les r\u00e9alisations d&rsquo;escaliers"},"content":{"rendered":"\n<figure class=\"wp-block-gallery has-nested-images columns-default is-cropped wp-block-gallery-1 is-layout-flex wp-block-gallery-is-layout-flex\">\n<figure class=\"wp-block-image size-large\"><img loading=\"lazy\" decoding=\"async\" width=\"635\" height=\"817\" data-id=\"1273\" src=\"https:\/\/seisson-menuiserie.fr\/wp-content\/uploads\/2026\/09\/escalier2-1.png\" alt=\"\" class=\"wp-image-1273\" srcset=\"https:\/\/seisson-menuiserie.fr\/wp-content\/uploads\/2026\/09\/escalier2-1.png 635w, https:\/\/seisson-menuiserie.fr\/wp-content\/uploads\/2026\/09\/escalier2-1-233x300.png 233w\" sizes=\"auto, (max-width: 635px) 100vw, 635px\" \/><\/figure>\n\n\n\n<figure class=\"wp-block-image size-large\"><img loading=\"lazy\" decoding=\"async\" width=\"802\" height=\"821\" data-id=\"1271\" src=\"https:\/\/seisson-menuiserie.fr\/wp-content\/uploads\/2026\/09\/escalier1.png\" alt=\"\" class=\"wp-image-1271\" srcset=\"https:\/\/seisson-menuiserie.fr\/wp-content\/uploads\/2026\/09\/escalier1.png 802w, https:\/\/seisson-menuiserie.fr\/wp-content\/uploads\/2026\/09\/escalier1-293x300.png 293w, https:\/\/seisson-menuiserie.fr\/wp-content\/uploads\/2026\/09\/escalier1-768x786.png 768w\" sizes=\"auto, (max-width: 802px) 100vw, 802px\" \/><\/figure>\n<\/figure>\n\n\n\n<h2 class=\"wp-block-heading\">R\u00e9alisation et pose d&rsquo;un escalier en fr\u00eane massif<\/h2>\n\n\n\n<figure class=\"wp-block-gallery has-nested-images columns-default is-cropped wp-block-gallery-2 is-layout-flex wp-block-gallery-is-layout-flex\">\n<figure class=\"wp-block-image size-large\"><img loading=\"lazy\" decoding=\"async\" width=\"768\" height=\"1024\" data-id=\"1133\" src=\"https:\/\/seisson-menuiserie.fr\/wp-content\/uploads\/2025\/06\/PHOTO-2025-06-07-10-01-51-1-768x1024.jpg\" alt=\"\" class=\"wp-image-1133\" srcset=\"https:\/\/seisson-menuiserie.fr\/wp-content\/uploads\/2025\/06\/PHOTO-2025-06-07-10-01-51-1-768x1024.jpg 768w, https:\/\/seisson-menuiserie.fr\/wp-content\/uploads\/2025\/06\/PHOTO-2025-06-07-10-01-51-1-225x300.jpg 225w, https:\/\/seisson-menuiserie.fr\/wp-content\/uploads\/2025\/06\/PHOTO-2025-06-07-10-01-51-1-1152x1536.jpg 1152w, https:\/\/seisson-menuiserie.fr\/wp-content\/uploads\/2025\/06\/PHOTO-2025-06-07-10-01-51-1-1024x1365.jpg 1024w, https:\/\/seisson-menuiserie.fr\/wp-content\/uploads\/2025\/06\/PHOTO-2025-06-07-10-01-51-1-810x1080.jpg 810w, https:\/\/seisson-menuiserie.fr\/wp-content\/uploads\/2025\/06\/PHOTO-2025-06-07-10-01-51-1.jpg 1530w\" sizes=\"auto, (max-width: 768px) 100vw, 768px\" \/><\/figure>\n\n\n\n<figure class=\"wp-block-image size-large\"><img loading=\"lazy\" decoding=\"async\" width=\"768\" height=\"1024\" data-id=\"1132\" src=\"https:\/\/seisson-menuiserie.fr\/wp-content\/uploads\/2025\/06\/PHOTO-2025-06-07-10-01-51-3-1-768x1024.jpg\" alt=\"\" class=\"wp-image-1132\" srcset=\"https:\/\/seisson-menuiserie.fr\/wp-content\/uploads\/2025\/06\/PHOTO-2025-06-07-10-01-51-3-1-768x1024.jpg 768w, https:\/\/seisson-menuiserie.fr\/wp-content\/uploads\/2025\/06\/PHOTO-2025-06-07-10-01-51-3-1-225x300.jpg 225w, https:\/\/seisson-menuiserie.fr\/wp-content\/uploads\/2025\/06\/PHOTO-2025-06-07-10-01-51-3-1-1152x1536.jpg 1152w, https:\/\/seisson-menuiserie.fr\/wp-content\/uploads\/2025\/06\/PHOTO-2025-06-07-10-01-51-3-1-1024x1365.jpg 1024w, https:\/\/seisson-menuiserie.fr\/wp-content\/uploads\/2025\/06\/PHOTO-2025-06-07-10-01-51-3-1-810x1080.jpg 810w, https:\/\/seisson-menuiserie.fr\/wp-content\/uploads\/2025\/06\/PHOTO-2025-06-07-10-01-51-3-1.jpg 1530w\" sizes=\"auto, (max-width: 768px) 100vw, 768px\" \/><\/figure>\n\n\n\n<figure class=\"wp-block-image size-large\"><img loading=\"lazy\" decoding=\"async\" width=\"768\" height=\"1024\" data-id=\"1131\" src=\"https:\/\/seisson-menuiserie.fr\/wp-content\/uploads\/2025\/06\/PHOTO-2025-06-07-10-01-51-2-1-768x1024.jpg\" alt=\"\" class=\"wp-image-1131\" srcset=\"https:\/\/seisson-menuiserie.fr\/wp-content\/uploads\/2025\/06\/PHOTO-2025-06-07-10-01-51-2-1-768x1024.jpg 768w, https:\/\/seisson-menuiserie.fr\/wp-content\/uploads\/2025\/06\/PHOTO-2025-06-07-10-01-51-2-1-225x300.jpg 225w, https:\/\/seisson-menuiserie.fr\/wp-content\/uploads\/2025\/06\/PHOTO-2025-06-07-10-01-51-2-1-1152x1536.jpg 1152w, https:\/\/seisson-menuiserie.fr\/wp-content\/uploads\/2025\/06\/PHOTO-2025-06-07-10-01-51-2-1-1024x1365.jpg 1024w, https:\/\/seisson-menuiserie.fr\/wp-content\/uploads\/2025\/06\/PHOTO-2025-06-07-10-01-51-2-1-810x1080.jpg 810w, https:\/\/seisson-menuiserie.fr\/wp-content\/uploads\/2025\/06\/PHOTO-2025-06-07-10-01-51-2-1.jpg 1530w\" sizes=\"auto, (max-width: 768px) 100vw, 768px\" \/><\/figure>\n\n\n\n<figure class=\"wp-block-image size-large\"><img loading=\"lazy\" decoding=\"async\" width=\"1024\" height=\"768\" data-id=\"1130\" src=\"https:\/\/seisson-menuiserie.fr\/wp-content\/uploads\/2025\/06\/PHOTO-2025-06-07-10-01-50-1-1024x768.jpg\" alt=\"\" class=\"wp-image-1130\" srcset=\"https:\/\/seisson-menuiserie.fr\/wp-content\/uploads\/2025\/06\/PHOTO-2025-06-07-10-01-50-1-1024x768.jpg 1024w, https:\/\/seisson-menuiserie.fr\/wp-content\/uploads\/2025\/06\/PHOTO-2025-06-07-10-01-50-1-300x225.jpg 300w, https:\/\/seisson-menuiserie.fr\/wp-content\/uploads\/2025\/06\/PHOTO-2025-06-07-10-01-50-1-768x576.jpg 768w, https:\/\/seisson-menuiserie.fr\/wp-content\/uploads\/2025\/06\/PHOTO-2025-06-07-10-01-50-1-1536x1152.jpg 1536w, https:\/\/seisson-menuiserie.fr\/wp-content\/uploads\/2025\/06\/PHOTO-2025-06-07-10-01-50-1-1440x1080.jpg 1440w, https:\/\/seisson-menuiserie.fr\/wp-content\/uploads\/2025\/06\/PHOTO-2025-06-07-10-01-50-1.jpg 2040w\" sizes=\"auto, (max-width: 1024px) 100vw, 1024px\" \/><\/figure>\n\n\n\n<figure class=\"wp-block-image size-large\"><img loading=\"lazy\" decoding=\"async\" width=\"1024\" height=\"768\" data-id=\"1129\" src=\"https:\/\/seisson-menuiserie.fr\/wp-content\/uploads\/2025\/06\/PHOTO-2025-06-07-10-01-50-2-1-1024x768.jpg\" alt=\"\" class=\"wp-image-1129\" srcset=\"https:\/\/seisson-menuiserie.fr\/wp-content\/uploads\/2025\/06\/PHOTO-2025-06-07-10-01-50-2-1-1024x768.jpg 1024w, https:\/\/seisson-menuiserie.fr\/wp-content\/uploads\/2025\/06\/PHOTO-2025-06-07-10-01-50-2-1-300x225.jpg 300w, https:\/\/seisson-menuiserie.fr\/wp-content\/uploads\/2025\/06\/PHOTO-2025-06-07-10-01-50-2-1-768x576.jpg 768w, https:\/\/seisson-menuiserie.fr\/wp-content\/uploads\/2025\/06\/PHOTO-2025-06-07-10-01-50-2-1-1536x1152.jpg 1536w, https:\/\/seisson-menuiserie.fr\/wp-content\/uploads\/2025\/06\/PHOTO-2025-06-07-10-01-50-2-1-1440x1080.jpg 1440w, https:\/\/seisson-menuiserie.fr\/wp-content\/uploads\/2025\/06\/PHOTO-2025-06-07-10-01-50-2-1.jpg 2040w\" sizes=\"auto, (max-width: 1024px) 100vw, 1024px\" \/><\/figure>\n<\/figure>\n\n\n\n<p class=\"wp-block-paragraph\"><strong>Escalier en ch\u00eane<\/strong><\/p>\n\n\n\n<p class=\"has-small-font-size wp-block-paragraph\">Escalier en ch\u00eane avec d\u00e9part en S.<br>Pose entre murs<\/p>\n\n\n\n<figure class=\"wp-block-gallery has-nested-images columns-default is-cropped wp-block-gallery-3 is-layout-flex wp-block-gallery-is-layout-flex\">\n<figure class=\"wp-block-image size-large\"><img loading=\"lazy\" decoding=\"async\" width=\"461\" height=\"1024\" data-id=\"926\" src=\"https:\/\/seisson-menuiserie.fr\/wp-content\/uploads\/2024\/06\/PHOTO-2024-05-31-06-24-11-5-461x1024.jpg\" alt=\"\" class=\"wp-image-926\" srcset=\"https:\/\/seisson-menuiserie.fr\/wp-content\/uploads\/2024\/06\/PHOTO-2024-05-31-06-24-11-5-461x1024.jpg 461w, https:\/\/seisson-menuiserie.fr\/wp-content\/uploads\/2024\/06\/PHOTO-2024-05-31-06-24-11-5-135x300.jpg 135w, https:\/\/seisson-menuiserie.fr\/wp-content\/uploads\/2024\/06\/PHOTO-2024-05-31-06-24-11-5-692x1536.jpg 692w, https:\/\/seisson-menuiserie.fr\/wp-content\/uploads\/2024\/06\/PHOTO-2024-05-31-06-24-11-5.jpg 721w\" sizes=\"auto, (max-width: 461px) 100vw, 461px\" \/><\/figure>\n\n\n\n<figure class=\"wp-block-image size-large\"><img loading=\"lazy\" decoding=\"async\" width=\"461\" height=\"1024\" data-id=\"925\" src=\"https:\/\/seisson-menuiserie.fr\/wp-content\/uploads\/2024\/06\/PHOTO-2024-05-31-06-24-11-4-461x1024.jpg\" alt=\"\" class=\"wp-image-925\" srcset=\"https:\/\/seisson-menuiserie.fr\/wp-content\/uploads\/2024\/06\/PHOTO-2024-05-31-06-24-11-4-461x1024.jpg 461w, https:\/\/seisson-menuiserie.fr\/wp-content\/uploads\/2024\/06\/PHOTO-2024-05-31-06-24-11-4-135x300.jpg 135w, https:\/\/seisson-menuiserie.fr\/wp-content\/uploads\/2024\/06\/PHOTO-2024-05-31-06-24-11-4-692x1536.jpg 692w, https:\/\/seisson-menuiserie.fr\/wp-content\/uploads\/2024\/06\/PHOTO-2024-05-31-06-24-11-4.jpg 721w\" sizes=\"auto, (max-width: 461px) 100vw, 461px\" \/><\/figure>\n\n\n\n<figure class=\"wp-block-image size-large\"><img loading=\"lazy\" decoding=\"async\" width=\"461\" height=\"1024\" data-id=\"924\" src=\"https:\/\/seisson-menuiserie.fr\/wp-content\/uploads\/2024\/06\/PHOTO-2024-05-31-06-24-11-3-461x1024.jpg\" alt=\"\" class=\"wp-image-924\" srcset=\"https:\/\/seisson-menuiserie.fr\/wp-content\/uploads\/2024\/06\/PHOTO-2024-05-31-06-24-11-3-461x1024.jpg 461w, https:\/\/seisson-menuiserie.fr\/wp-content\/uploads\/2024\/06\/PHOTO-2024-05-31-06-24-11-3-135x300.jpg 135w, https:\/\/seisson-menuiserie.fr\/wp-content\/uploads\/2024\/06\/PHOTO-2024-05-31-06-24-11-3-692x1536.jpg 692w, https:\/\/seisson-menuiserie.fr\/wp-content\/uploads\/2024\/06\/PHOTO-2024-05-31-06-24-11-3.jpg 721w\" sizes=\"auto, (max-width: 461px) 100vw, 461px\" \/><\/figure>\n\n\n\n<figure class=\"wp-block-image size-large\"><img loading=\"lazy\" decoding=\"async\" width=\"461\" height=\"1024\" data-id=\"923\" src=\"https:\/\/seisson-menuiserie.fr\/wp-content\/uploads\/2024\/06\/PHOTO-2024-05-31-06-24-11-2-461x1024.jpg\" alt=\"\" class=\"wp-image-923\" srcset=\"https:\/\/seisson-menuiserie.fr\/wp-content\/uploads\/2024\/06\/PHOTO-2024-05-31-06-24-11-2-461x1024.jpg 461w, https:\/\/seisson-menuiserie.fr\/wp-content\/uploads\/2024\/06\/PHOTO-2024-05-31-06-24-11-2-135x300.jpg 135w, https:\/\/seisson-menuiserie.fr\/wp-content\/uploads\/2024\/06\/PHOTO-2024-05-31-06-24-11-2-692x1536.jpg 692w, https:\/\/seisson-menuiserie.fr\/wp-content\/uploads\/2024\/06\/PHOTO-2024-05-31-06-24-11-2.jpg 721w\" sizes=\"auto, (max-width: 461px) 100vw, 461px\" \/><\/figure>\n\n\n\n<figure class=\"wp-block-image size-large\"><img loading=\"lazy\" decoding=\"async\" width=\"360\" height=\"480\" data-id=\"921\" src=\"https:\/\/seisson-menuiserie.fr\/wp-content\/uploads\/2024\/06\/PHOTO-2024-05-31-06-24-10-2.jpg\" alt=\"\" class=\"wp-image-921\" srcset=\"https:\/\/seisson-menuiserie.fr\/wp-content\/uploads\/2024\/06\/PHOTO-2024-05-31-06-24-10-2.jpg 360w, https:\/\/seisson-menuiserie.fr\/wp-content\/uploads\/2024\/06\/PHOTO-2024-05-31-06-24-10-2-225x300.jpg 225w\" sizes=\"auto, (max-width: 360px) 100vw, 360px\" \/><\/figure>\n\n\n\n<figure class=\"wp-block-image size-large\"><img loading=\"lazy\" decoding=\"async\" width=\"360\" height=\"480\" data-id=\"927\" src=\"https:\/\/seisson-menuiserie.fr\/wp-content\/uploads\/2024\/06\/PHOTO-2024-05-31-06-24-11.jpg\" alt=\"\" class=\"wp-image-927\" srcset=\"https:\/\/seisson-menuiserie.fr\/wp-content\/uploads\/2024\/06\/PHOTO-2024-05-31-06-24-11.jpg 360w, https:\/\/seisson-menuiserie.fr\/wp-content\/uploads\/2024\/06\/PHOTO-2024-05-31-06-24-11-225x300.jpg 225w\" sizes=\"auto, (max-width: 360px) 100vw, 360px\" \/><\/figure>\n<\/figure>\n\n\n\n<div style=\"height:100px\" aria-hidden=\"true\" class=\"wp-block-spacer\"><\/div>\n\n\n\n<p class=\"has-medium-font-size wp-block-paragraph\">Escalier en ch\u00eane massif<\/p>\n\n\n\n<p class=\"has-small-font-size wp-block-paragraph\">escalier en ch\u00eane massif vernis naturel. Contre-marches, limon et poteaux en fr\u00eane peint en blanc . <\/p>\n\n\n<div class=\"rl-gallery-container rl-loading\" id=\"rl-gallery-container-1\" data-gallery_id=\"821\"> <div class=\"rl-gallery rl-basicgrid-gallery \" id=\"rl-gallery-1\" data-gallery_no=\"1\"> <div class=\"rl-gallery-item\"><a href=\"https:\/\/seisson-menuiserie.fr\/wp-content\/uploads\/2023\/10\/eac490bb-e5a2-4cf9-9838-b31233880f89.jpg\" title=\"\" data-rl_title=\"\" class=\"rl-gallery-link\" data-rl_caption=\"\" data-rel=\"lightbox-gallery-1\"><img loading=\"lazy\" decoding=\"async\" src=\"https:\/\/seisson-menuiserie.fr\/wp-content\/uploads\/2023\/10\/eac490bb-e5a2-4cf9-9838-b31233880f89.jpg\" width=\"721\" height=\"1600\" alt=\"\" \/><\/a><\/div><div class=\"rl-gallery-item\"><a href=\"https:\/\/seisson-menuiserie.fr\/wp-content\/uploads\/2023\/10\/d1d75f81-323c-4dfc-a88b-8d58398b12b3.jpg\" title=\"\" data-rl_title=\"\" class=\"rl-gallery-link\" data-rl_caption=\"\" data-rel=\"lightbox-gallery-1\"><img loading=\"lazy\" decoding=\"async\" src=\"https:\/\/seisson-menuiserie.fr\/wp-content\/uploads\/2023\/10\/d1d75f81-323c-4dfc-a88b-8d58398b12b3.jpg\" width=\"721\" height=\"1600\" alt=\"\" \/><\/a><\/div><div class=\"rl-gallery-item\"><a href=\"https:\/\/seisson-menuiserie.fr\/wp-content\/uploads\/2023\/10\/26f53003-dd5a-48ae-a847-47d9ae39d65e.jpg\" title=\"\" data-rl_title=\"\" class=\"rl-gallery-link\" data-rl_caption=\"\" data-rel=\"lightbox-gallery-1\"><img loading=\"lazy\" decoding=\"async\" src=\"https:\/\/seisson-menuiserie.fr\/wp-content\/uploads\/2023\/10\/26f53003-dd5a-48ae-a847-47d9ae39d65e.jpg\" width=\"720\" height=\"1600\" alt=\"\" \/><\/a><\/div><div class=\"rl-gallery-item\"><a href=\"https:\/\/seisson-menuiserie.fr\/wp-content\/uploads\/2023\/10\/10b54a63-d9d8-43b5-874f-651ff88843e5.jpg\" title=\"\" data-rl_title=\"\" class=\"rl-gallery-link\" data-rl_caption=\"\" data-rel=\"lightbox-gallery-1\"><img loading=\"lazy\" decoding=\"async\" src=\"https:\/\/seisson-menuiserie.fr\/wp-content\/uploads\/2023\/10\/10b54a63-d9d8-43b5-874f-651ff88843e5.jpg\" width=\"721\" height=\"1600\" alt=\"\" \/><\/a><\/div> <\/div> <\/div>\n\n\n\n<div style=\"height:100px\" aria-hidden=\"true\" class=\"wp-block-spacer\"><\/div>\n\n\n\n<p class=\"has-medium-font-size wp-block-paragraph\">Escalier dans hall d&rsquo;entr\u00e9e<\/p>\n\n\n\n<p class=\"has-small-font-size wp-block-paragraph\">en ch\u00eane massif. Avant \/ Apr\u00e8s<\/p>\n\n\n<div class=\"rl-gallery-container rl-loading\" id=\"rl-gallery-container-2\" data-gallery_id=\"665\"> <div class=\"rl-gallery rl-basicgrid-gallery \" id=\"rl-gallery-2\" data-gallery_no=\"2\"> <div class=\"rl-gallery-item\"><a href=\"https:\/\/seisson-menuiserie.fr\/wp-content\/uploads\/2023\/05\/PHOTO-2023-05-25-05-58-38-2.jpg\" title=\"\" data-rl_title=\"\" class=\"rl-gallery-link\" data-rl_caption=\"\" data-rel=\"lightbox-gallery-2\"><img loading=\"lazy\" decoding=\"async\" src=\"https:\/\/seisson-menuiserie.fr\/wp-content\/uploads\/2023\/05\/PHOTO-2023-05-25-05-58-38-2-135x300.jpg\" width=\"135\" height=\"300\" alt=\"\" \/><\/a><\/div><div class=\"rl-gallery-item\"><a href=\"https:\/\/seisson-menuiserie.fr\/wp-content\/uploads\/2023\/05\/PHOTO-2023-05-25-05-58-38.jpg\" title=\"\" data-rl_title=\"\" class=\"rl-gallery-link\" data-rl_caption=\"\" data-rel=\"lightbox-gallery-2\"><img loading=\"lazy\" decoding=\"async\" src=\"https:\/\/seisson-menuiserie.fr\/wp-content\/uploads\/2023\/05\/PHOTO-2023-05-25-05-58-38-135x300.jpg\" width=\"135\" height=\"300\" alt=\"\" \/><\/a><\/div><div class=\"rl-gallery-item\"><a href=\"https:\/\/seisson-menuiserie.fr\/wp-content\/uploads\/2023\/05\/PHOTO-2023-05-25-05-59-00-5.jpg\" title=\"\" data-rl_title=\"\" class=\"rl-gallery-link\" data-rl_caption=\"\" data-rel=\"lightbox-gallery-2\"><img loading=\"lazy\" decoding=\"async\" src=\"https:\/\/seisson-menuiserie.fr\/wp-content\/uploads\/2023\/05\/PHOTO-2023-05-25-05-59-00-5-135x300.jpg\" width=\"135\" height=\"300\" alt=\"\" \/><\/a><\/div><div class=\"rl-gallery-item\"><a href=\"https:\/\/seisson-menuiserie.fr\/wp-content\/uploads\/2023\/05\/PHOTO-2023-05-25-05-59-00-4.jpg\" title=\"\" data-rl_title=\"\" class=\"rl-gallery-link\" data-rl_caption=\"\" data-rel=\"lightbox-gallery-2\"><img loading=\"lazy\" decoding=\"async\" src=\"https:\/\/seisson-menuiserie.fr\/wp-content\/uploads\/2023\/05\/PHOTO-2023-05-25-05-59-00-4-135x300.jpg\" width=\"135\" height=\"300\" alt=\"\" \/><\/a><\/div><div class=\"rl-gallery-item\"><a href=\"https:\/\/seisson-menuiserie.fr\/wp-content\/uploads\/2023\/05\/PHOTO-2023-05-25-05-59-00-3.jpg\" title=\"\" data-rl_title=\"\" class=\"rl-gallery-link\" data-rl_caption=\"\" data-rel=\"lightbox-gallery-2\"><img loading=\"lazy\" decoding=\"async\" src=\"https:\/\/seisson-menuiserie.fr\/wp-content\/uploads\/2023\/05\/PHOTO-2023-05-25-05-59-00-3-135x300.jpg\" width=\"135\" height=\"300\" alt=\"\" \/><\/a><\/div><div class=\"rl-gallery-item\"><a href=\"https:\/\/seisson-menuiserie.fr\/wp-content\/uploads\/2023\/05\/PHOTO-2023-05-25-05-59-00-2.jpg\" title=\"\" data-rl_title=\"\" class=\"rl-gallery-link\" data-rl_caption=\"\" data-rel=\"lightbox-gallery-2\"><img loading=\"lazy\" decoding=\"async\" src=\"https:\/\/seisson-menuiserie.fr\/wp-content\/uploads\/2023\/05\/PHOTO-2023-05-25-05-59-00-2-135x300.jpg\" width=\"135\" height=\"300\" alt=\"\" \/><\/a><\/div><div class=\"rl-gallery-item\"><a href=\"https:\/\/seisson-menuiserie.fr\/wp-content\/uploads\/2023\/05\/PHOTO-2023-05-25-05-58-59.jpg\" title=\"\" data-rl_title=\"\" class=\"rl-gallery-link\" data-rl_caption=\"\" data-rel=\"lightbox-gallery-2\"><img loading=\"lazy\" decoding=\"async\" src=\"https:\/\/seisson-menuiserie.fr\/wp-content\/uploads\/2023\/05\/PHOTO-2023-05-25-05-58-59-300x135.jpg\" width=\"300\" height=\"135\" alt=\"\" \/><\/a><\/div><div class=\"rl-gallery-item\"><a href=\"https:\/\/seisson-menuiserie.fr\/wp-content\/uploads\/2023\/05\/PHOTO-2023-05-25-05-58-59-2.jpg\" title=\"\" data-rl_title=\"\" class=\"rl-gallery-link\" data-rl_caption=\"\" data-rel=\"lightbox-gallery-2\"><img loading=\"lazy\" decoding=\"async\" src=\"https:\/\/seisson-menuiserie.fr\/wp-content\/uploads\/2023\/05\/PHOTO-2023-05-25-05-58-59-2-300x135.jpg\" width=\"300\" height=\"135\" alt=\"\" \/><\/a><\/div><div class=\"rl-gallery-item\"><a href=\"https:\/\/seisson-menuiserie.fr\/wp-content\/uploads\/2023\/05\/PHOTO-2023-05-25-05-59-00.jpg\" title=\"\" data-rl_title=\"\" class=\"rl-gallery-link\" data-rl_caption=\"\" data-rel=\"lightbox-gallery-2\"><img loading=\"lazy\" decoding=\"async\" src=\"https:\/\/seisson-menuiserie.fr\/wp-content\/uploads\/2023\/05\/PHOTO-2023-05-25-05-59-00-300x135.jpg\" width=\"300\" height=\"135\" alt=\"\" \/><\/a><\/div> <\/div> <\/div>\n\n\n\n<div style=\"height:100px\" aria-hidden=\"true\" class=\"wp-block-spacer\"><\/div>\n\n\n\n<p class=\"has-medium-font-size wp-block-paragraph\">Escalier 2 quarts tournants<\/p>\n\n\n\n<p class=\"has-small-font-size wp-block-paragraph\">en fr\u00eane olivier<\/p>\n\n\n<div class=\"rl-gallery-container rl-loading\" id=\"rl-gallery-container-3\" data-gallery_id=\"600\"> <div class=\"rl-gallery rl-basicgrid-gallery \" id=\"rl-gallery-3\" data-gallery_no=\"3\"> <div class=\"rl-gallery-item\"><a href=\"https:\/\/seisson-menuiserie.fr\/wp-content\/uploads\/2023\/02\/d358548e-616d-40e6-8a42-8f24a3183b76.jpg\" title=\"\" data-rl_title=\"\" class=\"rl-gallery-link\" data-rl_caption=\"\" data-rel=\"lightbox-gallery-3\"><img loading=\"lazy\" decoding=\"async\" src=\"https:\/\/seisson-menuiserie.fr\/wp-content\/uploads\/2023\/02\/d358548e-616d-40e6-8a42-8f24a3183b76.jpg\" width=\"721\" height=\"1600\" alt=\"\" \/><\/a><\/div><div class=\"rl-gallery-item\"><a href=\"https:\/\/seisson-menuiserie.fr\/wp-content\/uploads\/2023\/02\/bd7415f3-4812-4cf0-a24f-d9e2723e03c6.jpg\" title=\"\" data-rl_title=\"\" class=\"rl-gallery-link\" data-rl_caption=\"\" data-rel=\"lightbox-gallery-3\"><img loading=\"lazy\" decoding=\"async\" src=\"https:\/\/seisson-menuiserie.fr\/wp-content\/uploads\/2023\/02\/bd7415f3-4812-4cf0-a24f-d9e2723e03c6.jpg\" width=\"721\" height=\"1600\" alt=\"\" \/><\/a><\/div><div class=\"rl-gallery-item\"><a href=\"https:\/\/seisson-menuiserie.fr\/wp-content\/uploads\/2023\/02\/854c7783-ab39-4b4c-bccd-97b7d2722c69.jpg\" title=\"\" data-rl_title=\"\" class=\"rl-gallery-link\" data-rl_caption=\"\" data-rel=\"lightbox-gallery-3\"><img loading=\"lazy\" decoding=\"async\" src=\"https:\/\/seisson-menuiserie.fr\/wp-content\/uploads\/2023\/02\/854c7783-ab39-4b4c-bccd-97b7d2722c69.jpg\" width=\"721\" height=\"1600\" alt=\"\" \/><\/a><\/div><div class=\"rl-gallery-item\"><a href=\"https:\/\/seisson-menuiserie.fr\/wp-content\/uploads\/2023\/02\/0dabfd05-731e-4a81-819f-e49dc8b02636.jpg\" title=\"\" data-rl_title=\"\" class=\"rl-gallery-link\" data-rl_caption=\"\" data-rel=\"lightbox-gallery-3\"><img loading=\"lazy\" decoding=\"async\" src=\"https:\/\/seisson-menuiserie.fr\/wp-content\/uploads\/2023\/02\/0dabfd05-731e-4a81-819f-e49dc8b02636.jpg\" width=\"721\" height=\"1600\" alt=\"\" \/><\/a><\/div> <\/div> <\/div>\n\n\n\n<div style=\"height:100px\" aria-hidden=\"true\" class=\"wp-block-spacer\"><\/div>\n\n\n\n<p class=\"has-medium-font-size wp-block-paragraph\">Fabrication et pose d\u2019un escalier avec main courante et limon d\u00e9billard\u00e9 en ch\u00eane<\/p>\n\n\n\n<p class=\"has-small-font-size wp-block-paragraph\">Contre-marche noire et boule de verre de la verrerie de Br\u00e9hat (Bretagne)<\/p>\n\n\n<div class=\"rl-gallery-container rl-loading\" id=\"rl-gallery-container-4\" data-gallery_id=\"374\"> <div class=\"rl-gallery rl-basicgrid-gallery \" id=\"rl-gallery-4\" data-gallery_no=\"4\"> <div class=\"rl-gallery-item\"><a href=\"https:\/\/seisson-menuiserie.fr\/wp-content\/uploads\/2022\/10\/310422793_6167768536573169_4847258846423661906_n.jpeg\" title=\"\" data-rl_title=\"\" class=\"rl-gallery-link\" data-rl_caption=\"escalier avant\" data-rel=\"lightbox-gallery-4\"><img loading=\"lazy\" decoding=\"async\" src=\"https:\/\/seisson-menuiserie.fr\/wp-content\/uploads\/2022\/10\/310422793_6167768536573169_4847258846423661906_n-768x1702.jpeg\" width=\"768\" height=\"1702\" alt=\"\" \/><span class=\"rl-gallery-caption\"><span class=\"rl-gallery-item-caption\">escalier avant<\/span><\/span><\/a><\/div><div class=\"rl-gallery-item\"><a href=\"https:\/\/seisson-menuiserie.fr\/wp-content\/uploads\/2022\/10\/310450286_6167768696573153_4574509387049143818_n.jpeg\" title=\"\" data-rl_title=\"\" class=\"rl-gallery-link\" data-rl_caption=\"escalier avant\" data-rel=\"lightbox-gallery-4\"><img loading=\"lazy\" decoding=\"async\" src=\"https:\/\/seisson-menuiserie.fr\/wp-content\/uploads\/2022\/10\/310450286_6167768696573153_4574509387049143818_n-768x1702.jpeg\" width=\"768\" height=\"1702\" alt=\"\" \/><span class=\"rl-gallery-caption\"><span class=\"rl-gallery-item-caption\">escalier avant<\/span><\/span><\/a><\/div><div class=\"rl-gallery-item\"><a href=\"https:\/\/seisson-menuiserie.fr\/wp-content\/uploads\/2022\/10\/310606483_6167768899906466_9066288130539550777_n.jpeg\" title=\"\" data-rl_title=\"\" class=\"rl-gallery-link\" data-rl_caption=\"Escalier apr\u00e8s\" data-rel=\"lightbox-gallery-4\"><img loading=\"lazy\" decoding=\"async\" src=\"https:\/\/seisson-menuiserie.fr\/wp-content\/uploads\/2022\/10\/310606483_6167768899906466_9066288130539550777_n-768x1702.jpeg\" width=\"768\" height=\"1702\" alt=\"\" \/><span class=\"rl-gallery-caption\"><span class=\"rl-gallery-item-caption\">Escalier apr\u00e8s<\/span><\/span><\/a><\/div><div class=\"rl-gallery-item\"><a href=\"https:\/\/seisson-menuiserie.fr\/wp-content\/uploads\/2022\/10\/310448028_6167769189906437_2446069951634558403_n.jpeg\" title=\"\" data-rl_title=\"\" class=\"rl-gallery-link\" data-rl_caption=\"Escalier apr\u00e8s\" data-rel=\"lightbox-gallery-4\"><img loading=\"lazy\" decoding=\"async\" src=\"https:\/\/seisson-menuiserie.fr\/wp-content\/uploads\/2022\/10\/310448028_6167769189906437_2446069951634558403_n-768x1702.jpeg\" width=\"768\" height=\"1702\" alt=\"\" \/><span class=\"rl-gallery-caption\"><span class=\"rl-gallery-item-caption\">Escalier apr\u00e8s<\/span><\/span><\/a><\/div><div class=\"rl-gallery-item\"><a href=\"https:\/\/seisson-menuiserie.fr\/wp-content\/uploads\/2022\/10\/310367772_6167768799906476_4484402247680876336_n.jpeg\" title=\"\" data-rl_title=\"\" class=\"rl-gallery-link\" data-rl_caption=\"Escalier apr\u00e8s\" data-rel=\"lightbox-gallery-4\"><img loading=\"lazy\" decoding=\"async\" src=\"https:\/\/seisson-menuiserie.fr\/wp-content\/uploads\/2022\/10\/310367772_6167768799906476_4484402247680876336_n-768x1702.jpeg\" width=\"768\" height=\"1702\" alt=\"\" \/><span class=\"rl-gallery-caption\"><span class=\"rl-gallery-item-caption\">Escalier apr\u00e8s<\/span><\/span><\/a><\/div><div class=\"rl-gallery-item\"><a href=\"https:\/\/seisson-menuiserie.fr\/wp-content\/uploads\/2022\/10\/310823098_6167768986573124_8080122665109508918_n.jpeg\" title=\"\" data-rl_title=\"\" class=\"rl-gallery-link\" data-rl_caption=\"Escalier apr\u00e8s\" data-rel=\"lightbox-gallery-4\"><img loading=\"lazy\" decoding=\"async\" src=\"https:\/\/seisson-menuiserie.fr\/wp-content\/uploads\/2022\/10\/310823098_6167768986573124_8080122665109508918_n-768x1702.jpeg\" width=\"768\" height=\"1702\" alt=\"\" \/><span class=\"rl-gallery-caption\"><span class=\"rl-gallery-item-caption\">Escalier apr\u00e8s<\/span><\/span><\/a><\/div><div class=\"rl-gallery-item\"><a href=\"https:\/\/seisson-menuiserie.fr\/wp-content\/uploads\/2022\/10\/310968573_6167769303239759_574457127495147898_n.jpeg\" title=\"\" data-rl_title=\"\" class=\"rl-gallery-link\" data-rl_caption=\"Escalier apr\u00e8s\" data-rel=\"lightbox-gallery-4\"><img loading=\"lazy\" decoding=\"async\" src=\"https:\/\/seisson-menuiserie.fr\/wp-content\/uploads\/2022\/10\/310968573_6167769303239759_574457127495147898_n-768x1702.jpeg\" width=\"768\" height=\"1702\" alt=\"\" \/><span class=\"rl-gallery-caption\"><span class=\"rl-gallery-item-caption\">Escalier apr\u00e8s<\/span><\/span><\/a><\/div><div class=\"rl-gallery-item\"><a href=\"https:\/\/seisson-menuiserie.fr\/wp-content\/uploads\/2022\/10\/311106110_6167766686573354_4231628257572392643_n.jpeg\" title=\"\" data-rl_title=\"\" class=\"rl-gallery-link\" data-rl_caption=\"Escalier apr\u00e8s\" data-rel=\"lightbox-gallery-4\"><img loading=\"lazy\" decoding=\"async\" src=\"https:\/\/seisson-menuiserie.fr\/wp-content\/uploads\/2022\/10\/311106110_6167766686573354_4231628257572392643_n.jpeg\" width=\"640\" height=\"1419\" alt=\"\" \/><span class=\"rl-gallery-caption\"><span class=\"rl-gallery-item-caption\">Escalier apr\u00e8s<\/span><\/span><\/a><\/div> <\/div> <\/div>\n\n\n\n<div style=\"height:100px\" aria-hidden=\"true\" class=\"wp-block-spacer\"><\/div>\n\n\n\n<p class=\"has-medium-font-size wp-block-paragraph\">Escalier 2 quarts tournants<\/p>\n\n\n\n<p class=\"has-small-font-size wp-block-paragraph\">Limon central en bois et marches en H\u00e9v\u00e9a<\/p>\n\n\n<div class=\"rl-gallery-container rl-loading\" id=\"rl-gallery-container-5\" data-gallery_id=\"307\"> <div class=\"rl-gallery rl-basicgrid-gallery \" id=\"rl-gallery-5\" data-gallery_no=\"5\"> <div class=\"rl-gallery-item\"><a href=\"https:\/\/seisson-menuiserie.fr\/wp-content\/uploads\/2022\/10\/escalier1.jpg\" title=\"\" data-rl_title=\"\" class=\"rl-gallery-link\" data-rl_caption=\"\" data-rel=\"lightbox-gallery-5\"><img loading=\"lazy\" decoding=\"async\" src=\"https:\/\/seisson-menuiserie.fr\/wp-content\/uploads\/2022\/10\/escalier1.jpg\" width=\"500\" height=\"706\" alt=\"\" \/><\/a><\/div><div class=\"rl-gallery-item\"><a href=\"https:\/\/seisson-menuiserie.fr\/wp-content\/uploads\/2022\/10\/escalier3.jpg\" title=\"\" data-rl_title=\"\" class=\"rl-gallery-link\" data-rl_caption=\"\" data-rel=\"lightbox-gallery-5\"><img loading=\"lazy\" decoding=\"async\" src=\"https:\/\/seisson-menuiserie.fr\/wp-content\/uploads\/2022\/10\/escalier3.jpg\" width=\"500\" height=\"706\" alt=\"\" \/><\/a><\/div><div class=\"rl-gallery-item\"><a href=\"https:\/\/seisson-menuiserie.fr\/wp-content\/uploads\/2022\/10\/escalier2.jpg\" title=\"\" data-rl_title=\"\" class=\"rl-gallery-link\" data-rl_caption=\"\" data-rel=\"lightbox-gallery-5\"><img loading=\"lazy\" decoding=\"async\" src=\"https:\/\/seisson-menuiserie.fr\/wp-content\/uploads\/2022\/10\/escalier2.jpg\" width=\"500\" height=\"706\" alt=\"\" \/><\/a><\/div> <\/div> <\/div>\n\n\n\n<div style=\"height:100px\" aria-hidden=\"true\" class=\"wp-block-spacer\"><\/div>\n\n\n\n<p class=\"has-medium-font-size wp-block-paragraph\">Escalier droit<\/p>\n\n\n\n<p class=\"has-small-font-size wp-block-paragraph\">Limon central en bois et marches en H\u00e9v\u00e9a<\/p>\n\n\n<div class=\"rl-gallery-container rl-loading\" id=\"rl-gallery-container-6\" data-gallery_id=\"309\"> <div class=\"rl-gallery rl-basicgrid-gallery \" id=\"rl-gallery-6\" data-gallery_no=\"6\"> <div class=\"rl-gallery-item\"><a href=\"https:\/\/seisson-menuiserie.fr\/wp-content\/uploads\/2022\/10\/269843644_5289460694403962_2675614528063373878_n-1.jpg\" title=\"\" data-rl_title=\"\" class=\"rl-gallery-link\" data-rl_caption=\"\" data-rel=\"lightbox-gallery-6\"><img loading=\"lazy\" decoding=\"async\" src=\"https:\/\/seisson-menuiserie.fr\/wp-content\/uploads\/2022\/10\/269843644_5289460694403962_2675614528063373878_n-1-768x1706.jpg\" width=\"768\" height=\"1706\" alt=\"\" \/><\/a><\/div><div class=\"rl-gallery-item\"><a href=\"https:\/\/seisson-menuiserie.fr\/wp-content\/uploads\/2022\/10\/269812813_5289460344403997_3326894300379291381_n.jpg\" title=\"\" data-rl_title=\"\" class=\"rl-gallery-link\" data-rl_caption=\"\" data-rel=\"lightbox-gallery-6\"><img loading=\"lazy\" decoding=\"async\" src=\"https:\/\/seisson-menuiserie.fr\/wp-content\/uploads\/2022\/10\/269812813_5289460344403997_3326894300379291381_n-768x1706.jpg\" width=\"768\" height=\"1706\" alt=\"\" \/><\/a><\/div><div class=\"rl-gallery-item\"><a href=\"https:\/\/seisson-menuiserie.fr\/wp-content\/uploads\/2022\/10\/270038084_5289460611070637_1986054571043814019_n.jpg\" title=\"\" data-rl_title=\"\" class=\"rl-gallery-link\" data-rl_caption=\"\" data-rel=\"lightbox-gallery-6\"><img loading=\"lazy\" decoding=\"async\" src=\"https:\/\/seisson-menuiserie.fr\/wp-content\/uploads\/2022\/10\/270038084_5289460611070637_1986054571043814019_n-768x1706.jpg\" width=\"768\" height=\"1706\" alt=\"\" \/><\/a><\/div> <\/div> <\/div>\n","protected":false},"excerpt":{"rendered":"<p>R\u00e9alisation et pose d&rsquo;un escalier en fr\u00eane massif Escalier en ch\u00eane Escalier en ch\u00eane avec d\u00e9part en S.Pose entre murs Escalier en ch\u00eane massif escalier en ch\u00eane massif vernis naturel. Contre-marches, limon et poteaux en fr\u00eane peint en blanc . Escalier dans hall d&rsquo;entr\u00e9e en ch\u00eane massif. Avant \/ Apr\u00e8s Escalier 2 quarts tournants en&hellip; <br \/> <a class=\"read-more\" href=\"https:\/\/seisson-menuiserie.fr\/?page_id=93\">Lire la suite<\/a><\/p>\n","protected":false},"author":1,"featured_media":0,"parent":0,"menu_order":0,"comment_status":"closed","ping_status":"closed","template":"","meta":{"om_disable_all_campaigns":false,"_monsterinsights_skip_tracking":false,"_uf_show_specific_survey":0,"_uf_disable_surveys":false,"footnotes":""},"class_list":["post-93","page","type-page","status-publish","hentry"],"aioseo_notices":[],"aioseo_head":"\n\t\t<!-- All in One SEO 5.0.1.1 - aioseo.com -->\n\t<meta name=\"description\" content=\"R\u00e9alisation et pose d&#039;un escalier en fr\u00eane massif Escalier en ch\u00eane Escalier en ch\u00eane avec d\u00e9part en S.Pose entre murs Escalier en ch\u00eane massif escalier en ch\u00eane massif vernis naturel. Contre-marches, limon et poteaux en fr\u00eane peint en blanc . Escalier dans hall d&#039;entr\u00e9e en ch\u00eane massif. Avant \/ Apr\u00e8s Escalier 2 quarts tournants en\" \/>\n\t<meta name=\"robots\" content=\"max-image-preview:large\" \/>\n\t<link rel=\"canonical\" href=\"https:\/\/seisson-menuiserie.fr\/?page_id=93\" \/>\n\t<meta name=\"generator\" content=\"All in One SEO (AIOSEO) 5.0.1.1\" \/>\n\t\t<meta property=\"og:locale\" content=\"fr_FR\" \/>\n\t\t<meta property=\"og:site_name\" content=\"Seisson Menuiserie -\" \/>\n\t\t<meta property=\"og:type\" content=\"article\" \/>\n\t\t<meta property=\"og:title\" content=\"Les r\u00e9alisations d\u2019escaliers - Seisson Menuiserie\" \/>\n\t\t<meta property=\"og:description\" content=\"R\u00e9alisation et pose d&#039;un escalier en fr\u00eane massif Escalier en ch\u00eane Escalier en ch\u00eane avec d\u00e9part en S.Pose entre murs Escalier en ch\u00eane massif escalier en ch\u00eane massif vernis naturel. Contre-marches, limon et poteaux en fr\u00eane peint en blanc . Escalier dans hall d&#039;entr\u00e9e en ch\u00eane massif. Avant \/ Apr\u00e8s Escalier 2 quarts tournants en\" \/>\n\t\t<meta property=\"og:url\" content=\"https:\/\/seisson-menuiserie.fr\/?page_id=93\" \/>\n\t\t<meta property=\"og:image\" content=\"https:\/\/seisson-menuiserie.fr\/wp-content\/uploads\/2022\/10\/logo-accueil-1-scaled.jpg\" \/>\n\t\t<meta property=\"og:image:secure_url\" content=\"https:\/\/seisson-menuiserie.fr\/wp-content\/uploads\/2022\/10\/logo-accueil-1-scaled.jpg\" \/>\n\t\t<meta property=\"article:published_time\" content=\"2022-10-01T16:26:43+00:00\" \/>\n\t\t<meta property=\"article:modified_time\" content=\"2026-09-02T12:08:42+00:00\" \/>\n\t\t<meta property=\"article:publisher\" content=\"https:\/\/www.facebook.com\/search\/top?q=seissonmenuiserie\" \/>\n\t\t<meta name=\"twitter:card\" content=\"summary_large_image\" \/>\n\t\t<meta name=\"twitter:title\" content=\"Les r\u00e9alisations d\u2019escaliers - Seisson Menuiserie\" \/>\n\t\t<meta name=\"twitter:description\" content=\"R\u00e9alisation et pose d&#039;un escalier en fr\u00eane massif Escalier en ch\u00eane Escalier en ch\u00eane avec d\u00e9part en S.Pose entre murs Escalier en ch\u00eane massif escalier en ch\u00eane massif vernis naturel. Contre-marches, limon et poteaux en fr\u00eane peint en blanc . Escalier dans hall d&#039;entr\u00e9e en ch\u00eane massif. Avant \/ Apr\u00e8s Escalier 2 quarts tournants en\" \/>\n\t\t<meta name=\"twitter:image\" content=\"http:\/\/seisson-menuiserie.fr\/wp-content\/uploads\/2022\/10\/logo-accueil-1-scaled.jpg\" \/>\n\t\t<script type=\"application\/ld+json\" class=\"aioseo-schema\">\n\t\t\t{\"@context\":\"https:\\\/\\\/schema.org\",\"@graph\":[{\"@type\":\"BreadcrumbList\",\"@id\":\"https:\\\/\\\/seisson-menuiserie.fr\\\/?page_id=93#breadcrumblist\",\"itemListElement\":[{\"@type\":\"ListItem\",\"@id\":\"https:\\\/\\\/seisson-menuiserie.fr#listItem\",\"position\":1,\"name\":\"Home\",\"item\":\"https:\\\/\\\/seisson-menuiserie.fr\",\"nextItem\":{\"@type\":\"ListItem\",\"@id\":\"https:\\\/\\\/seisson-menuiserie.fr\\\/?page_id=93#listItem\",\"name\":\"Les r\\u00e9alisations d&rsquo;escaliers\"}},{\"@type\":\"ListItem\",\"@id\":\"https:\\\/\\\/seisson-menuiserie.fr\\\/?page_id=93#listItem\",\"position\":2,\"name\":\"Les r\\u00e9alisations d&rsquo;escaliers\",\"previousItem\":{\"@type\":\"ListItem\",\"@id\":\"https:\\\/\\\/seisson-menuiserie.fr#listItem\",\"name\":\"Home\"}}]},{\"@type\":\"Organization\",\"@id\":\"https:\\\/\\\/seisson-menuiserie.fr\\\/#organization\",\"name\":\"Seisson Menuiserie\",\"url\":\"https:\\\/\\\/seisson-menuiserie.fr\\\/\",\"logo\":{\"@type\":\"ImageObject\",\"url\":\"https:\\\/\\\/seisson-menuiserie.fr\\\/wp-content\\\/uploads\\\/2022\\\/10\\\/logo-accueil-1-scaled.jpg\",\"@id\":\"https:\\\/\\\/seisson-menuiserie.fr\\\/?page_id=93\\\/#organizationLogo\",\"width\":2560,\"height\":731},\"image\":{\"@id\":\"https:\\\/\\\/seisson-menuiserie.fr\\\/?page_id=93\\\/#organizationLogo\"},\"sameAs\":[\"https:\\\/\\\/www.facebook.com\\\/search\\\/top?q=seissonmenuiserie\",\"https:\\\/\\\/www.instagram.com\\\/seisson_menuiserie\\\/\"]},{\"@type\":\"WebPage\",\"@id\":\"https:\\\/\\\/seisson-menuiserie.fr\\\/?page_id=93#webpage\",\"url\":\"https:\\\/\\\/seisson-menuiserie.fr\\\/?page_id=93\",\"name\":\"Les r\\u00e9alisations d\\u2019escaliers - Seisson Menuiserie\",\"description\":\"R\\u00e9alisation et pose d'un escalier en fr\\u00eane massif Escalier en ch\\u00eane Escalier en ch\\u00eane avec d\\u00e9part en S.Pose entre murs Escalier en ch\\u00eane massif escalier en ch\\u00eane massif vernis naturel. Contre-marches, limon et poteaux en fr\\u00eane peint en blanc . Escalier dans hall d'entr\\u00e9e en ch\\u00eane massif. Avant \\\/ Apr\\u00e8s Escalier 2 quarts tournants en\",\"inLanguage\":\"fr-FR\",\"isPartOf\":{\"@id\":\"https:\\\/\\\/seisson-menuiserie.fr\\\/#website\"},\"breadcrumb\":{\"@id\":\"https:\\\/\\\/seisson-menuiserie.fr\\\/?page_id=93#breadcrumblist\"},\"datePublished\":\"2022-10-01T18:26:43+02:00\",\"dateModified\":\"2026-09-02T14:08:42+02:00\"},{\"@type\":\"WebSite\",\"@id\":\"https:\\\/\\\/seisson-menuiserie.fr\\\/#website\",\"url\":\"https:\\\/\\\/seisson-menuiserie.fr\\\/\",\"name\":\"Seisson Menuiserie\",\"inLanguage\":\"fr-FR\",\"publisher\":{\"@id\":\"https:\\\/\\\/seisson-menuiserie.fr\\\/#organization\"}}]}\n\t\t<\/script>\n\t\t<!-- All in One SEO -->\n\n","aioseo_head_json":{"title":"Les r\u00e9alisations d\u2019escaliers - Seisson Menuiserie","description":"R\u00e9alisation et pose d'un escalier en fr\u00eane massif Escalier en ch\u00eane Escalier en ch\u00eane avec d\u00e9part en S.Pose entre murs Escalier en ch\u00eane massif escalier en ch\u00eane massif vernis naturel. Contre-marches, limon et poteaux en fr\u00eane peint en blanc . Escalier dans hall d'entr\u00e9e en ch\u00eane massif. Avant \/ Apr\u00e8s Escalier 2 quarts tournants en","canonical_url":"https:\/\/seisson-menuiserie.fr\/?page_id=93","robots":"max-image-preview:large","keywords":"","webmasterTools":{"miscellaneous":""},"schema":{"@context":"https:\/\/schema.org","@graph":[{"@type":"BreadcrumbList","@id":"https:\/\/seisson-menuiserie.fr\/?page_id=93#breadcrumblist","itemListElement":[{"@type":"ListItem","@id":"https:\/\/seisson-menuiserie.fr#listItem","position":1,"name":"Home","item":"https:\/\/seisson-menuiserie.fr","nextItem":{"@type":"ListItem","@id":"https:\/\/seisson-menuiserie.fr\/?page_id=93#listItem","name":"Les r\u00e9alisations d&rsquo;escaliers"}},{"@type":"ListItem","@id":"https:\/\/seisson-menuiserie.fr\/?page_id=93#listItem","position":2,"name":"Les r\u00e9alisations d&rsquo;escaliers","previousItem":{"@type":"ListItem","@id":"https:\/\/seisson-menuiserie.fr#listItem","name":"Home"}}]},{"@type":"Organization","@id":"https:\/\/seisson-menuiserie.fr\/#organization","name":"Seisson Menuiserie","url":"https:\/\/seisson-menuiserie.fr\/","logo":{"@type":"ImageObject","url":"https:\/\/seisson-menuiserie.fr\/wp-content\/uploads\/2022\/10\/logo-accueil-1-scaled.jpg","@id":"https:\/\/seisson-menuiserie.fr\/?page_id=93\/#organizationLogo","width":2560,"height":731},"image":{"@id":"https:\/\/seisson-menuiserie.fr\/?page_id=93\/#organizationLogo"},"sameAs":["https:\/\/www.facebook.com\/search\/top?q=seissonmenuiserie","https:\/\/www.instagram.com\/seisson_menuiserie\/"]},{"@type":"WebPage","@id":"https:\/\/seisson-menuiserie.fr\/?page_id=93#webpage","url":"https:\/\/seisson-menuiserie.fr\/?page_id=93","name":"Les r\u00e9alisations d\u2019escaliers - Seisson Menuiserie","description":"R\u00e9alisation et pose d'un escalier en fr\u00eane massif Escalier en ch\u00eane Escalier en ch\u00eane avec d\u00e9part en S.Pose entre murs Escalier en ch\u00eane massif escalier en ch\u00eane massif vernis naturel. Contre-marches, limon et poteaux en fr\u00eane peint en blanc . Escalier dans hall d'entr\u00e9e en ch\u00eane massif. Avant \/ Apr\u00e8s Escalier 2 quarts tournants en","inLanguage":"fr-FR","isPartOf":{"@id":"https:\/\/seisson-menuiserie.fr\/#website"},"breadcrumb":{"@id":"https:\/\/seisson-menuiserie.fr\/?page_id=93#breadcrumblist"},"datePublished":"2022-10-01T18:26:43+02:00","dateModified":"2026-09-02T14:08:42+02:00"},{"@type":"WebSite","@id":"https:\/\/seisson-menuiserie.fr\/#website","url":"https:\/\/seisson-menuiserie.fr\/","name":"Seisson Menuiserie","inLanguage":"fr-FR","publisher":{"@id":"https:\/\/seisson-menuiserie.fr\/#organization"}}]},"og:locale":"fr_FR","og:site_name":"Seisson Menuiserie -","og:type":"article","og:title":"Les r\u00e9alisations d\u2019escaliers - Seisson Menuiserie","og:description":"R\u00e9alisation et pose d'un escalier en fr\u00eane massif Escalier en ch\u00eane Escalier en ch\u00eane avec d\u00e9part en S.Pose entre murs Escalier en ch\u00eane massif escalier en ch\u00eane massif vernis naturel. Contre-marches, limon et poteaux en fr\u00eane peint en blanc . Escalier dans hall d'entr\u00e9e en ch\u00eane massif. Avant \/ Apr\u00e8s Escalier 2 quarts tournants en","og:url":"https:\/\/seisson-menuiserie.fr\/?page_id=93","og:image":"https:\/\/seisson-menuiserie.fr\/wp-content\/uploads\/2022\/10\/logo-accueil-1-scaled.jpg","og:image:secure_url":"https:\/\/seisson-menuiserie.fr\/wp-content\/uploads\/2022\/10\/logo-accueil-1-scaled.jpg","article:published_time":"2022-10-01T16:26:43+00:00","article:modified_time":"2026-09-02T12:08:42+00:00","article:publisher":"https:\/\/www.facebook.com\/search\/top?q=seissonmenuiserie","twitter:card":"summary_large_image","twitter:title":"Les r\u00e9alisations d\u2019escaliers - Seisson Menuiserie","twitter:description":"R\u00e9alisation et pose d'un escalier en fr\u00eane massif Escalier en ch\u00eane Escalier en ch\u00eane avec d\u00e9part en S.Pose entre murs Escalier en ch\u00eane massif escalier en ch\u00eane massif vernis naturel. Contre-marches, limon et poteaux en fr\u00eane peint en blanc . Escalier dans hall d'entr\u00e9e en ch\u00eane massif. Avant \/ Apr\u00e8s Escalier 2 quarts tournants en","twitter:image":"http:\/\/seisson-menuiserie.fr\/wp-content\/uploads\/2022\/10\/logo-accueil-1-scaled.jpg"},"aioseo_meta_data":{"post_id":"93","title":null,"description":null,"keywords":null,"keyphrases":{"focus":{"keyphrase":"","score":0,"analysis":{"keyphraseInTitle":{"score":0,"maxScore":9,"error":1}}},"additional":[]},"primary_term":null,"canonical_url":null,"og_title":null,"og_description":null,"og_object_type":"default","og_image_type":"default","og_image_url":null,"og_image_width":null,"og_image_height":null,"og_image_custom_url":null,"og_image_custom_fields":null,"og_video":"","og_custom_url":null,"og_article_section":null,"og_article_tags":null,"twitter_use_og":false,"twitter_card":"default","twitter_image_type":"default","twitter_image_url":null,"twitter_image_custom_url":null,"twitter_image_custom_fields":null,"twitter_title":null,"twitter_description":null,"schema":{"blockGraphs":[],"customGraphs":[],"default":{"data":{"Article":[],"Course":[],"Dataset":[],"FAQPage":[],"Movie":[],"Person":[],"Product":[],"ProductReview":[],"Car":[],"Recipe":[],"Service":[],"SoftwareApplication":[],"WebPage":[]},"graphName":"WebPage","isEnabled":true},"graphs":[]},"schema_type":"default","schema_type_options":null,"pillar_content":false,"robots_default":true,"robots_noindex":false,"robots_noarchive":false,"robots_nosnippet":false,"robots_nofollow":false,"robots_noimageindex":false,"robots_noodp":false,"robots_notranslate":false,"robots_max_snippet":"-1","robots_max_videopreview":"-1","robots_max_imagepreview":"large","priority":null,"frequency":"default","local_seo":null,"breadcrumb_settings":null,"limit_modified_date":false,"ai":{"faqs":[],"keyPoints":[],"schemas":[],"titles":[],"descriptions":[],"socialPosts":{"email":{"subject":"","preview":"","content":""},"linkedin":[],"twitter":[],"facebook":[],"instagram":[]}},"created":"2022-10-10 18:01:17","updated":"2026-09-02 12:19:03","focus_keyword":null,"additional_keywords":null,"truseo_locale":null,"seo_analyzer_scan_date":null},"aioseo_breadcrumb":"<div class=\"aioseo-breadcrumbs\"><span class=\"aioseo-breadcrumb\">\n\t\t\t<a href=\"https:\/\/seisson-menuiserie.fr\" title=\"Home\">Home<\/a>\n\t\t<\/span><span class=\"aioseo-breadcrumb-separator\">&raquo;<\/span><span class=\"aioseo-breadcrumb\">\n\t\t\tLes r\u00e9alisations d\u2019escaliers\n\t\t<\/span><\/div>","aioseo_breadcrumb_json":[{"label":"Home","link":"https:\/\/seisson-menuiserie.fr"},{"label":"Les r\u00e9alisations d&rsquo;escaliers","link":"https:\/\/seisson-menuiserie.fr\/?page_id=93"}],"_links":{"self":[{"href":"https:\/\/seisson-menuiserie.fr\/index.php?rest_route=\/wp\/v2\/pages\/93","targetHints":{"allow":["GET"]}}],"collection":[{"href":"https:\/\/seisson-menuiserie.fr\/index.php?rest_route=\/wp\/v2\/pages"}],"about":[{"href":"https:\/\/seisson-menuiserie.fr\/index.php?rest_route=\/wp\/v2\/types\/page"}],"author":[{"embeddable":true,"href":"https:\/\/seisson-menuiserie.fr\/index.php?rest_route=\/wp\/v2\/users\/1"}],"replies":[{"embeddable":true,"href":"https:\/\/seisson-menuiserie.fr\/index.php?rest_route=%2Fwp%2Fv2%2Fcomments&post=93"}],"version-history":[{"count":44,"href":"https:\/\/seisson-menuiserie.fr\/index.php?rest_route=\/wp\/v2\/pages\/93\/revisions"}],"predecessor-version":[{"id":1278,"href":"https:\/\/seisson-menuiserie.fr\/index.php?rest_route=\/wp\/v2\/pages\/93\/revisions\/1278"}],"wp:attachment":[{"href":"https:\/\/seisson-menuiserie.fr\/index.php?rest_route=%2Fwp%2Fv2%2Fmedia&parent=93"}],"curies":[{"name":"wp","href":"https:\/\/api.w.org\/{rel}","templated":true}]}}