{"id":765,"date":"2023-07-23T17:24:58","date_gmt":"2023-07-23T15:24:58","guid":{"rendered":"http:\/\/seisson-menuiserie.fr\/?page_id=765"},"modified":"2025-06-07T13:05:44","modified_gmt":"2025-06-07T11:05:44","slug":"realisation-sur-des-monuments-historiques","status":"publish","type":"page","link":"https:\/\/seisson-menuiserie.fr\/?page_id=765","title":{"rendered":"R\u00e9alisation sur des monuments historiques"},"content":{"rendered":"\n<figure class=\"wp-block-pullquote has-text-align-center has-white-background-color has-background has-small-font-size\" style=\"border-width:1px;border-radius:13px;font-style:normal;font-weight:100\"><blockquote><p><em>Lors de la restauration de ce cellier&nbsp;du XIV\u00b0 typiquement chautagnard il y a plus de 40 ans, les petites ouvertures avaient \u00e9t\u00e9 \u00e9quip\u00e9es d&rsquo;huisseries en fer, pos\u00e9es en tunnel, aux dormants et cadres \u00e9troits.<br>Les remplacer par des fen\u00eatres neuves, aux normes d&rsquo;aujourd&rsquo;hui, n&rsquo;\u00e9tait pas une mince affaire. Le plus gros obstacle, auquel je ne pouvais me r\u00e9soudre, \u00e9tait la menace d&rsquo;environ 30 % de perte de surface vitr\u00e9e que m&rsquo;annon\u00e7aient tous les prestataires contact\u00e9s.<br>Arrivant presque sur un cheval blanc, mon \u00ab\u00a0sauveur\u00a0\u00bb, Alain Seisson me proposa une solution-compromis &#8211; des fen\u00eatres \u00e0 simple joint avec une perte de surface vitr\u00e9e d&rsquo;environ 10 %. Nous sommes partis l\u00e0 dessus, et c&rsquo;\u00e9tait sans compter sur l&rsquo;ing\u00e9niosit\u00e9 de ce professionnel aguerri qui, au cours de la fabrication, a r\u00e9ussi n\u00e9anmoins \u00e0 r\u00e9aliser de belles fen\u00eatres en m\u00e9l\u00e8ze dot\u00e9es de double joints! Les fen\u00eatres du RDC ont \u00e9t\u00e9 pos\u00e9es cette semaine, avec des couvre-joints qui \u00e9pousent l&rsquo;arche des renfoncements de fen\u00eatres &#8212; en harmonie compl\u00e8te avec le style architectural de cette maison. Celles de l&rsquo;\u00e9tage sont pr\u00e9vues l&rsquo;an prochain. J&rsquo;ai h\u00e2te.<br>Un \u00e9norme merci \u00e0 M. Seisson, et son formidable et sympathique apprenti C\u00e9lian, pour ce beau travail de A \u00e0 Z.<\/em><\/p><\/blockquote><\/figure>\n\n\n\n<h2 class=\"wp-block-heading\">Menuiseries sur mesure<\/h2>\n\n\n\n<figure class=\"wp-block-gallery has-nested-images columns-default is-cropped wp-block-gallery-1 is-layout-flex wp-block-gallery-is-layout-flex\">\n<figure class=\"wp-block-image size-large\"><img loading=\"lazy\" decoding=\"async\" width=\"1024\" height=\"461\" data-id=\"1005\" src=\"https:\/\/seisson-menuiserie.fr\/wp-content\/uploads\/2024\/11\/PHOTO-2024-11-13-19-28-07-1024x461.jpg\" alt=\"\" class=\"wp-image-1005\" srcset=\"https:\/\/seisson-menuiserie.fr\/wp-content\/uploads\/2024\/11\/PHOTO-2024-11-13-19-28-07-1024x461.jpg 1024w, https:\/\/seisson-menuiserie.fr\/wp-content\/uploads\/2024\/11\/PHOTO-2024-11-13-19-28-07-300x135.jpg 300w, https:\/\/seisson-menuiserie.fr\/wp-content\/uploads\/2024\/11\/PHOTO-2024-11-13-19-28-07-768x346.jpg 768w, https:\/\/seisson-menuiserie.fr\/wp-content\/uploads\/2024\/11\/PHOTO-2024-11-13-19-28-07-1536x692.jpg 1536w, https:\/\/seisson-menuiserie.fr\/wp-content\/uploads\/2024\/11\/PHOTO-2024-11-13-19-28-07.jpg 1600w\" sizes=\"auto, (max-width: 1024px) 100vw, 1024px\" \/><\/figure>\n\n\n\n<figure class=\"wp-block-image size-large\"><img loading=\"lazy\" decoding=\"async\" width=\"461\" height=\"1024\" data-id=\"1004\" src=\"https:\/\/seisson-menuiserie.fr\/wp-content\/uploads\/2024\/11\/PHOTO-2024-11-13-19-28-07-4-461x1024.jpg\" alt=\"\" class=\"wp-image-1004\" srcset=\"https:\/\/seisson-menuiserie.fr\/wp-content\/uploads\/2024\/11\/PHOTO-2024-11-13-19-28-07-4-461x1024.jpg 461w, https:\/\/seisson-menuiserie.fr\/wp-content\/uploads\/2024\/11\/PHOTO-2024-11-13-19-28-07-4-135x300.jpg 135w, https:\/\/seisson-menuiserie.fr\/wp-content\/uploads\/2024\/11\/PHOTO-2024-11-13-19-28-07-4-692x1536.jpg 692w, https:\/\/seisson-menuiserie.fr\/wp-content\/uploads\/2024\/11\/PHOTO-2024-11-13-19-28-07-4.jpg 721w\" sizes=\"auto, (max-width: 461px) 100vw, 461px\" \/><\/figure>\n\n\n\n<figure class=\"wp-block-image size-large\"><img loading=\"lazy\" decoding=\"async\" width=\"461\" height=\"1024\" data-id=\"1003\" src=\"https:\/\/seisson-menuiserie.fr\/wp-content\/uploads\/2024\/11\/PHOTO-2024-11-13-19-28-07-3-461x1024.jpg\" alt=\"\" class=\"wp-image-1003\" srcset=\"https:\/\/seisson-menuiserie.fr\/wp-content\/uploads\/2024\/11\/PHOTO-2024-11-13-19-28-07-3-461x1024.jpg 461w, https:\/\/seisson-menuiserie.fr\/wp-content\/uploads\/2024\/11\/PHOTO-2024-11-13-19-28-07-3-135x300.jpg 135w, https:\/\/seisson-menuiserie.fr\/wp-content\/uploads\/2024\/11\/PHOTO-2024-11-13-19-28-07-3-692x1536.jpg 692w, https:\/\/seisson-menuiserie.fr\/wp-content\/uploads\/2024\/11\/PHOTO-2024-11-13-19-28-07-3.jpg 721w\" sizes=\"auto, (max-width: 461px) 100vw, 461px\" \/><\/figure>\n\n\n\n<figure class=\"wp-block-image size-large\"><img loading=\"lazy\" decoding=\"async\" width=\"461\" height=\"1024\" data-id=\"1002\" src=\"https:\/\/seisson-menuiserie.fr\/wp-content\/uploads\/2024\/11\/PHOTO-2024-11-13-19-28-07-2-461x1024.jpg\" alt=\"\" class=\"wp-image-1002\" srcset=\"https:\/\/seisson-menuiserie.fr\/wp-content\/uploads\/2024\/11\/PHOTO-2024-11-13-19-28-07-2-461x1024.jpg 461w, https:\/\/seisson-menuiserie.fr\/wp-content\/uploads\/2024\/11\/PHOTO-2024-11-13-19-28-07-2-135x300.jpg 135w, https:\/\/seisson-menuiserie.fr\/wp-content\/uploads\/2024\/11\/PHOTO-2024-11-13-19-28-07-2-692x1536.jpg 692w, https:\/\/seisson-menuiserie.fr\/wp-content\/uploads\/2024\/11\/PHOTO-2024-11-13-19-28-07-2.jpg 721w\" sizes=\"auto, (max-width: 461px) 100vw, 461px\" \/><\/figure>\n\n\n\n<figure class=\"wp-block-image size-large\"><img loading=\"lazy\" decoding=\"async\" width=\"461\" height=\"1024\" data-id=\"1014\" src=\"https:\/\/seisson-menuiserie.fr\/wp-content\/uploads\/2024\/11\/PHOTO-2024-11-13-19-28-08-461x1024.jpg\" alt=\"\" class=\"wp-image-1014\" srcset=\"https:\/\/seisson-menuiserie.fr\/wp-content\/uploads\/2024\/11\/PHOTO-2024-11-13-19-28-08-461x1024.jpg 461w, https:\/\/seisson-menuiserie.fr\/wp-content\/uploads\/2024\/11\/PHOTO-2024-11-13-19-28-08-135x300.jpg 135w, https:\/\/seisson-menuiserie.fr\/wp-content\/uploads\/2024\/11\/PHOTO-2024-11-13-19-28-08-692x1536.jpg 692w, https:\/\/seisson-menuiserie.fr\/wp-content\/uploads\/2024\/11\/PHOTO-2024-11-13-19-28-08.jpg 721w\" sizes=\"auto, (max-width: 461px) 100vw, 461px\" \/><\/figure>\n\n\n\n<figure class=\"wp-block-image size-large\"><img loading=\"lazy\" decoding=\"async\" width=\"576\" height=\"1024\" data-id=\"1012\" src=\"https:\/\/seisson-menuiserie.fr\/wp-content\/uploads\/2024\/11\/PHOTO-2024-11-13-19-28-08-8-576x1024.jpg\" alt=\"\" class=\"wp-image-1012\" srcset=\"https:\/\/seisson-menuiserie.fr\/wp-content\/uploads\/2024\/11\/PHOTO-2024-11-13-19-28-08-8-576x1024.jpg 576w, https:\/\/seisson-menuiserie.fr\/wp-content\/uploads\/2024\/11\/PHOTO-2024-11-13-19-28-08-8-169x300.jpg 169w, https:\/\/seisson-menuiserie.fr\/wp-content\/uploads\/2024\/11\/PHOTO-2024-11-13-19-28-08-8-768x1365.jpg 768w, https:\/\/seisson-menuiserie.fr\/wp-content\/uploads\/2024\/11\/PHOTO-2024-11-13-19-28-08-8-864x1536.jpg 864w, https:\/\/seisson-menuiserie.fr\/wp-content\/uploads\/2024\/11\/PHOTO-2024-11-13-19-28-08-8-608x1080.jpg 608w, https:\/\/seisson-menuiserie.fr\/wp-content\/uploads\/2024\/11\/PHOTO-2024-11-13-19-28-08-8.jpg 900w\" sizes=\"auto, (max-width: 576px) 100vw, 576px\" \/><\/figure>\n\n\n\n<figure class=\"wp-block-image size-large\"><img loading=\"lazy\" decoding=\"async\" width=\"1024\" height=\"576\" data-id=\"1011\" src=\"https:\/\/seisson-menuiserie.fr\/wp-content\/uploads\/2024\/11\/PHOTO-2024-11-13-19-28-08-7-1024x576.jpg\" alt=\"\" class=\"wp-image-1011\" srcset=\"https:\/\/seisson-menuiserie.fr\/wp-content\/uploads\/2024\/11\/PHOTO-2024-11-13-19-28-08-7-1024x576.jpg 1024w, https:\/\/seisson-menuiserie.fr\/wp-content\/uploads\/2024\/11\/PHOTO-2024-11-13-19-28-08-7-300x169.jpg 300w, https:\/\/seisson-menuiserie.fr\/wp-content\/uploads\/2024\/11\/PHOTO-2024-11-13-19-28-08-7-768x432.jpg 768w, https:\/\/seisson-menuiserie.fr\/wp-content\/uploads\/2024\/11\/PHOTO-2024-11-13-19-28-08-7-1536x864.jpg 1536w, https:\/\/seisson-menuiserie.fr\/wp-content\/uploads\/2024\/11\/PHOTO-2024-11-13-19-28-08-7.jpg 1600w\" sizes=\"auto, (max-width: 1024px) 100vw, 1024px\" \/><\/figure>\n\n\n\n<figure class=\"wp-block-image size-large\"><img loading=\"lazy\" decoding=\"async\" width=\"768\" height=\"1024\" data-id=\"1010\" src=\"https:\/\/seisson-menuiserie.fr\/wp-content\/uploads\/2024\/11\/PHOTO-2024-11-13-19-28-08-6-768x1024.jpg\" alt=\"\" class=\"wp-image-1010\" srcset=\"https:\/\/seisson-menuiserie.fr\/wp-content\/uploads\/2024\/11\/PHOTO-2024-11-13-19-28-08-6-768x1024.jpg 768w, https:\/\/seisson-menuiserie.fr\/wp-content\/uploads\/2024\/11\/PHOTO-2024-11-13-19-28-08-6-225x300.jpg 225w, https:\/\/seisson-menuiserie.fr\/wp-content\/uploads\/2024\/11\/PHOTO-2024-11-13-19-28-08-6-1152x1536.jpg 1152w, https:\/\/seisson-menuiserie.fr\/wp-content\/uploads\/2024\/11\/PHOTO-2024-11-13-19-28-08-6-1024x1365.jpg 1024w, https:\/\/seisson-menuiserie.fr\/wp-content\/uploads\/2024\/11\/PHOTO-2024-11-13-19-28-08-6-810x1080.jpg 810w, https:\/\/seisson-menuiserie.fr\/wp-content\/uploads\/2024\/11\/PHOTO-2024-11-13-19-28-08-6.jpg 1200w\" sizes=\"auto, (max-width: 768px) 100vw, 768px\" \/><\/figure>\n\n\n\n<figure class=\"wp-block-image size-large\"><img loading=\"lazy\" decoding=\"async\" width=\"576\" height=\"1024\" data-id=\"1009\" src=\"https:\/\/seisson-menuiserie.fr\/wp-content\/uploads\/2024\/11\/PHOTO-2024-11-13-19-28-08-5-576x1024.jpg\" alt=\"\" class=\"wp-image-1009\" srcset=\"https:\/\/seisson-menuiserie.fr\/wp-content\/uploads\/2024\/11\/PHOTO-2024-11-13-19-28-08-5-576x1024.jpg 576w, https:\/\/seisson-menuiserie.fr\/wp-content\/uploads\/2024\/11\/PHOTO-2024-11-13-19-28-08-5-169x300.jpg 169w, https:\/\/seisson-menuiserie.fr\/wp-content\/uploads\/2024\/11\/PHOTO-2024-11-13-19-28-08-5-768x1365.jpg 768w, https:\/\/seisson-menuiserie.fr\/wp-content\/uploads\/2024\/11\/PHOTO-2024-11-13-19-28-08-5-864x1536.jpg 864w, https:\/\/seisson-menuiserie.fr\/wp-content\/uploads\/2024\/11\/PHOTO-2024-11-13-19-28-08-5-608x1080.jpg 608w, https:\/\/seisson-menuiserie.fr\/wp-content\/uploads\/2024\/11\/PHOTO-2024-11-13-19-28-08-5.jpg 900w\" sizes=\"auto, (max-width: 576px) 100vw, 576px\" \/><\/figure>\n\n\n\n<figure class=\"wp-block-image size-large\"><img loading=\"lazy\" decoding=\"async\" width=\"576\" height=\"1024\" data-id=\"1008\" src=\"https:\/\/seisson-menuiserie.fr\/wp-content\/uploads\/2024\/11\/PHOTO-2024-11-13-19-28-08-4-576x1024.jpg\" alt=\"\" class=\"wp-image-1008\" srcset=\"https:\/\/seisson-menuiserie.fr\/wp-content\/uploads\/2024\/11\/PHOTO-2024-11-13-19-28-08-4-576x1024.jpg 576w, https:\/\/seisson-menuiserie.fr\/wp-content\/uploads\/2024\/11\/PHOTO-2024-11-13-19-28-08-4-169x300.jpg 169w, https:\/\/seisson-menuiserie.fr\/wp-content\/uploads\/2024\/11\/PHOTO-2024-11-13-19-28-08-4-768x1365.jpg 768w, https:\/\/seisson-menuiserie.fr\/wp-content\/uploads\/2024\/11\/PHOTO-2024-11-13-19-28-08-4-864x1536.jpg 864w, https:\/\/seisson-menuiserie.fr\/wp-content\/uploads\/2024\/11\/PHOTO-2024-11-13-19-28-08-4-608x1080.jpg 608w, https:\/\/seisson-menuiserie.fr\/wp-content\/uploads\/2024\/11\/PHOTO-2024-11-13-19-28-08-4.jpg 900w\" sizes=\"auto, (max-width: 576px) 100vw, 576px\" \/><\/figure>\n\n\n\n<figure class=\"wp-block-image size-large\"><img loading=\"lazy\" decoding=\"async\" width=\"1024\" height=\"576\" data-id=\"1007\" src=\"https:\/\/seisson-menuiserie.fr\/wp-content\/uploads\/2024\/11\/PHOTO-2024-11-13-19-28-08-3-1024x576.jpg\" alt=\"\" class=\"wp-image-1007\" srcset=\"https:\/\/seisson-menuiserie.fr\/wp-content\/uploads\/2024\/11\/PHOTO-2024-11-13-19-28-08-3-1024x576.jpg 1024w, https:\/\/seisson-menuiserie.fr\/wp-content\/uploads\/2024\/11\/PHOTO-2024-11-13-19-28-08-3-300x169.jpg 300w, https:\/\/seisson-menuiserie.fr\/wp-content\/uploads\/2024\/11\/PHOTO-2024-11-13-19-28-08-3-768x432.jpg 768w, https:\/\/seisson-menuiserie.fr\/wp-content\/uploads\/2024\/11\/PHOTO-2024-11-13-19-28-08-3-1536x864.jpg 1536w, https:\/\/seisson-menuiserie.fr\/wp-content\/uploads\/2024\/11\/PHOTO-2024-11-13-19-28-08-3.jpg 1600w\" sizes=\"auto, (max-width: 1024px) 100vw, 1024px\" \/><\/figure>\n\n\n\n<figure class=\"wp-block-image size-large\"><img loading=\"lazy\" decoding=\"async\" width=\"461\" height=\"1024\" data-id=\"1006\" src=\"https:\/\/seisson-menuiserie.fr\/wp-content\/uploads\/2024\/11\/PHOTO-2024-11-13-19-28-08-2-461x1024.jpg\" alt=\"\" class=\"wp-image-1006\" srcset=\"https:\/\/seisson-menuiserie.fr\/wp-content\/uploads\/2024\/11\/PHOTO-2024-11-13-19-28-08-2-461x1024.jpg 461w, https:\/\/seisson-menuiserie.fr\/wp-content\/uploads\/2024\/11\/PHOTO-2024-11-13-19-28-08-2-135x300.jpg 135w, https:\/\/seisson-menuiserie.fr\/wp-content\/uploads\/2024\/11\/PHOTO-2024-11-13-19-28-08-2-692x1536.jpg 692w, https:\/\/seisson-menuiserie.fr\/wp-content\/uploads\/2024\/11\/PHOTO-2024-11-13-19-28-08-2.jpg 721w\" sizes=\"auto, (max-width: 461px) 100vw, 461px\" \/><\/figure>\n<\/figure>\n\n\n<div class=\"wp-block-image\">\n<figure class=\"aligncenter size-medium is-resized\"><img loading=\"lazy\" decoding=\"async\" width=\"180\" height=\"300\" src=\"http:\/\/seisson-menuiserie.fr\/wp-content\/uploads\/2023\/10\/window1-180x300.jpg\" alt=\"\" class=\"wp-image-841\" style=\"width:180px;height:auto\" srcset=\"https:\/\/seisson-menuiserie.fr\/wp-content\/uploads\/2023\/10\/window1-180x300.jpg 180w, https:\/\/seisson-menuiserie.fr\/wp-content\/uploads\/2023\/10\/window1-614x1024.jpg 614w, https:\/\/seisson-menuiserie.fr\/wp-content\/uploads\/2023\/10\/window1-648x1080.jpg 648w, https:\/\/seisson-menuiserie.fr\/wp-content\/uploads\/2023\/10\/window1.jpg 690w\" sizes=\"auto, (max-width: 180px) 100vw, 180px\" \/><\/figure>\n<\/div>\n\n\n<div style=\"height:100px\" aria-hidden=\"true\" class=\"wp-block-spacer\"><\/div>\n\n\n\n<h2 class=\"wp-block-heading\">Modification d&rsquo;une fen\u00eatre en porte fen\u00eatre dans un ch\u00e2teau savoyard<\/h2>\n\n\n\n<figure class=\"wp-block-gallery has-nested-images columns-default is-cropped wp-block-gallery-2 is-layout-flex wp-block-gallery-is-layout-flex\">\n<figure class=\"wp-block-image size-large\"><img loading=\"lazy\" decoding=\"async\" width=\"768\" height=\"1024\" data-id=\"916\" src=\"https:\/\/seisson-menuiserie.fr\/wp-content\/uploads\/2024\/06\/PHOTO-2024-05-31-06-21-27-768x1024.jpg\" alt=\"\" class=\"wp-image-916\" srcset=\"https:\/\/seisson-menuiserie.fr\/wp-content\/uploads\/2024\/06\/PHOTO-2024-05-31-06-21-27-768x1024.jpg 768w, https:\/\/seisson-menuiserie.fr\/wp-content\/uploads\/2024\/06\/PHOTO-2024-05-31-06-21-27-225x300.jpg 225w, https:\/\/seisson-menuiserie.fr\/wp-content\/uploads\/2024\/06\/PHOTO-2024-05-31-06-21-27-1152x1536.jpg 1152w, https:\/\/seisson-menuiserie.fr\/wp-content\/uploads\/2024\/06\/PHOTO-2024-05-31-06-21-27-1024x1365.jpg 1024w, https:\/\/seisson-menuiserie.fr\/wp-content\/uploads\/2024\/06\/PHOTO-2024-05-31-06-21-27-810x1080.jpg 810w, https:\/\/seisson-menuiserie.fr\/wp-content\/uploads\/2024\/06\/PHOTO-2024-05-31-06-21-27.jpg 1200w\" sizes=\"auto, (max-width: 768px) 100vw, 768px\" \/><\/figure>\n\n\n\n<figure class=\"wp-block-image size-large\"><img loading=\"lazy\" decoding=\"async\" width=\"768\" height=\"1024\" data-id=\"915\" src=\"https:\/\/seisson-menuiserie.fr\/wp-content\/uploads\/2024\/06\/PHOTO-2024-05-31-06-21-27-5-768x1024.jpg\" alt=\"\" class=\"wp-image-915\" srcset=\"https:\/\/seisson-menuiserie.fr\/wp-content\/uploads\/2024\/06\/PHOTO-2024-05-31-06-21-27-5-768x1024.jpg 768w, https:\/\/seisson-menuiserie.fr\/wp-content\/uploads\/2024\/06\/PHOTO-2024-05-31-06-21-27-5-225x300.jpg 225w, https:\/\/seisson-menuiserie.fr\/wp-content\/uploads\/2024\/06\/PHOTO-2024-05-31-06-21-27-5-1152x1536.jpg 1152w, https:\/\/seisson-menuiserie.fr\/wp-content\/uploads\/2024\/06\/PHOTO-2024-05-31-06-21-27-5-1024x1365.jpg 1024w, https:\/\/seisson-menuiserie.fr\/wp-content\/uploads\/2024\/06\/PHOTO-2024-05-31-06-21-27-5-810x1080.jpg 810w, https:\/\/seisson-menuiserie.fr\/wp-content\/uploads\/2024\/06\/PHOTO-2024-05-31-06-21-27-5.jpg 1200w\" sizes=\"auto, (max-width: 768px) 100vw, 768px\" \/><\/figure>\n\n\n\n<figure class=\"wp-block-image size-large\"><img loading=\"lazy\" decoding=\"async\" width=\"1024\" height=\"768\" data-id=\"914\" src=\"https:\/\/seisson-menuiserie.fr\/wp-content\/uploads\/2024\/06\/PHOTO-2024-05-31-06-21-27-4-1024x768.jpg\" alt=\"\" class=\"wp-image-914\" srcset=\"https:\/\/seisson-menuiserie.fr\/wp-content\/uploads\/2024\/06\/PHOTO-2024-05-31-06-21-27-4-1024x768.jpg 1024w, https:\/\/seisson-menuiserie.fr\/wp-content\/uploads\/2024\/06\/PHOTO-2024-05-31-06-21-27-4-300x225.jpg 300w, https:\/\/seisson-menuiserie.fr\/wp-content\/uploads\/2024\/06\/PHOTO-2024-05-31-06-21-27-4-768x576.jpg 768w, https:\/\/seisson-menuiserie.fr\/wp-content\/uploads\/2024\/06\/PHOTO-2024-05-31-06-21-27-4-1536x1152.jpg 1536w, https:\/\/seisson-menuiserie.fr\/wp-content\/uploads\/2024\/06\/PHOTO-2024-05-31-06-21-27-4-1440x1080.jpg 1440w, https:\/\/seisson-menuiserie.fr\/wp-content\/uploads\/2024\/06\/PHOTO-2024-05-31-06-21-27-4.jpg 1600w\" sizes=\"auto, (max-width: 1024px) 100vw, 1024px\" \/><\/figure>\n\n\n\n<figure class=\"wp-block-image size-large\"><img loading=\"lazy\" decoding=\"async\" width=\"768\" height=\"1024\" data-id=\"913\" src=\"https:\/\/seisson-menuiserie.fr\/wp-content\/uploads\/2024\/06\/PHOTO-2024-05-31-06-21-27-3-768x1024.jpg\" alt=\"\" class=\"wp-image-913\" srcset=\"https:\/\/seisson-menuiserie.fr\/wp-content\/uploads\/2024\/06\/PHOTO-2024-05-31-06-21-27-3-768x1024.jpg 768w, https:\/\/seisson-menuiserie.fr\/wp-content\/uploads\/2024\/06\/PHOTO-2024-05-31-06-21-27-3-225x300.jpg 225w, https:\/\/seisson-menuiserie.fr\/wp-content\/uploads\/2024\/06\/PHOTO-2024-05-31-06-21-27-3-1152x1536.jpg 1152w, https:\/\/seisson-menuiserie.fr\/wp-content\/uploads\/2024\/06\/PHOTO-2024-05-31-06-21-27-3-1024x1365.jpg 1024w, https:\/\/seisson-menuiserie.fr\/wp-content\/uploads\/2024\/06\/PHOTO-2024-05-31-06-21-27-3-810x1080.jpg 810w, https:\/\/seisson-menuiserie.fr\/wp-content\/uploads\/2024\/06\/PHOTO-2024-05-31-06-21-27-3.jpg 1200w\" sizes=\"auto, (max-width: 768px) 100vw, 768px\" \/><\/figure>\n\n\n\n<figure class=\"wp-block-image size-large\"><img loading=\"lazy\" decoding=\"async\" width=\"768\" height=\"1024\" data-id=\"912\" src=\"https:\/\/seisson-menuiserie.fr\/wp-content\/uploads\/2024\/06\/PHOTO-2024-05-31-06-21-27-2-768x1024.jpg\" alt=\"\" class=\"wp-image-912\" srcset=\"https:\/\/seisson-menuiserie.fr\/wp-content\/uploads\/2024\/06\/PHOTO-2024-05-31-06-21-27-2-768x1024.jpg 768w, https:\/\/seisson-menuiserie.fr\/wp-content\/uploads\/2024\/06\/PHOTO-2024-05-31-06-21-27-2-225x300.jpg 225w, https:\/\/seisson-menuiserie.fr\/wp-content\/uploads\/2024\/06\/PHOTO-2024-05-31-06-21-27-2-1152x1536.jpg 1152w, https:\/\/seisson-menuiserie.fr\/wp-content\/uploads\/2024\/06\/PHOTO-2024-05-31-06-21-27-2-1024x1365.jpg 1024w, https:\/\/seisson-menuiserie.fr\/wp-content\/uploads\/2024\/06\/PHOTO-2024-05-31-06-21-27-2-810x1080.jpg 810w, https:\/\/seisson-menuiserie.fr\/wp-content\/uploads\/2024\/06\/PHOTO-2024-05-31-06-21-27-2.jpg 1200w\" sizes=\"auto, (max-width: 768px) 100vw, 768px\" \/><\/figure>\n<\/figure>\n\n\n\n<h2 class=\"wp-block-heading\">Changement de fen\u00eatres gueule de loup-mouton dans un beau ch\u00e2teau savoyard<\/h2>\n\n\n\n<p class=\"wp-block-paragraph\">avec r\u00e9cup\u00e9ration des anciennes ferronneries.<\/p>\n\n\n<div class=\"rl-gallery-container rl-loading\" id=\"rl-gallery-container-1\" data-gallery_id=\"876\"> <div class=\"rl-gallery rl-basicgrid-gallery \" id=\"rl-gallery-1\" data-gallery_no=\"1\"> <div class=\"rl-gallery-item\"><a href=\"https:\/\/seisson-menuiserie.fr\/wp-content\/uploads\/2024\/02\/e0339bfb-1143-4b09-913d-be3a2c005b32.jpg\" title=\"\" data-rl_title=\"\" class=\"rl-gallery-link\" data-rl_caption=\"\" data-rel=\"lightbox-gallery-1\"><img loading=\"lazy\" decoding=\"async\" src=\"https:\/\/seisson-menuiserie.fr\/wp-content\/uploads\/2024\/02\/e0339bfb-1143-4b09-913d-be3a2c005b32-135x300.jpg\" width=\"135\" height=\"300\" alt=\"\" \/><\/a><\/div><div class=\"rl-gallery-item\"><a href=\"https:\/\/seisson-menuiserie.fr\/wp-content\/uploads\/2024\/02\/e2dd891f-ff25-44e8-b943-caf97562e333.jpg\" title=\"\" data-rl_title=\"\" class=\"rl-gallery-link\" data-rl_caption=\"\" data-rel=\"lightbox-gallery-1\"><img loading=\"lazy\" decoding=\"async\" src=\"https:\/\/seisson-menuiserie.fr\/wp-content\/uploads\/2024\/02\/e2dd891f-ff25-44e8-b943-caf97562e333-135x300.jpg\" width=\"135\" height=\"300\" alt=\"\" \/><\/a><\/div><div class=\"rl-gallery-item\"><a href=\"https:\/\/seisson-menuiserie.fr\/wp-content\/uploads\/2024\/02\/39ccdc4a-9b4b-41a0-97fb-2d84485af3c3.jpg\" title=\"\" data-rl_title=\"\" class=\"rl-gallery-link\" data-rl_caption=\"\" data-rel=\"lightbox-gallery-1\"><img loading=\"lazy\" decoding=\"async\" src=\"https:\/\/seisson-menuiserie.fr\/wp-content\/uploads\/2024\/02\/39ccdc4a-9b4b-41a0-97fb-2d84485af3c3-135x300.jpg\" width=\"135\" height=\"300\" alt=\"\" \/><\/a><\/div><div class=\"rl-gallery-item\"><a href=\"https:\/\/seisson-menuiserie.fr\/wp-content\/uploads\/2024\/02\/3aaef7e9-1b35-464f-b39c-eb49ec5207ca.jpg\" title=\"\" data-rl_title=\"\" class=\"rl-gallery-link\" data-rl_caption=\"\" data-rel=\"lightbox-gallery-1\"><img loading=\"lazy\" decoding=\"async\" src=\"https:\/\/seisson-menuiserie.fr\/wp-content\/uploads\/2024\/02\/3aaef7e9-1b35-464f-b39c-eb49ec5207ca-135x300.jpg\" width=\"135\" height=\"300\" alt=\"\" \/><\/a><\/div><div class=\"rl-gallery-item\"><a href=\"https:\/\/seisson-menuiserie.fr\/wp-content\/uploads\/2024\/02\/d3dc1bc6-4c34-4492-b855-b878d2db5991.jpg\" title=\"\" data-rl_title=\"\" class=\"rl-gallery-link\" data-rl_caption=\"\" data-rel=\"lightbox-gallery-1\"><img loading=\"lazy\" decoding=\"async\" src=\"https:\/\/seisson-menuiserie.fr\/wp-content\/uploads\/2024\/02\/d3dc1bc6-4c34-4492-b855-b878d2db5991-135x300.jpg\" width=\"135\" height=\"300\" alt=\"\" \/><\/a><\/div><div class=\"rl-gallery-item\"><a href=\"https:\/\/seisson-menuiserie.fr\/wp-content\/uploads\/2024\/02\/c8d9261f-6858-456f-bb92-e8deffb2e778.jpg\" title=\"\" data-rl_title=\"\" class=\"rl-gallery-link\" data-rl_caption=\"\" data-rel=\"lightbox-gallery-1\"><img loading=\"lazy\" decoding=\"async\" src=\"https:\/\/seisson-menuiserie.fr\/wp-content\/uploads\/2024\/02\/c8d9261f-6858-456f-bb92-e8deffb2e778-135x300.jpg\" width=\"135\" height=\"300\" alt=\"\" \/><\/a><\/div><div class=\"rl-gallery-item\"><a href=\"https:\/\/seisson-menuiserie.fr\/wp-content\/uploads\/2024\/02\/b21a811d-0126-440f-9281-3b73bb3eed84.jpg\" title=\"\" data-rl_title=\"\" class=\"rl-gallery-link\" data-rl_caption=\"\" data-rel=\"lightbox-gallery-1\"><img loading=\"lazy\" decoding=\"async\" src=\"https:\/\/seisson-menuiserie.fr\/wp-content\/uploads\/2024\/02\/b21a811d-0126-440f-9281-3b73bb3eed84-135x300.jpg\" width=\"135\" height=\"300\" alt=\"\" \/><\/a><\/div><div class=\"rl-gallery-item\"><a href=\"https:\/\/seisson-menuiserie.fr\/wp-content\/uploads\/2024\/02\/24835330-2efb-4022-a9bd-5867148089b1.jpg\" title=\"\" data-rl_title=\"\" class=\"rl-gallery-link\" data-rl_caption=\"\" data-rel=\"lightbox-gallery-1\"><img loading=\"lazy\" decoding=\"async\" src=\"https:\/\/seisson-menuiserie.fr\/wp-content\/uploads\/2024\/02\/24835330-2efb-4022-a9bd-5867148089b1-135x300.jpg\" width=\"135\" height=\"300\" alt=\"\" \/><\/a><\/div><div class=\"rl-gallery-item\"><a href=\"https:\/\/seisson-menuiserie.fr\/wp-content\/uploads\/2024\/02\/be0b3661-9921-4efa-819c-38868de4a2c4.jpg\" title=\"\" data-rl_title=\"\" class=\"rl-gallery-link\" data-rl_caption=\"\" data-rel=\"lightbox-gallery-1\"><img loading=\"lazy\" decoding=\"async\" src=\"https:\/\/seisson-menuiserie.fr\/wp-content\/uploads\/2024\/02\/be0b3661-9921-4efa-819c-38868de4a2c4-300x135.jpg\" width=\"300\" height=\"135\" alt=\"\" \/><\/a><\/div><div class=\"rl-gallery-item\"><a href=\"https:\/\/seisson-menuiserie.fr\/wp-content\/uploads\/2024\/02\/60939e94-6a58-4e98-85e1-7af049bc392d.jpg\" title=\"\" data-rl_title=\"\" class=\"rl-gallery-link\" data-rl_caption=\"\" data-rel=\"lightbox-gallery-1\"><img loading=\"lazy\" decoding=\"async\" src=\"https:\/\/seisson-menuiserie.fr\/wp-content\/uploads\/2024\/02\/60939e94-6a58-4e98-85e1-7af049bc392d-300x135.jpg\" width=\"300\" height=\"135\" alt=\"\" \/><\/a><\/div><div class=\"rl-gallery-item\"><a href=\"https:\/\/seisson-menuiserie.fr\/wp-content\/uploads\/2024\/02\/53691d39-0251-4d61-a294-681cda2f51c4.jpg\" title=\"\" data-rl_title=\"\" class=\"rl-gallery-link\" data-rl_caption=\"\" data-rel=\"lightbox-gallery-1\"><img loading=\"lazy\" decoding=\"async\" src=\"https:\/\/seisson-menuiserie.fr\/wp-content\/uploads\/2024\/02\/53691d39-0251-4d61-a294-681cda2f51c4-300x135.jpg\" width=\"300\" height=\"135\" alt=\"\" \/><\/a><\/div><div class=\"rl-gallery-item\"><a href=\"https:\/\/seisson-menuiserie.fr\/wp-content\/uploads\/2024\/02\/d883cf55-4e64-4d9c-98fc-2c4b1c5e741c.jpg\" title=\"\" data-rl_title=\"\" class=\"rl-gallery-link\" data-rl_caption=\"\" data-rel=\"lightbox-gallery-1\"><img loading=\"lazy\" decoding=\"async\" src=\"https:\/\/seisson-menuiserie.fr\/wp-content\/uploads\/2024\/02\/d883cf55-4e64-4d9c-98fc-2c4b1c5e741c-300x135.jpg\" width=\"300\" height=\"135\" alt=\"\" \/><\/a><\/div><div class=\"rl-gallery-item\"><a href=\"https:\/\/seisson-menuiserie.fr\/wp-content\/uploads\/2024\/02\/2bcd51c7-c83c-46d6-8a2c-c2e7be5577d9.jpg\" title=\"\" data-rl_title=\"\" class=\"rl-gallery-link\" data-rl_caption=\"\" data-rel=\"lightbox-gallery-1\"><img loading=\"lazy\" decoding=\"async\" src=\"https:\/\/seisson-menuiserie.fr\/wp-content\/uploads\/2024\/02\/2bcd51c7-c83c-46d6-8a2c-c2e7be5577d9-300x135.jpg\" width=\"300\" height=\"135\" alt=\"\" \/><\/a><\/div><div class=\"rl-gallery-item\"><a href=\"https:\/\/seisson-menuiserie.fr\/wp-content\/uploads\/2024\/02\/c0e63ad8-ae16-4155-ab09-cd9aed260102.jpg\" title=\"\" data-rl_title=\"\" class=\"rl-gallery-link\" data-rl_caption=\"\" data-rel=\"lightbox-gallery-1\"><img loading=\"lazy\" decoding=\"async\" src=\"https:\/\/seisson-menuiserie.fr\/wp-content\/uploads\/2024\/02\/c0e63ad8-ae16-4155-ab09-cd9aed260102-300x135.jpg\" width=\"300\" height=\"135\" alt=\"\" \/><\/a><\/div><div class=\"rl-gallery-item\"><a href=\"https:\/\/seisson-menuiserie.fr\/wp-content\/uploads\/2024\/02\/01d0472d-ffe3-40cb-9a27-eab54ead04cd.jpg\" title=\"\" data-rl_title=\"\" class=\"rl-gallery-link\" data-rl_caption=\"\" data-rel=\"lightbox-gallery-1\"><img loading=\"lazy\" decoding=\"async\" src=\"https:\/\/seisson-menuiserie.fr\/wp-content\/uploads\/2024\/02\/01d0472d-ffe3-40cb-9a27-eab54ead04cd-300x135.jpg\" width=\"300\" height=\"135\" alt=\"\" \/><\/a><\/div><div class=\"rl-gallery-item\"><a href=\"https:\/\/seisson-menuiserie.fr\/wp-content\/uploads\/2024\/02\/253503c7-335c-40fc-b515-9ff9c9f6d9b6.jpg\" title=\"\" data-rl_title=\"\" class=\"rl-gallery-link\" data-rl_caption=\"\" data-rel=\"lightbox-gallery-1\"><img loading=\"lazy\" decoding=\"async\" src=\"https:\/\/seisson-menuiserie.fr\/wp-content\/uploads\/2024\/02\/253503c7-335c-40fc-b515-9ff9c9f6d9b6-300x135.jpg\" width=\"300\" height=\"135\" alt=\"\" \/><\/a><\/div> <\/div> <\/div>\n\n\n\n<h2 class=\"wp-block-heading\">Porte coch\u00e8re<\/h2>\n\n\n\n<figure class=\"wp-block-image size-large\"><img loading=\"lazy\" decoding=\"async\" width=\"1024\" height=\"583\" src=\"http:\/\/seisson-menuiserie.fr\/wp-content\/uploads\/2023\/07\/trio-1024x583.jpg\" alt=\"\" class=\"wp-image-740\" srcset=\"https:\/\/seisson-menuiserie.fr\/wp-content\/uploads\/2023\/07\/trio-1024x583.jpg 1024w, https:\/\/seisson-menuiserie.fr\/wp-content\/uploads\/2023\/07\/trio-300x171.jpg 300w, https:\/\/seisson-menuiserie.fr\/wp-content\/uploads\/2023\/07\/trio-768x437.jpg 768w, https:\/\/seisson-menuiserie.fr\/wp-content\/uploads\/2023\/07\/trio-1536x874.jpg 1536w, https:\/\/seisson-menuiserie.fr\/wp-content\/uploads\/2023\/07\/trio-2048x1166.jpg 2048w, https:\/\/seisson-menuiserie.fr\/wp-content\/uploads\/2023\/07\/trio-1898x1080.jpg 1898w\" sizes=\"auto, (max-width: 1024px) 100vw, 1024px\" \/><\/figure>\n\n\n\n<p class=\"wp-block-paragraph\">Fabrication et pose d\u2019une porte coch\u00e8re dans un petit ch\u00e2teau Savoyard en vieux bois avec ferronneries fabriqu\u00e9e sur mesure par l\u2019entreprise Mignogna.<\/p>\n\n\n\n<p class=\"wp-block-paragraph\"><\/p>\n\n\n<div class=\"rl-gallery-container rl-loading\" id=\"rl-gallery-container-2\" data-gallery_id=\"758\"> <div class=\"rl-gallery rl-basicgrid-gallery \" id=\"rl-gallery-2\" data-gallery_no=\"2\"> <div class=\"rl-gallery-item\"><a href=\"https:\/\/seisson-menuiserie.fr\/wp-content\/uploads\/2023\/07\/d52f12a2-8d3a-4d6d-812f-4fa2a596bbc5.jpg\" title=\"\" data-rl_title=\"\" class=\"rl-gallery-link\" data-rl_caption=\"\" data-rel=\"lightbox-gallery-2\"><img loading=\"lazy\" decoding=\"async\" src=\"https:\/\/seisson-menuiserie.fr\/wp-content\/uploads\/2023\/07\/d52f12a2-8d3a-4d6d-812f-4fa2a596bbc5-135x300.jpg\" width=\"135\" height=\"300\" alt=\"\" \/><\/a><\/div><div class=\"rl-gallery-item\"><a href=\"https:\/\/seisson-menuiserie.fr\/wp-content\/uploads\/2023\/07\/d17465ee-5918-422c-b7ff-d030adb1c52d.jpg\" title=\"\" data-rl_title=\"\" class=\"rl-gallery-link\" data-rl_caption=\"\" data-rel=\"lightbox-gallery-2\"><img loading=\"lazy\" decoding=\"async\" src=\"https:\/\/seisson-menuiserie.fr\/wp-content\/uploads\/2023\/07\/d17465ee-5918-422c-b7ff-d030adb1c52d-135x300.jpg\" width=\"135\" height=\"300\" alt=\"\" \/><\/a><\/div><div class=\"rl-gallery-item\"><a href=\"https:\/\/seisson-menuiserie.fr\/wp-content\/uploads\/2023\/07\/e30bcf5e-7a55-47ae-8bab-c497395b5f29.jpg\" title=\"\" data-rl_title=\"\" class=\"rl-gallery-link\" data-rl_caption=\"\" data-rel=\"lightbox-gallery-2\"><img loading=\"lazy\" decoding=\"async\" src=\"https:\/\/seisson-menuiserie.fr\/wp-content\/uploads\/2023\/07\/e30bcf5e-7a55-47ae-8bab-c497395b5f29-135x300.jpg\" width=\"135\" height=\"300\" alt=\"\" \/><\/a><\/div><div class=\"rl-gallery-item\"><a href=\"https:\/\/seisson-menuiserie.fr\/wp-content\/uploads\/2023\/07\/814a7844-2b5d-41a9-8dbb-09b10ffe8b51.jpg\" title=\"\" data-rl_title=\"\" class=\"rl-gallery-link\" data-rl_caption=\"\" data-rel=\"lightbox-gallery-2\"><img loading=\"lazy\" decoding=\"async\" src=\"https:\/\/seisson-menuiserie.fr\/wp-content\/uploads\/2023\/07\/814a7844-2b5d-41a9-8dbb-09b10ffe8b51-135x300.jpg\" width=\"135\" height=\"300\" alt=\"\" \/><\/a><\/div><div class=\"rl-gallery-item\"><a href=\"https:\/\/seisson-menuiserie.fr\/wp-content\/uploads\/2023\/07\/575046e9-9e04-48f1-8349-fff5265ec306.jpg\" title=\"\" data-rl_title=\"\" class=\"rl-gallery-link\" data-rl_caption=\"\" data-rel=\"lightbox-gallery-2\"><img loading=\"lazy\" decoding=\"async\" src=\"https:\/\/seisson-menuiserie.fr\/wp-content\/uploads\/2023\/07\/575046e9-9e04-48f1-8349-fff5265ec306-135x300.jpg\" width=\"135\" height=\"300\" alt=\"\" \/><\/a><\/div><div class=\"rl-gallery-item\"><a href=\"https:\/\/seisson-menuiserie.fr\/wp-content\/uploads\/2023\/07\/f37d323b-d775-49ec-acb0-a8ea234d38ca.jpg\" title=\"\" data-rl_title=\"\" class=\"rl-gallery-link\" data-rl_caption=\"\" data-rel=\"lightbox-gallery-2\"><img loading=\"lazy\" decoding=\"async\" src=\"https:\/\/seisson-menuiserie.fr\/wp-content\/uploads\/2023\/07\/f37d323b-d775-49ec-acb0-a8ea234d38ca-135x300.jpg\" width=\"135\" height=\"300\" alt=\"\" \/><\/a><\/div> <\/div> <\/div>\n\n\n\n<figure class=\"wp-block-image size-large\"><img loading=\"lazy\" decoding=\"async\" width=\"1024\" height=\"461\" src=\"http:\/\/seisson-menuiserie.fr\/wp-content\/uploads\/2023\/07\/e66a7345-3f31-46c8-9bc1-2ca60dbc8338-1024x461.jpg\" alt=\"\" class=\"wp-image-752\" srcset=\"https:\/\/seisson-menuiserie.fr\/wp-content\/uploads\/2023\/07\/e66a7345-3f31-46c8-9bc1-2ca60dbc8338-1024x461.jpg 1024w, https:\/\/seisson-menuiserie.fr\/wp-content\/uploads\/2023\/07\/e66a7345-3f31-46c8-9bc1-2ca60dbc8338-300x135.jpg 300w, https:\/\/seisson-menuiserie.fr\/wp-content\/uploads\/2023\/07\/e66a7345-3f31-46c8-9bc1-2ca60dbc8338-768x346.jpg 768w, https:\/\/seisson-menuiserie.fr\/wp-content\/uploads\/2023\/07\/e66a7345-3f31-46c8-9bc1-2ca60dbc8338-1536x691.jpg 1536w, https:\/\/seisson-menuiserie.fr\/wp-content\/uploads\/2023\/07\/e66a7345-3f31-46c8-9bc1-2ca60dbc8338.jpg 1600w\" sizes=\"auto, (max-width: 1024px) 100vw, 1024px\" \/><\/figure>\n\n\n\n<figure class=\"wp-block-image size-large\"><img loading=\"lazy\" decoding=\"async\" width=\"1024\" height=\"461\" src=\"http:\/\/seisson-menuiserie.fr\/wp-content\/uploads\/2023\/07\/e580148e-67e6-4d55-9213-5074277eb223-1024x461.jpg\" alt=\"\" class=\"wp-image-754\" srcset=\"https:\/\/seisson-menuiserie.fr\/wp-content\/uploads\/2023\/07\/e580148e-67e6-4d55-9213-5074277eb223-1024x461.jpg 1024w, https:\/\/seisson-menuiserie.fr\/wp-content\/uploads\/2023\/07\/e580148e-67e6-4d55-9213-5074277eb223-300x135.jpg 300w, https:\/\/seisson-menuiserie.fr\/wp-content\/uploads\/2023\/07\/e580148e-67e6-4d55-9213-5074277eb223-768x346.jpg 768w, https:\/\/seisson-menuiserie.fr\/wp-content\/uploads\/2023\/07\/e580148e-67e6-4d55-9213-5074277eb223-1536x691.jpg 1536w, https:\/\/seisson-menuiserie.fr\/wp-content\/uploads\/2023\/07\/e580148e-67e6-4d55-9213-5074277eb223.jpg 1600w\" sizes=\"auto, (max-width: 1024px) 100vw, 1024px\" \/><\/figure>\n\n\n\n<p class=\"wp-block-paragraph\">Quelques \u00e9tapes de la fabrication de la porte coch\u00e8re<\/p>\n\n\n<div class=\"rl-gallery-container rl-loading\" id=\"rl-gallery-container-3\" data-gallery_id=\"789\"> <div class=\"rl-gallery rl-basicgrid-gallery \" id=\"rl-gallery-3\" data-gallery_no=\"3\"> <div class=\"rl-gallery-item\"><a href=\"https:\/\/seisson-menuiserie.fr\/wp-content\/uploads\/2023\/07\/d7b264f4-d39d-4e4a-a3f5-07eb534c7785.jpg\" title=\"\" data-rl_title=\"\" class=\"rl-gallery-link\" data-rl_caption=\"\" data-rel=\"lightbox-gallery-3\"><img loading=\"lazy\" decoding=\"async\" src=\"https:\/\/seisson-menuiserie.fr\/wp-content\/uploads\/2023\/07\/d7b264f4-d39d-4e4a-a3f5-07eb534c7785-300x135.jpg\" width=\"300\" height=\"135\" alt=\"\" \/><\/a><\/div><div class=\"rl-gallery-item\"><a href=\"https:\/\/seisson-menuiserie.fr\/wp-content\/uploads\/2023\/07\/c0c58ba9-2ede-424c-8536-7599f5982874.jpg\" title=\"\" data-rl_title=\"\" class=\"rl-gallery-link\" data-rl_caption=\"\" data-rel=\"lightbox-gallery-3\"><img loading=\"lazy\" decoding=\"async\" src=\"https:\/\/seisson-menuiserie.fr\/wp-content\/uploads\/2023\/07\/c0c58ba9-2ede-424c-8536-7599f5982874-300x135.jpg\" width=\"300\" height=\"135\" alt=\"\" \/><\/a><\/div><div class=\"rl-gallery-item\"><a href=\"https:\/\/seisson-menuiserie.fr\/wp-content\/uploads\/2023\/07\/45994c6a-6426-49df-96fa-338b84b2cbcf.jpg\" title=\"\" data-rl_title=\"\" class=\"rl-gallery-link\" data-rl_caption=\"\" data-rel=\"lightbox-gallery-3\"><img loading=\"lazy\" decoding=\"async\" src=\"https:\/\/seisson-menuiserie.fr\/wp-content\/uploads\/2023\/07\/45994c6a-6426-49df-96fa-338b84b2cbcf-300x135.jpg\" width=\"300\" height=\"135\" alt=\"\" \/><\/a><\/div><div class=\"rl-gallery-item\"><a href=\"https:\/\/seisson-menuiserie.fr\/wp-content\/uploads\/2023\/07\/80c8993e-dd60-4cfd-8b5b-d09a3d6c3941.jpg\" title=\"\" data-rl_title=\"\" class=\"rl-gallery-link\" data-rl_caption=\"\" data-rel=\"lightbox-gallery-3\"><img loading=\"lazy\" decoding=\"async\" src=\"https:\/\/seisson-menuiserie.fr\/wp-content\/uploads\/2023\/07\/80c8993e-dd60-4cfd-8b5b-d09a3d6c3941-300x135.jpg\" width=\"300\" height=\"135\" alt=\"\" \/><\/a><\/div><div class=\"rl-gallery-item\"><a href=\"https:\/\/seisson-menuiserie.fr\/wp-content\/uploads\/2023\/07\/8b3c2cda-4ef3-4aa4-a5ae-3c858fef570f.jpg\" title=\"\" data-rl_title=\"\" class=\"rl-gallery-link\" data-rl_caption=\"\" data-rel=\"lightbox-gallery-3\"><img loading=\"lazy\" decoding=\"async\" src=\"https:\/\/seisson-menuiserie.fr\/wp-content\/uploads\/2023\/07\/8b3c2cda-4ef3-4aa4-a5ae-3c858fef570f-300x135.jpg\" width=\"300\" height=\"135\" alt=\"\" \/><\/a><\/div><div class=\"rl-gallery-item\"><a href=\"https:\/\/seisson-menuiserie.fr\/wp-content\/uploads\/2023\/07\/3c82672b-60d7-492a-98ec-cb2c42c01c22.jpg\" title=\"\" data-rl_title=\"\" class=\"rl-gallery-link\" data-rl_caption=\"\" data-rel=\"lightbox-gallery-3\"><img loading=\"lazy\" decoding=\"async\" src=\"https:\/\/seisson-menuiserie.fr\/wp-content\/uploads\/2023\/07\/3c82672b-60d7-492a-98ec-cb2c42c01c22-300x135.jpg\" width=\"300\" height=\"135\" alt=\"\" \/><\/a><\/div><div class=\"rl-gallery-item\"><a href=\"https:\/\/seisson-menuiserie.fr\/wp-content\/uploads\/2023\/07\/1f5773f0-653c-4357-a2f6-5f0903d7c813.jpg\" title=\"\" data-rl_title=\"\" class=\"rl-gallery-link\" data-rl_caption=\"\" data-rel=\"lightbox-gallery-3\"><img loading=\"lazy\" decoding=\"async\" src=\"https:\/\/seisson-menuiserie.fr\/wp-content\/uploads\/2023\/07\/1f5773f0-653c-4357-a2f6-5f0903d7c813-300x135.jpg\" width=\"300\" height=\"135\" alt=\"\" \/><\/a><\/div> <\/div> <\/div>\n\n\n\n<hr class=\"wp-block-separator has-alpha-channel-opacity\"\/>\n\n\n\n<h2 class=\"wp-block-heading\">Porte de l\u2019\u00e9glise du Tremblay<\/h2>\n\n\n\n<p class=\"wp-block-paragraph\">Fabrication et pose d\u2019une porte en ch\u00eane massif de l\u2019\u00e9glise du Tremblay.<\/p>\n\n\n\n<figure class=\"wp-block-image size-large\"><img loading=\"lazy\" decoding=\"async\" width=\"1024\" height=\"461\" src=\"http:\/\/seisson-menuiserie.fr\/wp-content\/uploads\/2023\/07\/92f4bd93-6505-4315-9df7-b4d80d0dc35b-1024x461.jpg\" alt=\"\" class=\"wp-image-770\" srcset=\"https:\/\/seisson-menuiserie.fr\/wp-content\/uploads\/2023\/07\/92f4bd93-6505-4315-9df7-b4d80d0dc35b-1024x461.jpg 1024w, https:\/\/seisson-menuiserie.fr\/wp-content\/uploads\/2023\/07\/92f4bd93-6505-4315-9df7-b4d80d0dc35b-300x135.jpg 300w, https:\/\/seisson-menuiserie.fr\/wp-content\/uploads\/2023\/07\/92f4bd93-6505-4315-9df7-b4d80d0dc35b-768x346.jpg 768w, https:\/\/seisson-menuiserie.fr\/wp-content\/uploads\/2023\/07\/92f4bd93-6505-4315-9df7-b4d80d0dc35b-1536x692.jpg 1536w, https:\/\/seisson-menuiserie.fr\/wp-content\/uploads\/2023\/07\/92f4bd93-6505-4315-9df7-b4d80d0dc35b.jpg 1600w\" sizes=\"auto, (max-width: 1024px) 100vw, 1024px\" \/><\/figure>\n\n\n<div class=\"rl-gallery-container rl-loading\" id=\"rl-gallery-container-4\" data-gallery_id=\"778\"> <div class=\"rl-gallery rl-basicgrid-gallery \" id=\"rl-gallery-4\" data-gallery_no=\"4\"> <div class=\"rl-gallery-item\"><a href=\"https:\/\/seisson-menuiserie.fr\/wp-content\/uploads\/2023\/07\/4ab5ae12-3fe6-4366-b562-09087c2f9a55.jpg\" title=\"\" data-rl_title=\"\" class=\"rl-gallery-link\" data-rl_caption=\"\" data-rel=\"lightbox-gallery-4\"><img loading=\"lazy\" decoding=\"async\" src=\"https:\/\/seisson-menuiserie.fr\/wp-content\/uploads\/2023\/07\/4ab5ae12-3fe6-4366-b562-09087c2f9a55-135x300.jpg\" width=\"135\" height=\"300\" alt=\"\" \/><\/a><\/div><div class=\"rl-gallery-item\"><a href=\"https:\/\/seisson-menuiserie.fr\/wp-content\/uploads\/2023\/07\/30ca5779-0301-4e0e-9233-4e3e1f057be5.jpg\" title=\"\" data-rl_title=\"\" class=\"rl-gallery-link\" data-rl_caption=\"\" data-rel=\"lightbox-gallery-4\"><img loading=\"lazy\" decoding=\"async\" src=\"https:\/\/seisson-menuiserie.fr\/wp-content\/uploads\/2023\/07\/30ca5779-0301-4e0e-9233-4e3e1f057be5-135x300.jpg\" width=\"135\" height=\"300\" alt=\"\" \/><\/a><\/div><div class=\"rl-gallery-item\"><a href=\"https:\/\/seisson-menuiserie.fr\/wp-content\/uploads\/2023\/07\/6860a93b-144a-4e4d-92c3-9c9f0984ba2f.jpg\" title=\"\" data-rl_title=\"\" class=\"rl-gallery-link\" data-rl_caption=\"\" data-rel=\"lightbox-gallery-4\"><img loading=\"lazy\" decoding=\"async\" src=\"https:\/\/seisson-menuiserie.fr\/wp-content\/uploads\/2023\/07\/6860a93b-144a-4e4d-92c3-9c9f0984ba2f-135x300.jpg\" width=\"135\" height=\"300\" alt=\"\" \/><\/a><\/div><div class=\"rl-gallery-item\"><a href=\"https:\/\/seisson-menuiserie.fr\/wp-content\/uploads\/2023\/07\/ebfdc933-6068-4232-835c-5a9d7ecdd974.jpg\" title=\"\" data-rl_title=\"\" class=\"rl-gallery-link\" data-rl_caption=\"\" data-rel=\"lightbox-gallery-4\"><img loading=\"lazy\" decoding=\"async\" src=\"https:\/\/seisson-menuiserie.fr\/wp-content\/uploads\/2023\/07\/ebfdc933-6068-4232-835c-5a9d7ecdd974-135x300.jpg\" width=\"135\" height=\"300\" alt=\"\" \/><\/a><\/div><div class=\"rl-gallery-item\"><a href=\"https:\/\/seisson-menuiserie.fr\/wp-content\/uploads\/2023\/07\/ab814d02-eb2f-41a2-8520-61c5456f8966.jpg\" title=\"\" data-rl_title=\"\" class=\"rl-gallery-link\" data-rl_caption=\"\" data-rel=\"lightbox-gallery-4\"><img loading=\"lazy\" decoding=\"async\" src=\"https:\/\/seisson-menuiserie.fr\/wp-content\/uploads\/2023\/07\/ab814d02-eb2f-41a2-8520-61c5456f8966-135x300.jpg\" width=\"135\" height=\"300\" alt=\"\" \/><\/a><\/div><div class=\"rl-gallery-item\"><a href=\"https:\/\/seisson-menuiserie.fr\/wp-content\/uploads\/2023\/07\/a63fe8c7-3a75-4212-9b8a-4f982e051714.jpg\" title=\"\" data-rl_title=\"\" class=\"rl-gallery-link\" data-rl_caption=\"\" data-rel=\"lightbox-gallery-4\"><img loading=\"lazy\" decoding=\"async\" src=\"https:\/\/seisson-menuiserie.fr\/wp-content\/uploads\/2023\/07\/a63fe8c7-3a75-4212-9b8a-4f982e051714-135x300.jpg\" width=\"135\" height=\"300\" alt=\"\" \/><\/a><\/div><div class=\"rl-gallery-item\"><a href=\"https:\/\/seisson-menuiserie.fr\/wp-content\/uploads\/2023\/07\/0175a366-084f-49b8-a8b0-9c2569affa8c.jpg\" title=\"\" data-rl_title=\"\" class=\"rl-gallery-link\" data-rl_caption=\"\" data-rel=\"lightbox-gallery-4\"><img loading=\"lazy\" decoding=\"async\" src=\"https:\/\/seisson-menuiserie.fr\/wp-content\/uploads\/2023\/07\/0175a366-084f-49b8-a8b0-9c2569affa8c-135x300.jpg\" width=\"135\" height=\"300\" alt=\"\" \/><\/a><\/div> <\/div> <\/div>\n\n\n\n<hr class=\"wp-block-separator has-alpha-channel-opacity\"\/>\n\n\n\n<h2 class=\"wp-block-heading\">Remplacement de fen\u00eatres de ch\u00e2teau<\/h2>\n\n\n\n<p class=\"wp-block-paragraph\">dans un joli ch\u00e2teau savoyard, avec d\u00e9montage des anciennes embrasures, modification, isolation et remontage de l\u2019ensemble.<\/p>\n\n\n\n<figure class=\"wp-block-image size-large\"><img loading=\"lazy\" decoding=\"async\" width=\"1024\" height=\"583\" src=\"http:\/\/seisson-menuiserie.fr\/wp-content\/uploads\/2023\/06\/fenetre-avant-apres-1024x583.jpg\" alt=\"\" class=\"wp-image-685\" srcset=\"https:\/\/seisson-menuiserie.fr\/wp-content\/uploads\/2023\/06\/fenetre-avant-apres-1024x583.jpg 1024w, https:\/\/seisson-menuiserie.fr\/wp-content\/uploads\/2023\/06\/fenetre-avant-apres-300x171.jpg 300w, https:\/\/seisson-menuiserie.fr\/wp-content\/uploads\/2023\/06\/fenetre-avant-apres-768x437.jpg 768w, https:\/\/seisson-menuiserie.fr\/wp-content\/uploads\/2023\/06\/fenetre-avant-apres-1536x874.jpg 1536w, https:\/\/seisson-menuiserie.fr\/wp-content\/uploads\/2023\/06\/fenetre-avant-apres-2048x1166.jpg 2048w, https:\/\/seisson-menuiserie.fr\/wp-content\/uploads\/2023\/06\/fenetre-avant-apres-1898x1080.jpg 1898w\" sizes=\"auto, (max-width: 1024px) 100vw, 1024px\" \/><\/figure>\n\n\n<div class=\"rl-gallery-container rl-loading\" id=\"rl-gallery-container-5\" data-gallery_id=\"683\"> <div class=\"rl-gallery rl-basicgrid-gallery \" id=\"rl-gallery-5\" data-gallery_no=\"5\"> <div class=\"rl-gallery-item\"><a href=\"https:\/\/seisson-menuiserie.fr\/wp-content\/uploads\/2023\/06\/cf759c59-226d-445a-8f03-e99c927eec7b.jpg\" title=\"\" data-rl_title=\"\" class=\"rl-gallery-link\" data-rl_caption=\"\" data-rel=\"lightbox-gallery-5\"><img loading=\"lazy\" decoding=\"async\" src=\"https:\/\/seisson-menuiserie.fr\/wp-content\/uploads\/2023\/06\/cf759c59-226d-445a-8f03-e99c927eec7b-135x300.jpg\" width=\"135\" height=\"300\" alt=\"\" \/><\/a><\/div><div class=\"rl-gallery-item\"><a href=\"https:\/\/seisson-menuiserie.fr\/wp-content\/uploads\/2023\/06\/63efdab0-8e38-4861-a035-e36c6d2fafcb.jpg\" title=\"\" data-rl_title=\"\" class=\"rl-gallery-link\" data-rl_caption=\"\" data-rel=\"lightbox-gallery-5\"><img loading=\"lazy\" decoding=\"async\" src=\"https:\/\/seisson-menuiserie.fr\/wp-content\/uploads\/2023\/06\/63efdab0-8e38-4861-a035-e36c6d2fafcb-135x300.jpg\" width=\"135\" height=\"300\" alt=\"\" \/><\/a><\/div><div class=\"rl-gallery-item\"><a href=\"https:\/\/seisson-menuiserie.fr\/wp-content\/uploads\/2023\/06\/41ae1219-c131-4406-9c3f-82f03a8714d7.jpg\" title=\"\" data-rl_title=\"\" class=\"rl-gallery-link\" data-rl_caption=\"\" data-rel=\"lightbox-gallery-5\"><img loading=\"lazy\" decoding=\"async\" src=\"https:\/\/seisson-menuiserie.fr\/wp-content\/uploads\/2023\/06\/41ae1219-c131-4406-9c3f-82f03a8714d7-135x300.jpg\" width=\"135\" height=\"300\" alt=\"\" \/><\/a><\/div><div class=\"rl-gallery-item\"><a href=\"https:\/\/seisson-menuiserie.fr\/wp-content\/uploads\/2023\/06\/9fdc18e3-435a-4a03-806c-632d14772d1b.jpg\" title=\"\" data-rl_title=\"\" class=\"rl-gallery-link\" data-rl_caption=\"\" data-rel=\"lightbox-gallery-5\"><img loading=\"lazy\" decoding=\"async\" src=\"https:\/\/seisson-menuiserie.fr\/wp-content\/uploads\/2023\/06\/9fdc18e3-435a-4a03-806c-632d14772d1b-135x300.jpg\" width=\"135\" height=\"300\" alt=\"\" \/><\/a><\/div><div class=\"rl-gallery-item\"><a href=\"https:\/\/seisson-menuiserie.fr\/wp-content\/uploads\/2023\/06\/2e9cfea6-0223-4e6f-af87-474fef3ff7d7.jpg\" title=\"\" data-rl_title=\"\" class=\"rl-gallery-link\" data-rl_caption=\"\" data-rel=\"lightbox-gallery-5\"><img loading=\"lazy\" decoding=\"async\" src=\"https:\/\/seisson-menuiserie.fr\/wp-content\/uploads\/2023\/06\/2e9cfea6-0223-4e6f-af87-474fef3ff7d7-135x300.jpg\" width=\"135\" height=\"300\" alt=\"\" \/><\/a><\/div> <\/div> <\/div>\n","protected":false},"excerpt":{"rendered":"<p>Lors de la restauration de ce cellier&nbsp;du XIV\u00b0 typiquement chautagnard il y a plus de 40 ans, les petites ouvertures avaient \u00e9t\u00e9 \u00e9quip\u00e9es d&rsquo;huisseries en fer, pos\u00e9es en tunnel, aux dormants et cadres \u00e9troits.Les remplacer par des fen\u00eatres neuves, aux normes d&rsquo;aujourd&rsquo;hui, n&rsquo;\u00e9tait pas une mince affaire. Le plus gros obstacle, auquel je ne pouvais&hellip; <br \/> <a class=\"read-more\" href=\"https:\/\/seisson-menuiserie.fr\/?page_id=765\">Lire la suite<\/a><\/p>\n","protected":false},"author":1,"featured_media":0,"parent":0,"menu_order":0,"comment_status":"closed","ping_status":"closed","template":"","meta":{"om_disable_all_campaigns":false,"_monsterinsights_skip_tracking":false,"_uf_show_specific_survey":0,"_uf_disable_surveys":false,"footnotes":""},"class_list":["post-765","page","type-page","status-publish","hentry"],"aioseo_notices":[],"aioseo_head":"\n\t\t<!-- All in One SEO 5.0.1.1 - aioseo.com -->\n\t<meta name=\"description\" content=\"Menuiseries sur mesure Modification d&#039;une fen\u00eatre en porte fen\u00eatre dans un ch\u00e2teau savoyard Changement de fen\u00eatres gueule de loup-mouton dans un beau ch\u00e2teau savoyard avec r\u00e9cup\u00e9ration des anciennes ferronneries. Porte coch\u00e8re Fabrication et pose d\u2019une porte coch\u00e8re dans un petit ch\u00e2teau Savoyard en vieux bois avec ferronneries fabriqu\u00e9e sur mesure par l\u2019entreprise Mignogna. Quelques \u00e9tapes\" \/>\n\t<meta name=\"robots\" content=\"max-image-preview:large\" \/>\n\t<link rel=\"canonical\" href=\"https:\/\/seisson-menuiserie.fr\/?page_id=765\" \/>\n\t<meta name=\"generator\" content=\"All in One SEO (AIOSEO) 5.0.1.1\" \/>\n\t\t<meta property=\"og:locale\" content=\"fr_FR\" \/>\n\t\t<meta property=\"og:site_name\" content=\"Seisson Menuiserie -\" \/>\n\t\t<meta property=\"og:type\" content=\"article\" \/>\n\t\t<meta property=\"og:title\" content=\"R\u00e9alisation sur des monuments historiques - Seisson Menuiserie\" \/>\n\t\t<meta property=\"og:description\" content=\"Menuiseries sur mesure Modification d&#039;une fen\u00eatre en porte fen\u00eatre dans un ch\u00e2teau savoyard Changement de fen\u00eatres gueule de loup-mouton dans un beau ch\u00e2teau savoyard avec r\u00e9cup\u00e9ration des anciennes ferronneries. Porte coch\u00e8re Fabrication et pose d\u2019une porte coch\u00e8re dans un petit ch\u00e2teau Savoyard en vieux bois avec ferronneries fabriqu\u00e9e sur mesure par l\u2019entreprise Mignogna. Quelques \u00e9tapes\" \/>\n\t\t<meta property=\"og:url\" content=\"https:\/\/seisson-menuiserie.fr\/?page_id=765\" \/>\n\t\t<meta property=\"og:image\" content=\"https:\/\/seisson-menuiserie.fr\/wp-content\/uploads\/2022\/10\/logo-accueil-1-scaled.jpg\" \/>\n\t\t<meta property=\"og:image:secure_url\" content=\"https:\/\/seisson-menuiserie.fr\/wp-content\/uploads\/2022\/10\/logo-accueil-1-scaled.jpg\" \/>\n\t\t<meta property=\"article:published_time\" content=\"2023-07-23T15:24:58+00:00\" \/>\n\t\t<meta property=\"article:modified_time\" content=\"2025-06-07T11:05:44+00:00\" \/>\n\t\t<meta property=\"article:publisher\" content=\"https:\/\/www.facebook.com\/search\/top?q=seissonmenuiserie\" \/>\n\t\t<meta name=\"twitter:card\" content=\"summary_large_image\" \/>\n\t\t<meta name=\"twitter:title\" content=\"R\u00e9alisation sur des monuments historiques - Seisson Menuiserie\" \/>\n\t\t<meta name=\"twitter:description\" content=\"Menuiseries sur mesure Modification d&#039;une fen\u00eatre en porte fen\u00eatre dans un ch\u00e2teau savoyard Changement de fen\u00eatres gueule de loup-mouton dans un beau ch\u00e2teau savoyard avec r\u00e9cup\u00e9ration des anciennes ferronneries. Porte coch\u00e8re Fabrication et pose d\u2019une porte coch\u00e8re dans un petit ch\u00e2teau Savoyard en vieux bois avec ferronneries fabriqu\u00e9e sur mesure par l\u2019entreprise Mignogna. Quelques \u00e9tapes\" \/>\n\t\t<meta name=\"twitter:image\" content=\"http:\/\/seisson-menuiserie.fr\/wp-content\/uploads\/2022\/10\/logo-accueil-1-scaled.jpg\" \/>\n\t\t<script type=\"application\/ld+json\" class=\"aioseo-schema\">\n\t\t\t{\"@context\":\"https:\\\/\\\/schema.org\",\"@graph\":[{\"@type\":\"BreadcrumbList\",\"@id\":\"https:\\\/\\\/seisson-menuiserie.fr\\\/?page_id=765#breadcrumblist\",\"itemListElement\":[{\"@type\":\"ListItem\",\"@id\":\"https:\\\/\\\/seisson-menuiserie.fr#listItem\",\"position\":1,\"name\":\"Home\",\"item\":\"https:\\\/\\\/seisson-menuiserie.fr\",\"nextItem\":{\"@type\":\"ListItem\",\"@id\":\"https:\\\/\\\/seisson-menuiserie.fr\\\/?page_id=765#listItem\",\"name\":\"R\\u00e9alisation sur des monuments historiques\"}},{\"@type\":\"ListItem\",\"@id\":\"https:\\\/\\\/seisson-menuiserie.fr\\\/?page_id=765#listItem\",\"position\":2,\"name\":\"R\\u00e9alisation sur des monuments historiques\",\"previousItem\":{\"@type\":\"ListItem\",\"@id\":\"https:\\\/\\\/seisson-menuiserie.fr#listItem\",\"name\":\"Home\"}}]},{\"@type\":\"Organization\",\"@id\":\"https:\\\/\\\/seisson-menuiserie.fr\\\/#organization\",\"name\":\"Seisson Menuiserie\",\"url\":\"https:\\\/\\\/seisson-menuiserie.fr\\\/\",\"logo\":{\"@type\":\"ImageObject\",\"url\":\"https:\\\/\\\/seisson-menuiserie.fr\\\/wp-content\\\/uploads\\\/2022\\\/10\\\/logo-accueil-1-scaled.jpg\",\"@id\":\"https:\\\/\\\/seisson-menuiserie.fr\\\/?page_id=765\\\/#organizationLogo\",\"width\":2560,\"height\":731},\"image\":{\"@id\":\"https:\\\/\\\/seisson-menuiserie.fr\\\/?page_id=765\\\/#organizationLogo\"},\"sameAs\":[\"https:\\\/\\\/www.facebook.com\\\/search\\\/top?q=seissonmenuiserie\",\"https:\\\/\\\/www.instagram.com\\\/seisson_menuiserie\\\/\"]},{\"@type\":\"WebPage\",\"@id\":\"https:\\\/\\\/seisson-menuiserie.fr\\\/?page_id=765#webpage\",\"url\":\"https:\\\/\\\/seisson-menuiserie.fr\\\/?page_id=765\",\"name\":\"R\\u00e9alisation sur des monuments historiques - Seisson Menuiserie\",\"description\":\"Menuiseries sur mesure Modification d'une fen\\u00eatre en porte fen\\u00eatre dans un ch\\u00e2teau savoyard Changement de fen\\u00eatres gueule de loup-mouton dans un beau ch\\u00e2teau savoyard avec r\\u00e9cup\\u00e9ration des anciennes ferronneries. Porte coch\\u00e8re Fabrication et pose d\\u2019une porte coch\\u00e8re dans un petit ch\\u00e2teau Savoyard en vieux bois avec ferronneries fabriqu\\u00e9e sur mesure par l\\u2019entreprise Mignogna. Quelques \\u00e9tapes\",\"inLanguage\":\"fr-FR\",\"isPartOf\":{\"@id\":\"https:\\\/\\\/seisson-menuiserie.fr\\\/#website\"},\"breadcrumb\":{\"@id\":\"https:\\\/\\\/seisson-menuiserie.fr\\\/?page_id=765#breadcrumblist\"},\"datePublished\":\"2023-07-23T17:24:58+02:00\",\"dateModified\":\"2025-06-07T13:05:44+02:00\"},{\"@type\":\"WebSite\",\"@id\":\"https:\\\/\\\/seisson-menuiserie.fr\\\/#website\",\"url\":\"https:\\\/\\\/seisson-menuiserie.fr\\\/\",\"name\":\"Seisson Menuiserie\",\"inLanguage\":\"fr-FR\",\"publisher\":{\"@id\":\"https:\\\/\\\/seisson-menuiserie.fr\\\/#organization\"}}]}\n\t\t<\/script>\n\t\t<!-- All in One SEO -->\n\n","aioseo_head_json":{"title":"R\u00e9alisation sur des monuments historiques - Seisson Menuiserie","description":"Menuiseries sur mesure Modification d'une fen\u00eatre en porte fen\u00eatre dans un ch\u00e2teau savoyard Changement de fen\u00eatres gueule de loup-mouton dans un beau ch\u00e2teau savoyard avec r\u00e9cup\u00e9ration des anciennes ferronneries. Porte coch\u00e8re Fabrication et pose d\u2019une porte coch\u00e8re dans un petit ch\u00e2teau Savoyard en vieux bois avec ferronneries fabriqu\u00e9e sur mesure par l\u2019entreprise Mignogna. Quelques \u00e9tapes","canonical_url":"https:\/\/seisson-menuiserie.fr\/?page_id=765","robots":"max-image-preview:large","keywords":"","webmasterTools":{"miscellaneous":""},"schema":{"@context":"https:\/\/schema.org","@graph":[{"@type":"BreadcrumbList","@id":"https:\/\/seisson-menuiserie.fr\/?page_id=765#breadcrumblist","itemListElement":[{"@type":"ListItem","@id":"https:\/\/seisson-menuiserie.fr#listItem","position":1,"name":"Home","item":"https:\/\/seisson-menuiserie.fr","nextItem":{"@type":"ListItem","@id":"https:\/\/seisson-menuiserie.fr\/?page_id=765#listItem","name":"R\u00e9alisation sur des monuments historiques"}},{"@type":"ListItem","@id":"https:\/\/seisson-menuiserie.fr\/?page_id=765#listItem","position":2,"name":"R\u00e9alisation sur des monuments historiques","previousItem":{"@type":"ListItem","@id":"https:\/\/seisson-menuiserie.fr#listItem","name":"Home"}}]},{"@type":"Organization","@id":"https:\/\/seisson-menuiserie.fr\/#organization","name":"Seisson Menuiserie","url":"https:\/\/seisson-menuiserie.fr\/","logo":{"@type":"ImageObject","url":"https:\/\/seisson-menuiserie.fr\/wp-content\/uploads\/2022\/10\/logo-accueil-1-scaled.jpg","@id":"https:\/\/seisson-menuiserie.fr\/?page_id=765\/#organizationLogo","width":2560,"height":731},"image":{"@id":"https:\/\/seisson-menuiserie.fr\/?page_id=765\/#organizationLogo"},"sameAs":["https:\/\/www.facebook.com\/search\/top?q=seissonmenuiserie","https:\/\/www.instagram.com\/seisson_menuiserie\/"]},{"@type":"WebPage","@id":"https:\/\/seisson-menuiserie.fr\/?page_id=765#webpage","url":"https:\/\/seisson-menuiserie.fr\/?page_id=765","name":"R\u00e9alisation sur des monuments historiques - Seisson Menuiserie","description":"Menuiseries sur mesure Modification d'une fen\u00eatre en porte fen\u00eatre dans un ch\u00e2teau savoyard Changement de fen\u00eatres gueule de loup-mouton dans un beau ch\u00e2teau savoyard avec r\u00e9cup\u00e9ration des anciennes ferronneries. Porte coch\u00e8re Fabrication et pose d\u2019une porte coch\u00e8re dans un petit ch\u00e2teau Savoyard en vieux bois avec ferronneries fabriqu\u00e9e sur mesure par l\u2019entreprise Mignogna. Quelques \u00e9tapes","inLanguage":"fr-FR","isPartOf":{"@id":"https:\/\/seisson-menuiserie.fr\/#website"},"breadcrumb":{"@id":"https:\/\/seisson-menuiserie.fr\/?page_id=765#breadcrumblist"},"datePublished":"2023-07-23T17:24:58+02:00","dateModified":"2025-06-07T13:05:44+02:00"},{"@type":"WebSite","@id":"https:\/\/seisson-menuiserie.fr\/#website","url":"https:\/\/seisson-menuiserie.fr\/","name":"Seisson Menuiserie","inLanguage":"fr-FR","publisher":{"@id":"https:\/\/seisson-menuiserie.fr\/#organization"}}]},"og:locale":"fr_FR","og:site_name":"Seisson Menuiserie -","og:type":"article","og:title":"R\u00e9alisation sur des monuments historiques - Seisson Menuiserie","og:description":"Menuiseries sur mesure Modification d'une fen\u00eatre en porte fen\u00eatre dans un ch\u00e2teau savoyard Changement de fen\u00eatres gueule de loup-mouton dans un beau ch\u00e2teau savoyard avec r\u00e9cup\u00e9ration des anciennes ferronneries. Porte coch\u00e8re Fabrication et pose d\u2019une porte coch\u00e8re dans un petit ch\u00e2teau Savoyard en vieux bois avec ferronneries fabriqu\u00e9e sur mesure par l\u2019entreprise Mignogna. Quelques \u00e9tapes","og:url":"https:\/\/seisson-menuiserie.fr\/?page_id=765","og:image":"https:\/\/seisson-menuiserie.fr\/wp-content\/uploads\/2022\/10\/logo-accueil-1-scaled.jpg","og:image:secure_url":"https:\/\/seisson-menuiserie.fr\/wp-content\/uploads\/2022\/10\/logo-accueil-1-scaled.jpg","article:published_time":"2023-07-23T15:24:58+00:00","article:modified_time":"2025-06-07T11:05:44+00:00","article:publisher":"https:\/\/www.facebook.com\/search\/top?q=seissonmenuiserie","twitter:card":"summary_large_image","twitter:title":"R\u00e9alisation sur des monuments historiques - Seisson Menuiserie","twitter:description":"Menuiseries sur mesure Modification d'une fen\u00eatre en porte fen\u00eatre dans un ch\u00e2teau savoyard Changement de fen\u00eatres gueule de loup-mouton dans un beau ch\u00e2teau savoyard avec r\u00e9cup\u00e9ration des anciennes ferronneries. Porte coch\u00e8re Fabrication et pose d\u2019une porte coch\u00e8re dans un petit ch\u00e2teau Savoyard en vieux bois avec ferronneries fabriqu\u00e9e sur mesure par l\u2019entreprise Mignogna. Quelques \u00e9tapes","twitter:image":"http:\/\/seisson-menuiserie.fr\/wp-content\/uploads\/2022\/10\/logo-accueil-1-scaled.jpg"},"aioseo_meta_data":{"post_id":"765","title":null,"description":null,"keywords":null,"keyphrases":{"focus":[],"additional":[]},"primary_term":null,"canonical_url":null,"og_title":null,"og_description":null,"og_object_type":"default","og_image_type":"default","og_image_url":null,"og_image_width":null,"og_image_height":null,"og_image_custom_url":null,"og_image_custom_fields":null,"og_video":"","og_custom_url":null,"og_article_section":null,"og_article_tags":null,"twitter_use_og":false,"twitter_card":"default","twitter_image_type":"default","twitter_image_url":null,"twitter_image_custom_url":null,"twitter_image_custom_fields":null,"twitter_title":null,"twitter_description":null,"schema":{"blockGraphs":[],"customGraphs":[],"default":{"data":{"Article":[],"Course":[],"Dataset":[],"FAQPage":[],"Movie":[],"Person":[],"Product":[],"ProductReview":[],"Car":[],"Recipe":[],"Service":[],"SoftwareApplication":[],"WebPage":[]},"graphName":"WebPage","isEnabled":true},"graphs":[]},"schema_type":"default","schema_type_options":null,"pillar_content":false,"robots_default":true,"robots_noindex":false,"robots_noarchive":false,"robots_nosnippet":false,"robots_nofollow":false,"robots_noimageindex":false,"robots_noodp":false,"robots_notranslate":false,"robots_max_snippet":"-1","robots_max_videopreview":"-1","robots_max_imagepreview":"large","priority":null,"frequency":"default","local_seo":null,"breadcrumb_settings":null,"limit_modified_date":false,"ai":null,"created":"2023-07-23 15:17:45","updated":"2026-09-02 11:13:08","focus_keyword":null,"additional_keywords":null,"truseo_locale":null,"seo_analyzer_scan_date":null},"aioseo_breadcrumb":"<div class=\"aioseo-breadcrumbs\"><span class=\"aioseo-breadcrumb\">\n\t\t\t<a href=\"https:\/\/seisson-menuiserie.fr\" title=\"Home\">Home<\/a>\n\t\t<\/span><span class=\"aioseo-breadcrumb-separator\">&raquo;<\/span><span class=\"aioseo-breadcrumb\">\n\t\t\tR\u00e9alisation sur des monuments historiques\n\t\t<\/span><\/div>","aioseo_breadcrumb_json":[{"label":"Home","link":"https:\/\/seisson-menuiserie.fr"},{"label":"R\u00e9alisation sur des monuments historiques","link":"https:\/\/seisson-menuiserie.fr\/?page_id=765"}],"_links":{"self":[{"href":"https:\/\/seisson-menuiserie.fr\/index.php?rest_route=\/wp\/v2\/pages\/765","targetHints":{"allow":["GET"]}}],"collection":[{"href":"https:\/\/seisson-menuiserie.fr\/index.php?rest_route=\/wp\/v2\/pages"}],"about":[{"href":"https:\/\/seisson-menuiserie.fr\/index.php?rest_route=\/wp\/v2\/types\/page"}],"author":[{"embeddable":true,"href":"https:\/\/seisson-menuiserie.fr\/index.php?rest_route=\/wp\/v2\/users\/1"}],"replies":[{"embeddable":true,"href":"https:\/\/seisson-menuiserie.fr\/index.php?rest_route=%2Fwp%2Fv2%2Fcomments&post=765"}],"version-history":[{"count":20,"href":"https:\/\/seisson-menuiserie.fr\/index.php?rest_route=\/wp\/v2\/pages\/765\/revisions"}],"predecessor-version":[{"id":1127,"href":"https:\/\/seisson-menuiserie.fr\/index.php?rest_route=\/wp\/v2\/pages\/765\/revisions\/1127"}],"wp:attachment":[{"href":"https:\/\/seisson-menuiserie.fr\/index.php?rest_route=%2Fwp%2Fv2%2Fmedia&parent=765"}],"curies":[{"name":"wp","href":"https:\/\/api.w.org\/{rel}","templated":true}]}}