{"id":56,"date":"2022-10-01T17:57:58","date_gmt":"2022-10-01T15:57:58","guid":{"rendered":"http:\/\/seisson-menuiserie.fr\/?page_id=56"},"modified":"2024-06-09T16:43:42","modified_gmt":"2024-06-09T14:43:42","slug":"les-realisations-de-cuisines","status":"publish","type":"page","link":"https:\/\/seisson-menuiserie.fr\/?page_id=56","title":{"rendered":"Les r\u00e9alisations de cuisines"},"content":{"rendered":"\n<p class=\"has-medium-font-size wp-block-paragraph\">Pose d&rsquo;une cuisine<\/p>\n\n\n\n<p class=\"has-small-font-size wp-block-paragraph\">cuisine noire mat avec lambris au plafond et sur les murs<\/p>\n\n\n\n<figure class=\"wp-block-gallery has-nested-images columns-2 is-cropped wp-block-gallery-1 is-layout-flex wp-block-gallery-is-layout-flex\">\n<figure class=\"wp-block-image size-large\"><img loading=\"lazy\" decoding=\"async\" width=\"1024\" height=\"768\" data-id=\"900\" src=\"https:\/\/seisson-menuiserie.fr\/wp-content\/uploads\/2024\/06\/PHOTO-2024-05-31-06-20-19-1024x768.jpg\" alt=\"\" class=\"wp-image-900\" srcset=\"https:\/\/seisson-menuiserie.fr\/wp-content\/uploads\/2024\/06\/PHOTO-2024-05-31-06-20-19-1024x768.jpg 1024w, https:\/\/seisson-menuiserie.fr\/wp-content\/uploads\/2024\/06\/PHOTO-2024-05-31-06-20-19-300x225.jpg 300w, https:\/\/seisson-menuiserie.fr\/wp-content\/uploads\/2024\/06\/PHOTO-2024-05-31-06-20-19-768x576.jpg 768w, https:\/\/seisson-menuiserie.fr\/wp-content\/uploads\/2024\/06\/PHOTO-2024-05-31-06-20-19-1536x1152.jpg 1536w, https:\/\/seisson-menuiserie.fr\/wp-content\/uploads\/2024\/06\/PHOTO-2024-05-31-06-20-19-1440x1080.jpg 1440w, https:\/\/seisson-menuiserie.fr\/wp-content\/uploads\/2024\/06\/PHOTO-2024-05-31-06-20-19.jpg 1600w\" sizes=\"auto, (max-width: 1024px) 100vw, 1024px\" \/><\/figure>\n\n\n\n<figure class=\"wp-block-image size-large\"><img loading=\"lazy\" decoding=\"async\" width=\"1024\" height=\"768\" data-id=\"899\" src=\"https:\/\/seisson-menuiserie.fr\/wp-content\/uploads\/2024\/06\/PHOTO-2024-05-31-06-20-20-1024x768.jpg\" alt=\"\" class=\"wp-image-899\" srcset=\"https:\/\/seisson-menuiserie.fr\/wp-content\/uploads\/2024\/06\/PHOTO-2024-05-31-06-20-20-1024x768.jpg 1024w, https:\/\/seisson-menuiserie.fr\/wp-content\/uploads\/2024\/06\/PHOTO-2024-05-31-06-20-20-300x225.jpg 300w, https:\/\/seisson-menuiserie.fr\/wp-content\/uploads\/2024\/06\/PHOTO-2024-05-31-06-20-20-768x576.jpg 768w, https:\/\/seisson-menuiserie.fr\/wp-content\/uploads\/2024\/06\/PHOTO-2024-05-31-06-20-20-1536x1152.jpg 1536w, https:\/\/seisson-menuiserie.fr\/wp-content\/uploads\/2024\/06\/PHOTO-2024-05-31-06-20-20-1440x1080.jpg 1440w, https:\/\/seisson-menuiserie.fr\/wp-content\/uploads\/2024\/06\/PHOTO-2024-05-31-06-20-20.jpg 1600w\" sizes=\"auto, (max-width: 1024px) 100vw, 1024px\" \/><\/figure>\n<\/figure>\n\n\n\n<div style=\"height:100px\" aria-hidden=\"true\" class=\"wp-block-spacer\"><\/div>\n\n\n\n<p class=\"has-medium-font-size wp-block-paragraph\">Cuisine en sapin thermo-chauff\u00e9<\/p>\n\n\n\n<p class=\"has-small-font-size wp-block-paragraph\">cuisine dans une cave vout\u00e9e en pierre, avec am\u00e9nagement de placards et plan de travail<\/p>\n\n\n\n<figure class=\"wp-block-gallery has-nested-images columns-default is-cropped wp-block-gallery-2 is-layout-flex wp-block-gallery-is-layout-flex\">\n<figure class=\"wp-block-image size-large\"><img loading=\"lazy\" decoding=\"async\" width=\"1024\" height=\"461\" data-id=\"59\" src=\"http:\/\/seisson-menuiserie.fr\/wp-content\/uploads\/2022\/10\/241187845_4909178825765486_2666602995137646970_n-1-1024x461.jpg\" alt=\"\" class=\"wp-image-59\" srcset=\"https:\/\/seisson-menuiserie.fr\/wp-content\/uploads\/2022\/10\/241187845_4909178825765486_2666602995137646970_n-1-1024x461.jpg 1024w, https:\/\/seisson-menuiserie.fr\/wp-content\/uploads\/2022\/10\/241187845_4909178825765486_2666602995137646970_n-1-300x135.jpg 300w, https:\/\/seisson-menuiserie.fr\/wp-content\/uploads\/2022\/10\/241187845_4909178825765486_2666602995137646970_n-1-768x346.jpg 768w, https:\/\/seisson-menuiserie.fr\/wp-content\/uploads\/2022\/10\/241187845_4909178825765486_2666602995137646970_n-1.jpg 1422w\" sizes=\"auto, (max-width: 1024px) 100vw, 1024px\" \/><\/figure>\n\n\n\n<figure class=\"wp-block-image size-large\"><img loading=\"lazy\" decoding=\"async\" width=\"1024\" height=\"461\" data-id=\"57\" src=\"http:\/\/seisson-menuiserie.fr\/wp-content\/uploads\/2022\/10\/241401075_4909178482432187_3317200509882695142_n-1-1024x461.jpg\" alt=\"\" class=\"wp-image-57\" srcset=\"https:\/\/seisson-menuiserie.fr\/wp-content\/uploads\/2022\/10\/241401075_4909178482432187_3317200509882695142_n-1-1024x461.jpg 1024w, https:\/\/seisson-menuiserie.fr\/wp-content\/uploads\/2022\/10\/241401075_4909178482432187_3317200509882695142_n-1-300x135.jpg 300w, https:\/\/seisson-menuiserie.fr\/wp-content\/uploads\/2022\/10\/241401075_4909178482432187_3317200509882695142_n-1-768x346.jpg 768w, https:\/\/seisson-menuiserie.fr\/wp-content\/uploads\/2022\/10\/241401075_4909178482432187_3317200509882695142_n-1.jpg 1422w\" sizes=\"auto, (max-width: 1024px) 100vw, 1024px\" \/><\/figure>\n\n\n\n<figure class=\"wp-block-image size-large\"><img loading=\"lazy\" decoding=\"async\" width=\"1024\" height=\"461\" data-id=\"60\" src=\"http:\/\/seisson-menuiserie.fr\/wp-content\/uploads\/2022\/10\/241449289_4909178262432209_1778115751356802104_n-2-1024x461.jpg\" alt=\"\" class=\"wp-image-60\" srcset=\"https:\/\/seisson-menuiserie.fr\/wp-content\/uploads\/2022\/10\/241449289_4909178262432209_1778115751356802104_n-2-1024x461.jpg 1024w, https:\/\/seisson-menuiserie.fr\/wp-content\/uploads\/2022\/10\/241449289_4909178262432209_1778115751356802104_n-2-300x135.jpg 300w, https:\/\/seisson-menuiserie.fr\/wp-content\/uploads\/2022\/10\/241449289_4909178262432209_1778115751356802104_n-2-768x346.jpg 768w, https:\/\/seisson-menuiserie.fr\/wp-content\/uploads\/2022\/10\/241449289_4909178262432209_1778115751356802104_n-2.jpg 1422w\" sizes=\"auto, (max-width: 1024px) 100vw, 1024px\" \/><\/figure>\n\n\n\n<figure class=\"wp-block-image size-large\"><img loading=\"lazy\" decoding=\"async\" width=\"1024\" height=\"461\" data-id=\"58\" src=\"http:\/\/seisson-menuiserie.fr\/wp-content\/uploads\/2022\/10\/241461935_4909178355765533_5668698892020511965_n-1-1024x461.jpg\" alt=\"\" class=\"wp-image-58\" srcset=\"https:\/\/seisson-menuiserie.fr\/wp-content\/uploads\/2022\/10\/241461935_4909178355765533_5668698892020511965_n-1-1024x461.jpg 1024w, https:\/\/seisson-menuiserie.fr\/wp-content\/uploads\/2022\/10\/241461935_4909178355765533_5668698892020511965_n-1-300x135.jpg 300w, https:\/\/seisson-menuiserie.fr\/wp-content\/uploads\/2022\/10\/241461935_4909178355765533_5668698892020511965_n-1-768x346.jpg 768w, https:\/\/seisson-menuiserie.fr\/wp-content\/uploads\/2022\/10\/241461935_4909178355765533_5668698892020511965_n-1.jpg 1422w\" sizes=\"auto, (max-width: 1024px) 100vw, 1024px\" \/><\/figure>\n<\/figure>\n\n\n\n<div style=\"height:100px\" aria-hidden=\"true\" class=\"wp-block-spacer\"><\/div>\n\n\n\n<p class=\"has-medium-font-size wp-block-paragraph\">Une belle cuisine d&rsquo;\u00e9t\u00e9 en m\u00e9l\u00e8ze<\/p>\n\n\n\n<p class=\"has-small-font-size wp-block-paragraph\">Plan de travail en granit du Zimbabwe, cr\u00e9dences en verre tremp\u00e9e<\/p>\n\n\n\n<figure class=\"wp-block-gallery has-nested-images columns-default is-cropped wp-block-gallery-3 is-layout-flex wp-block-gallery-is-layout-flex\">\n<figure class=\"wp-block-image size-large\"><img loading=\"lazy\" decoding=\"async\" width=\"1024\" height=\"768\" data-id=\"61\" src=\"http:\/\/seisson-menuiserie.fr\/wp-content\/uploads\/2022\/10\/295571164_5951541408195884_2259661669636349591_n-1024x768.jpg\" alt=\"\" class=\"wp-image-61\" srcset=\"https:\/\/seisson-menuiserie.fr\/wp-content\/uploads\/2022\/10\/295571164_5951541408195884_2259661669636349591_n-1024x768.jpg 1024w, https:\/\/seisson-menuiserie.fr\/wp-content\/uploads\/2022\/10\/295571164_5951541408195884_2259661669636349591_n-300x225.jpg 300w, https:\/\/seisson-menuiserie.fr\/wp-content\/uploads\/2022\/10\/295571164_5951541408195884_2259661669636349591_n-768x576.jpg 768w, https:\/\/seisson-menuiserie.fr\/wp-content\/uploads\/2022\/10\/295571164_5951541408195884_2259661669636349591_n-1440x1080.jpg 1440w, https:\/\/seisson-menuiserie.fr\/wp-content\/uploads\/2022\/10\/295571164_5951541408195884_2259661669636349591_n.jpg 1500w\" sizes=\"auto, (max-width: 1024px) 100vw, 1024px\" \/><\/figure>\n\n\n\n<figure class=\"wp-block-image size-large\"><img loading=\"lazy\" decoding=\"async\" width=\"1024\" height=\"768\" data-id=\"65\" src=\"http:\/\/seisson-menuiserie.fr\/wp-content\/uploads\/2022\/10\/295640031_5951542064862485_4359128633019644290_n-1024x768.jpg\" alt=\"\" class=\"wp-image-65\" srcset=\"https:\/\/seisson-menuiserie.fr\/wp-content\/uploads\/2022\/10\/295640031_5951542064862485_4359128633019644290_n-1024x768.jpg 1024w, https:\/\/seisson-menuiserie.fr\/wp-content\/uploads\/2022\/10\/295640031_5951542064862485_4359128633019644290_n-300x225.jpg 300w, https:\/\/seisson-menuiserie.fr\/wp-content\/uploads\/2022\/10\/295640031_5951542064862485_4359128633019644290_n-768x576.jpg 768w, https:\/\/seisson-menuiserie.fr\/wp-content\/uploads\/2022\/10\/295640031_5951542064862485_4359128633019644290_n-1440x1080.jpg 1440w, https:\/\/seisson-menuiserie.fr\/wp-content\/uploads\/2022\/10\/295640031_5951542064862485_4359128633019644290_n.jpg 1500w\" sizes=\"auto, (max-width: 1024px) 100vw, 1024px\" \/><\/figure>\n\n\n\n<figure class=\"wp-block-image size-large\"><img loading=\"lazy\" decoding=\"async\" width=\"1024\" height=\"766\" data-id=\"64\" src=\"http:\/\/seisson-menuiserie.fr\/wp-content\/uploads\/2022\/10\/295640356_5951541864862505_2181016072712797390_n-1024x766.jpg\" alt=\"\" class=\"wp-image-64\" srcset=\"https:\/\/seisson-menuiserie.fr\/wp-content\/uploads\/2022\/10\/295640356_5951541864862505_2181016072712797390_n-1024x766.jpg 1024w, https:\/\/seisson-menuiserie.fr\/wp-content\/uploads\/2022\/10\/295640356_5951541864862505_2181016072712797390_n-300x224.jpg 300w, https:\/\/seisson-menuiserie.fr\/wp-content\/uploads\/2022\/10\/295640356_5951541864862505_2181016072712797390_n-768x575.jpg 768w, https:\/\/seisson-menuiserie.fr\/wp-content\/uploads\/2022\/10\/295640356_5951541864862505_2181016072712797390_n-1444x1080.jpg 1444w, https:\/\/seisson-menuiserie.fr\/wp-content\/uploads\/2022\/10\/295640356_5951541864862505_2181016072712797390_n.jpg 1493w\" sizes=\"auto, (max-width: 1024px) 100vw, 1024px\" \/><\/figure>\n\n\n\n<figure class=\"wp-block-image size-large\"><img loading=\"lazy\" decoding=\"async\" width=\"1024\" height=\"612\" data-id=\"63\" src=\"http:\/\/seisson-menuiserie.fr\/wp-content\/uploads\/2022\/10\/295692546_5951541558195869_5883940570930882829_n-1024x612.jpg\" alt=\"\" class=\"wp-image-63\" srcset=\"https:\/\/seisson-menuiserie.fr\/wp-content\/uploads\/2022\/10\/295692546_5951541558195869_5883940570930882829_n-1024x612.jpg 1024w, https:\/\/seisson-menuiserie.fr\/wp-content\/uploads\/2022\/10\/295692546_5951541558195869_5883940570930882829_n-300x179.jpg 300w, https:\/\/seisson-menuiserie.fr\/wp-content\/uploads\/2022\/10\/295692546_5951541558195869_5883940570930882829_n-768x459.jpg 768w, https:\/\/seisson-menuiserie.fr\/wp-content\/uploads\/2022\/10\/295692546_5951541558195869_5883940570930882829_n.jpg 1465w\" sizes=\"auto, (max-width: 1024px) 100vw, 1024px\" \/><\/figure>\n\n\n\n<figure class=\"wp-block-image size-large\"><img loading=\"lazy\" decoding=\"async\" width=\"1024\" height=\"590\" data-id=\"62\" src=\"http:\/\/seisson-menuiserie.fr\/wp-content\/uploads\/2022\/10\/295810834_5951541234862568_5081775624824611045_n-1024x590.jpg\" alt=\"\" class=\"wp-image-62\" srcset=\"https:\/\/seisson-menuiserie.fr\/wp-content\/uploads\/2022\/10\/295810834_5951541234862568_5081775624824611045_n-1024x590.jpg 1024w, https:\/\/seisson-menuiserie.fr\/wp-content\/uploads\/2022\/10\/295810834_5951541234862568_5081775624824611045_n-300x173.jpg 300w, https:\/\/seisson-menuiserie.fr\/wp-content\/uploads\/2022\/10\/295810834_5951541234862568_5081775624824611045_n-768x443.jpg 768w, https:\/\/seisson-menuiserie.fr\/wp-content\/uploads\/2022\/10\/295810834_5951541234862568_5081775624824611045_n-1536x886.jpg 1536w, https:\/\/seisson-menuiserie.fr\/wp-content\/uploads\/2022\/10\/295810834_5951541234862568_5081775624824611045_n.jpg 1599w\" sizes=\"auto, (max-width: 1024px) 100vw, 1024px\" \/><\/figure>\n<\/figure>\n\n\n\n<div style=\"height:100px\" aria-hidden=\"true\" class=\"wp-block-spacer\"><\/div>\n\n\n\n<p class=\"has-medium-font-size wp-block-paragraph\">Cuisine en ch\u00eane <\/p>\n\n\n\n<p class=\"has-small-font-size wp-block-paragraph\">Plan de travail en granit du Zimbabwe type atelier<\/p>\n\n\n\n<figure class=\"wp-block-gallery has-nested-images columns-default is-cropped wp-block-gallery-4 is-layout-flex wp-block-gallery-is-layout-flex\">\n<figure class=\"wp-block-image size-large\"><img loading=\"lazy\" decoding=\"async\" width=\"1024\" height=\"461\" data-id=\"66\" src=\"http:\/\/seisson-menuiserie.fr\/wp-content\/uploads\/2022\/10\/279514678_5716145835068777_6838317534049795921_n-1024x461.jpg\" alt=\"\" class=\"wp-image-66\" srcset=\"https:\/\/seisson-menuiserie.fr\/wp-content\/uploads\/2022\/10\/279514678_5716145835068777_6838317534049795921_n-1024x461.jpg 1024w, https:\/\/seisson-menuiserie.fr\/wp-content\/uploads\/2022\/10\/279514678_5716145835068777_6838317534049795921_n-300x135.jpg 300w, https:\/\/seisson-menuiserie.fr\/wp-content\/uploads\/2022\/10\/279514678_5716145835068777_6838317534049795921_n-768x346.jpg 768w, https:\/\/seisson-menuiserie.fr\/wp-content\/uploads\/2022\/10\/279514678_5716145835068777_6838317534049795921_n.jpg 1422w\" sizes=\"auto, (max-width: 1024px) 100vw, 1024px\" \/><\/figure>\n\n\n\n<figure class=\"wp-block-image size-large\"><img loading=\"lazy\" decoding=\"async\" width=\"1024\" height=\"461\" data-id=\"69\" src=\"http:\/\/seisson-menuiserie.fr\/wp-content\/uploads\/2022\/10\/280097606_5716146431735384_7020946218030990238_n-1024x461.jpg\" alt=\"\" class=\"wp-image-69\" srcset=\"https:\/\/seisson-menuiserie.fr\/wp-content\/uploads\/2022\/10\/280097606_5716146431735384_7020946218030990238_n-1024x461.jpg 1024w, https:\/\/seisson-menuiserie.fr\/wp-content\/uploads\/2022\/10\/280097606_5716146431735384_7020946218030990238_n-300x135.jpg 300w, https:\/\/seisson-menuiserie.fr\/wp-content\/uploads\/2022\/10\/280097606_5716146431735384_7020946218030990238_n-768x346.jpg 768w, https:\/\/seisson-menuiserie.fr\/wp-content\/uploads\/2022\/10\/280097606_5716146431735384_7020946218030990238_n-1536x692.jpg 1536w, https:\/\/seisson-menuiserie.fr\/wp-content\/uploads\/2022\/10\/280097606_5716146431735384_7020946218030990238_n-1920x864.jpg 1920w, https:\/\/seisson-menuiserie.fr\/wp-content\/uploads\/2022\/10\/280097606_5716146431735384_7020946218030990238_n.jpg 2048w\" sizes=\"auto, (max-width: 1024px) 100vw, 1024px\" \/><\/figure>\n\n\n\n<figure class=\"wp-block-image size-large\"><img loading=\"lazy\" decoding=\"async\" width=\"1024\" height=\"461\" data-id=\"67\" src=\"http:\/\/seisson-menuiserie.fr\/wp-content\/uploads\/2022\/10\/280119702_5716146511735376_4590637102737994217_n-1024x461.jpg\" alt=\"\" class=\"wp-image-67\" srcset=\"https:\/\/seisson-menuiserie.fr\/wp-content\/uploads\/2022\/10\/280119702_5716146511735376_4590637102737994217_n-1024x461.jpg 1024w, https:\/\/seisson-menuiserie.fr\/wp-content\/uploads\/2022\/10\/280119702_5716146511735376_4590637102737994217_n-300x135.jpg 300w, https:\/\/seisson-menuiserie.fr\/wp-content\/uploads\/2022\/10\/280119702_5716146511735376_4590637102737994217_n-768x346.jpg 768w, https:\/\/seisson-menuiserie.fr\/wp-content\/uploads\/2022\/10\/280119702_5716146511735376_4590637102737994217_n-1536x692.jpg 1536w, https:\/\/seisson-menuiserie.fr\/wp-content\/uploads\/2022\/10\/280119702_5716146511735376_4590637102737994217_n-1920x864.jpg 1920w, https:\/\/seisson-menuiserie.fr\/wp-content\/uploads\/2022\/10\/280119702_5716146511735376_4590637102737994217_n.jpg 2048w\" sizes=\"auto, (max-width: 1024px) 100vw, 1024px\" \/><\/figure>\n\n\n\n<figure class=\"wp-block-image size-large\"><img loading=\"lazy\" decoding=\"async\" width=\"1024\" height=\"461\" data-id=\"68\" src=\"http:\/\/seisson-menuiserie.fr\/wp-content\/uploads\/2022\/10\/280270075_5716146605068700_5661952679052823196_n-1024x461.jpg\" alt=\"\" class=\"wp-image-68\" srcset=\"https:\/\/seisson-menuiserie.fr\/wp-content\/uploads\/2022\/10\/280270075_5716146605068700_5661952679052823196_n-1024x461.jpg 1024w, https:\/\/seisson-menuiserie.fr\/wp-content\/uploads\/2022\/10\/280270075_5716146605068700_5661952679052823196_n-300x135.jpg 300w, https:\/\/seisson-menuiserie.fr\/wp-content\/uploads\/2022\/10\/280270075_5716146605068700_5661952679052823196_n-768x346.jpg 768w, https:\/\/seisson-menuiserie.fr\/wp-content\/uploads\/2022\/10\/280270075_5716146605068700_5661952679052823196_n-1536x692.jpg 1536w, https:\/\/seisson-menuiserie.fr\/wp-content\/uploads\/2022\/10\/280270075_5716146605068700_5661952679052823196_n-1920x864.jpg 1920w, https:\/\/seisson-menuiserie.fr\/wp-content\/uploads\/2022\/10\/280270075_5716146605068700_5661952679052823196_n.jpg 2048w\" sizes=\"auto, (max-width: 1024px) 100vw, 1024px\" \/><\/figure>\n<\/figure>\n\n\n\n<div style=\"height:100px\" aria-hidden=\"true\" class=\"wp-block-spacer\"><\/div>\n\n\n\n<p class=\"has-medium-font-size wp-block-paragraph\">Cuisine d&rsquo;\u00e9t\u00e9<\/p>\n\n\n\n<figure class=\"wp-block-image size-large\"><img loading=\"lazy\" decoding=\"async\" width=\"1024\" height=\"766\" src=\"http:\/\/seisson-menuiserie.fr\/wp-content\/uploads\/2022\/10\/1621499517052-1024x766.jpg\" alt=\"\" class=\"wp-image-434\" srcset=\"https:\/\/seisson-menuiserie.fr\/wp-content\/uploads\/2022\/10\/1621499517052-1024x766.jpg 1024w, https:\/\/seisson-menuiserie.fr\/wp-content\/uploads\/2022\/10\/1621499517052-300x224.jpg 300w, https:\/\/seisson-menuiserie.fr\/wp-content\/uploads\/2022\/10\/1621499517052-768x575.jpg 768w, https:\/\/seisson-menuiserie.fr\/wp-content\/uploads\/2022\/10\/1621499517052-1536x1149.jpg 1536w, https:\/\/seisson-menuiserie.fr\/wp-content\/uploads\/2022\/10\/1621499517052-2048x1532.jpg 2048w, https:\/\/seisson-menuiserie.fr\/wp-content\/uploads\/2022\/10\/1621499517052-1443x1080.jpg 1443w\" sizes=\"auto, (max-width: 1024px) 100vw, 1024px\" \/><\/figure>\n","protected":false},"excerpt":{"rendered":"<p>Pose d&rsquo;une cuisine cuisine noire mat avec lambris au plafond et sur les murs Cuisine en sapin thermo-chauff\u00e9 cuisine dans une cave vout\u00e9e en pierre, avec am\u00e9nagement de placards et plan de travail Une belle cuisine d&rsquo;\u00e9t\u00e9 en m\u00e9l\u00e8ze Plan de travail en granit du Zimbabwe, cr\u00e9dences en verre tremp\u00e9e Cuisine en ch\u00eane Plan de&hellip; <br \/> <a class=\"read-more\" href=\"https:\/\/seisson-menuiserie.fr\/?page_id=56\">Lire la suite<\/a><\/p>\n","protected":false},"author":1,"featured_media":0,"parent":0,"menu_order":0,"comment_status":"closed","ping_status":"closed","template":"","meta":{"om_disable_all_campaigns":false,"_monsterinsights_skip_tracking":false,"_uf_show_specific_survey":0,"_uf_disable_surveys":false,"footnotes":""},"class_list":["post-56","page","type-page","status-publish","hentry"],"aioseo_notices":[],"aioseo_head":"\n\t\t<!-- All in One SEO 5.0.1.1 - aioseo.com -->\n\t<meta name=\"description\" content=\"Pose d&#039;une cuisine cuisine noire mat avec lambris au plafond et sur les murs Cuisine en sapin thermo-chauff\u00e9 cuisine dans une cave vout\u00e9e en pierre, avec am\u00e9nagement de placards et plan de travail Une belle cuisine d&#039;\u00e9t\u00e9 en m\u00e9l\u00e8ze Plan de travail en granit du Zimbabwe, cr\u00e9dences en verre tremp\u00e9e Cuisine en ch\u00eane Plan de\" \/>\n\t<meta name=\"robots\" content=\"max-image-preview:large\" \/>\n\t<link rel=\"canonical\" href=\"https:\/\/seisson-menuiserie.fr\/?page_id=56\" \/>\n\t<meta name=\"generator\" content=\"All in One SEO (AIOSEO) 5.0.1.1\" \/>\n\t\t<meta property=\"og:locale\" content=\"fr_FR\" \/>\n\t\t<meta property=\"og:site_name\" content=\"Seisson Menuiserie -\" \/>\n\t\t<meta property=\"og:type\" content=\"article\" \/>\n\t\t<meta property=\"og:title\" content=\"Les r\u00e9alisations de cuisines - Seisson Menuiserie\" \/>\n\t\t<meta property=\"og:description\" content=\"Pose d&#039;une cuisine cuisine noire mat avec lambris au plafond et sur les murs Cuisine en sapin thermo-chauff\u00e9 cuisine dans une cave vout\u00e9e en pierre, avec am\u00e9nagement de placards et plan de travail Une belle cuisine d&#039;\u00e9t\u00e9 en m\u00e9l\u00e8ze Plan de travail en granit du Zimbabwe, cr\u00e9dences en verre tremp\u00e9e Cuisine en ch\u00eane Plan de\" \/>\n\t\t<meta property=\"og:url\" content=\"https:\/\/seisson-menuiserie.fr\/?page_id=56\" \/>\n\t\t<meta property=\"og:image\" content=\"https:\/\/seisson-menuiserie.fr\/wp-content\/uploads\/2022\/10\/logo-accueil-1-scaled.jpg\" \/>\n\t\t<meta property=\"og:image:secure_url\" content=\"https:\/\/seisson-menuiserie.fr\/wp-content\/uploads\/2022\/10\/logo-accueil-1-scaled.jpg\" \/>\n\t\t<meta property=\"article:published_time\" content=\"2022-10-01T15:57:58+00:00\" \/>\n\t\t<meta property=\"article:modified_time\" content=\"2024-06-09T14:43:42+00:00\" \/>\n\t\t<meta property=\"article:publisher\" content=\"https:\/\/www.facebook.com\/search\/top?q=seissonmenuiserie\" \/>\n\t\t<meta name=\"twitter:card\" content=\"summary_large_image\" \/>\n\t\t<meta name=\"twitter:title\" content=\"Les r\u00e9alisations de cuisines - Seisson Menuiserie\" \/>\n\t\t<meta name=\"twitter:description\" content=\"Pose d&#039;une cuisine cuisine noire mat avec lambris au plafond et sur les murs Cuisine en sapin thermo-chauff\u00e9 cuisine dans une cave vout\u00e9e en pierre, avec am\u00e9nagement de placards et plan de travail Une belle cuisine d&#039;\u00e9t\u00e9 en m\u00e9l\u00e8ze Plan de travail en granit du Zimbabwe, cr\u00e9dences en verre tremp\u00e9e Cuisine en ch\u00eane Plan de\" \/>\n\t\t<meta name=\"twitter:image\" content=\"http:\/\/seisson-menuiserie.fr\/wp-content\/uploads\/2022\/10\/logo-accueil-1-scaled.jpg\" \/>\n\t\t<script type=\"application\/ld+json\" class=\"aioseo-schema\">\n\t\t\t{\"@context\":\"https:\\\/\\\/schema.org\",\"@graph\":[{\"@type\":\"BreadcrumbList\",\"@id\":\"https:\\\/\\\/seisson-menuiserie.fr\\\/?page_id=56#breadcrumblist\",\"itemListElement\":[{\"@type\":\"ListItem\",\"@id\":\"https:\\\/\\\/seisson-menuiserie.fr#listItem\",\"position\":1,\"name\":\"Home\",\"item\":\"https:\\\/\\\/seisson-menuiserie.fr\",\"nextItem\":{\"@type\":\"ListItem\",\"@id\":\"https:\\\/\\\/seisson-menuiserie.fr\\\/?page_id=56#listItem\",\"name\":\"Les r\\u00e9alisations de cuisines\"}},{\"@type\":\"ListItem\",\"@id\":\"https:\\\/\\\/seisson-menuiserie.fr\\\/?page_id=56#listItem\",\"position\":2,\"name\":\"Les r\\u00e9alisations de cuisines\",\"previousItem\":{\"@type\":\"ListItem\",\"@id\":\"https:\\\/\\\/seisson-menuiserie.fr#listItem\",\"name\":\"Home\"}}]},{\"@type\":\"Organization\",\"@id\":\"https:\\\/\\\/seisson-menuiserie.fr\\\/#organization\",\"name\":\"Seisson Menuiserie\",\"url\":\"https:\\\/\\\/seisson-menuiserie.fr\\\/\",\"logo\":{\"@type\":\"ImageObject\",\"url\":\"https:\\\/\\\/seisson-menuiserie.fr\\\/wp-content\\\/uploads\\\/2022\\\/10\\\/logo-accueil-1-scaled.jpg\",\"@id\":\"https:\\\/\\\/seisson-menuiserie.fr\\\/?page_id=56\\\/#organizationLogo\",\"width\":2560,\"height\":731},\"image\":{\"@id\":\"https:\\\/\\\/seisson-menuiserie.fr\\\/?page_id=56\\\/#organizationLogo\"},\"sameAs\":[\"https:\\\/\\\/www.facebook.com\\\/search\\\/top?q=seissonmenuiserie\",\"https:\\\/\\\/www.instagram.com\\\/seisson_menuiserie\\\/\"]},{\"@type\":\"WebPage\",\"@id\":\"https:\\\/\\\/seisson-menuiserie.fr\\\/?page_id=56#webpage\",\"url\":\"https:\\\/\\\/seisson-menuiserie.fr\\\/?page_id=56\",\"name\":\"Les r\\u00e9alisations de cuisines - Seisson Menuiserie\",\"description\":\"Pose d'une cuisine cuisine noire mat avec lambris au plafond et sur les murs Cuisine en sapin thermo-chauff\\u00e9 cuisine dans une cave vout\\u00e9e en pierre, avec am\\u00e9nagement de placards et plan de travail Une belle cuisine d'\\u00e9t\\u00e9 en m\\u00e9l\\u00e8ze Plan de travail en granit du Zimbabwe, cr\\u00e9dences en verre tremp\\u00e9e Cuisine en ch\\u00eane Plan de\",\"inLanguage\":\"fr-FR\",\"isPartOf\":{\"@id\":\"https:\\\/\\\/seisson-menuiserie.fr\\\/#website\"},\"breadcrumb\":{\"@id\":\"https:\\\/\\\/seisson-menuiserie.fr\\\/?page_id=56#breadcrumblist\"},\"datePublished\":\"2022-10-01T17:57:58+02:00\",\"dateModified\":\"2024-06-09T16:43:42+02:00\"},{\"@type\":\"WebSite\",\"@id\":\"https:\\\/\\\/seisson-menuiserie.fr\\\/#website\",\"url\":\"https:\\\/\\\/seisson-menuiserie.fr\\\/\",\"name\":\"Seisson Menuiserie\",\"inLanguage\":\"fr-FR\",\"publisher\":{\"@id\":\"https:\\\/\\\/seisson-menuiserie.fr\\\/#organization\"}}]}\n\t\t<\/script>\n\t\t<!-- All in One SEO -->\n\n","aioseo_head_json":{"title":"Les r\u00e9alisations de cuisines - Seisson Menuiserie","description":"Pose d'une cuisine cuisine noire mat avec lambris au plafond et sur les murs Cuisine en sapin thermo-chauff\u00e9 cuisine dans une cave vout\u00e9e en pierre, avec am\u00e9nagement de placards et plan de travail Une belle cuisine d'\u00e9t\u00e9 en m\u00e9l\u00e8ze Plan de travail en granit du Zimbabwe, cr\u00e9dences en verre tremp\u00e9e Cuisine en ch\u00eane Plan de","canonical_url":"https:\/\/seisson-menuiserie.fr\/?page_id=56","robots":"max-image-preview:large","keywords":"","webmasterTools":{"miscellaneous":""},"schema":{"@context":"https:\/\/schema.org","@graph":[{"@type":"BreadcrumbList","@id":"https:\/\/seisson-menuiserie.fr\/?page_id=56#breadcrumblist","itemListElement":[{"@type":"ListItem","@id":"https:\/\/seisson-menuiserie.fr#listItem","position":1,"name":"Home","item":"https:\/\/seisson-menuiserie.fr","nextItem":{"@type":"ListItem","@id":"https:\/\/seisson-menuiserie.fr\/?page_id=56#listItem","name":"Les r\u00e9alisations de cuisines"}},{"@type":"ListItem","@id":"https:\/\/seisson-menuiserie.fr\/?page_id=56#listItem","position":2,"name":"Les r\u00e9alisations de cuisines","previousItem":{"@type":"ListItem","@id":"https:\/\/seisson-menuiserie.fr#listItem","name":"Home"}}]},{"@type":"Organization","@id":"https:\/\/seisson-menuiserie.fr\/#organization","name":"Seisson Menuiserie","url":"https:\/\/seisson-menuiserie.fr\/","logo":{"@type":"ImageObject","url":"https:\/\/seisson-menuiserie.fr\/wp-content\/uploads\/2022\/10\/logo-accueil-1-scaled.jpg","@id":"https:\/\/seisson-menuiserie.fr\/?page_id=56\/#organizationLogo","width":2560,"height":731},"image":{"@id":"https:\/\/seisson-menuiserie.fr\/?page_id=56\/#organizationLogo"},"sameAs":["https:\/\/www.facebook.com\/search\/top?q=seissonmenuiserie","https:\/\/www.instagram.com\/seisson_menuiserie\/"]},{"@type":"WebPage","@id":"https:\/\/seisson-menuiserie.fr\/?page_id=56#webpage","url":"https:\/\/seisson-menuiserie.fr\/?page_id=56","name":"Les r\u00e9alisations de cuisines - Seisson Menuiserie","description":"Pose d'une cuisine cuisine noire mat avec lambris au plafond et sur les murs Cuisine en sapin thermo-chauff\u00e9 cuisine dans une cave vout\u00e9e en pierre, avec am\u00e9nagement de placards et plan de travail Une belle cuisine d'\u00e9t\u00e9 en m\u00e9l\u00e8ze Plan de travail en granit du Zimbabwe, cr\u00e9dences en verre tremp\u00e9e Cuisine en ch\u00eane Plan de","inLanguage":"fr-FR","isPartOf":{"@id":"https:\/\/seisson-menuiserie.fr\/#website"},"breadcrumb":{"@id":"https:\/\/seisson-menuiserie.fr\/?page_id=56#breadcrumblist"},"datePublished":"2022-10-01T17:57:58+02:00","dateModified":"2024-06-09T16:43:42+02:00"},{"@type":"WebSite","@id":"https:\/\/seisson-menuiserie.fr\/#website","url":"https:\/\/seisson-menuiserie.fr\/","name":"Seisson Menuiserie","inLanguage":"fr-FR","publisher":{"@id":"https:\/\/seisson-menuiserie.fr\/#organization"}}]},"og:locale":"fr_FR","og:site_name":"Seisson Menuiserie -","og:type":"article","og:title":"Les r\u00e9alisations de cuisines - Seisson Menuiserie","og:description":"Pose d'une cuisine cuisine noire mat avec lambris au plafond et sur les murs Cuisine en sapin thermo-chauff\u00e9 cuisine dans une cave vout\u00e9e en pierre, avec am\u00e9nagement de placards et plan de travail Une belle cuisine d'\u00e9t\u00e9 en m\u00e9l\u00e8ze Plan de travail en granit du Zimbabwe, cr\u00e9dences en verre tremp\u00e9e Cuisine en ch\u00eane Plan de","og:url":"https:\/\/seisson-menuiserie.fr\/?page_id=56","og:image":"https:\/\/seisson-menuiserie.fr\/wp-content\/uploads\/2022\/10\/logo-accueil-1-scaled.jpg","og:image:secure_url":"https:\/\/seisson-menuiserie.fr\/wp-content\/uploads\/2022\/10\/logo-accueil-1-scaled.jpg","article:published_time":"2022-10-01T15:57:58+00:00","article:modified_time":"2024-06-09T14:43:42+00:00","article:publisher":"https:\/\/www.facebook.com\/search\/top?q=seissonmenuiserie","twitter:card":"summary_large_image","twitter:title":"Les r\u00e9alisations de cuisines - Seisson Menuiserie","twitter:description":"Pose d'une cuisine cuisine noire mat avec lambris au plafond et sur les murs Cuisine en sapin thermo-chauff\u00e9 cuisine dans une cave vout\u00e9e en pierre, avec am\u00e9nagement de placards et plan de travail Une belle cuisine d'\u00e9t\u00e9 en m\u00e9l\u00e8ze Plan de travail en granit du Zimbabwe, cr\u00e9dences en verre tremp\u00e9e Cuisine en ch\u00eane Plan de","twitter:image":"http:\/\/seisson-menuiserie.fr\/wp-content\/uploads\/2022\/10\/logo-accueil-1-scaled.jpg"},"aioseo_meta_data":{"post_id":"56","title":null,"description":null,"keywords":[],"keyphrases":{"focus":[],"additional":[]},"primary_term":null,"canonical_url":null,"og_title":null,"og_description":null,"og_object_type":"default","og_image_type":"default","og_image_url":null,"og_image_width":null,"og_image_height":null,"og_image_custom_url":null,"og_image_custom_fields":null,"og_video":"","og_custom_url":null,"og_article_section":null,"og_article_tags":[],"twitter_use_og":false,"twitter_card":"default","twitter_image_type":"default","twitter_image_url":null,"twitter_image_custom_url":null,"twitter_image_custom_fields":null,"twitter_title":null,"twitter_description":null,"schema":{"blockGraphs":[],"customGraphs":[],"default":{"data":{"Article":[],"Course":[],"Dataset":[],"FAQPage":[],"Movie":[],"Person":[],"Product":[],"ProductReview":[],"Car":[],"Recipe":[],"Service":[],"SoftwareApplication":[],"WebPage":[]},"graphName":"WebPage","isEnabled":true},"graphs":[]},"schema_type":"default","schema_type_options":null,"pillar_content":false,"robots_default":true,"robots_noindex":false,"robots_noarchive":false,"robots_nosnippet":false,"robots_nofollow":false,"robots_noimageindex":false,"robots_noodp":false,"robots_notranslate":false,"robots_max_snippet":"-1","robots_max_videopreview":"-1","robots_max_imagepreview":"large","priority":null,"frequency":"default","local_seo":null,"breadcrumb_settings":null,"limit_modified_date":false,"ai":null,"created":"2022-10-10 18:01:17","updated":"2026-09-02 11:13:06","focus_keyword":null,"additional_keywords":null,"truseo_locale":null,"seo_analyzer_scan_date":null},"aioseo_breadcrumb":"<div class=\"aioseo-breadcrumbs\"><span class=\"aioseo-breadcrumb\">\n\t\t\t<a href=\"https:\/\/seisson-menuiserie.fr\" title=\"Home\">Home<\/a>\n\t\t<\/span><span class=\"aioseo-breadcrumb-separator\">&raquo;<\/span><span class=\"aioseo-breadcrumb\">\n\t\t\tLes r\u00e9alisations de cuisines\n\t\t<\/span><\/div>","aioseo_breadcrumb_json":[{"label":"Home","link":"https:\/\/seisson-menuiserie.fr"},{"label":"Les r\u00e9alisations de cuisines","link":"https:\/\/seisson-menuiserie.fr\/?page_id=56"}],"_links":{"self":[{"href":"https:\/\/seisson-menuiserie.fr\/index.php?rest_route=\/wp\/v2\/pages\/56","targetHints":{"allow":["GET"]}}],"collection":[{"href":"https:\/\/seisson-menuiserie.fr\/index.php?rest_route=\/wp\/v2\/pages"}],"about":[{"href":"https:\/\/seisson-menuiserie.fr\/index.php?rest_route=\/wp\/v2\/types\/page"}],"author":[{"embeddable":true,"href":"https:\/\/seisson-menuiserie.fr\/index.php?rest_route=\/wp\/v2\/users\/1"}],"replies":[{"embeddable":true,"href":"https:\/\/seisson-menuiserie.fr\/index.php?rest_route=%2Fwp%2Fv2%2Fcomments&post=56"}],"version-history":[{"count":10,"href":"https:\/\/seisson-menuiserie.fr\/index.php?rest_route=\/wp\/v2\/pages\/56\/revisions"}],"predecessor-version":[{"id":910,"href":"https:\/\/seisson-menuiserie.fr\/index.php?rest_route=\/wp\/v2\/pages\/56\/revisions\/910"}],"wp:attachment":[{"href":"https:\/\/seisson-menuiserie.fr\/index.php?rest_route=%2Fwp%2Fv2%2Fmedia&parent=56"}],"curies":[{"name":"wp","href":"https:\/\/api.w.org\/{rel}","templated":true}]}}