{"id":447,"date":"2022-10-24T19:37:23","date_gmt":"2022-10-24T17:37:23","guid":{"rendered":"http:\/\/seisson-menuiserie.fr\/?page_id=447"},"modified":"2025-06-07T13:07:30","modified_gmt":"2025-06-07T11:07:30","slug":"qui-sommes-nous","status":"publish","type":"page","link":"https:\/\/seisson-menuiserie.fr\/?page_id=447","title":{"rendered":"Qui sommes-nous ?"},"content":{"rendered":"\n<p class=\"wp-block-paragraph\">Cr\u00e9\u00e9e en juin 2021 par Alain Seisson,<strong> Seisson menuiserie<\/strong> est une entreprise artisanale qui allie savoir-faire et exp\u00e9rience.<\/p>\n\n\n\n<h2 class=\"wp-block-heading\">Son cr\u00e9ateur<\/h2>\n\n\n\n<div class=\"wp-block-media-text alignwide is-stacked-on-mobile\"><figure class=\"wp-block-media-text__media\"><img loading=\"lazy\" decoding=\"async\" width=\"1024\" height=\"768\" src=\"http:\/\/seisson-menuiserie.fr\/wp-content\/uploads\/2025\/06\/IMG_5433-1024x768.jpg\" alt=\"\" class=\"wp-image-1113 size-full\" srcset=\"https:\/\/seisson-menuiserie.fr\/wp-content\/uploads\/2025\/06\/IMG_5433-1024x768.jpg 1024w, https:\/\/seisson-menuiserie.fr\/wp-content\/uploads\/2025\/06\/IMG_5433-300x225.jpg 300w, https:\/\/seisson-menuiserie.fr\/wp-content\/uploads\/2025\/06\/IMG_5433-768x576.jpg 768w, https:\/\/seisson-menuiserie.fr\/wp-content\/uploads\/2025\/06\/IMG_5433-1536x1152.jpg 1536w, https:\/\/seisson-menuiserie.fr\/wp-content\/uploads\/2025\/06\/IMG_5433-2048x1536.jpg 2048w, https:\/\/seisson-menuiserie.fr\/wp-content\/uploads\/2025\/06\/IMG_5433-1440x1080.jpg 1440w\" sizes=\"auto, (max-width: 1024px) 100vw, 1024px\" \/><\/figure><div class=\"wp-block-media-text__content\">\n<p class=\"wp-block-paragraph\"><strong>Alain Seisson<\/strong> est un passionn\u00e9 du bois depuis l&rsquo;enfance. Fils de menuisier, et fort de 6 ann\u00e9es chez les Compagnons, il valorise ses acquis dans diff\u00e9rents domaines.<\/p>\n\n\n\n<p class=\"wp-block-paragraph\">Un savoir-faire avec pr\u00e8s de 30 ann\u00e9es d&rsquo;exp\u00e9rience qui lui permet de r\u00e9aliser des menuiseries traditionnelles, patrimoniales ou encore contemporaines.<\/p>\n\n\n\n<p class=\"wp-block-paragraph\">Un ouvrier \u00e9galement passionn\u00e9 et venu compl\u00e9ter l&rsquo;\u00e9quipe de Seisson menuiserie pour satisfaire l&rsquo;ensemble de vos demandes. <\/p>\n<\/div><\/div>\n\n\n\n<div class=\"wp-block-media-text alignwide has-media-on-the-right is-stacked-on-mobile\"><div class=\"wp-block-media-text__content\">\n<p class=\"wp-block-paragraph\">Le savoir-faire de l&rsquo;entreprise a d&rsquo;ailleurs \u00e9t\u00e9 r\u00e9cemment prim\u00e9 au 20e troph\u00e9es des artisans du patrimoine et de l&rsquo;environnement, dans la cat\u00e9gorie \u00ab\u00a0<strong>prix sp\u00e9cial du jury<\/strong>\u00ab\u00a0.<\/p>\n<\/div><figure class=\"wp-block-media-text__media\"><img loading=\"lazy\" decoding=\"async\" width=\"1024\" height=\"683\" src=\"http:\/\/seisson-menuiserie.fr\/wp-content\/uploads\/2022\/10\/IMG_4958-1024x683.jpg\" alt=\"\" class=\"wp-image-413 size-full\" srcset=\"https:\/\/seisson-menuiserie.fr\/wp-content\/uploads\/2022\/10\/IMG_4958-1024x683.jpg 1024w, https:\/\/seisson-menuiserie.fr\/wp-content\/uploads\/2022\/10\/IMG_4958-300x200.jpg 300w, https:\/\/seisson-menuiserie.fr\/wp-content\/uploads\/2022\/10\/IMG_4958-768x512.jpg 768w, https:\/\/seisson-menuiserie.fr\/wp-content\/uploads\/2022\/10\/IMG_4958-1536x1024.jpg 1536w, https:\/\/seisson-menuiserie.fr\/wp-content\/uploads\/2022\/10\/IMG_4958-2048x1365.jpg 2048w, https:\/\/seisson-menuiserie.fr\/wp-content\/uploads\/2022\/10\/IMG_4958-1620x1080.jpg 1620w\" sizes=\"auto, (max-width: 1024px) 100vw, 1024px\" \/><\/figure><\/div>\n\n\n\n<h2 class=\"wp-block-heading\">L&rsquo;entreprise<\/h2>\n\n\n\n<p class=\"wp-block-paragraph\">L&rsquo;entreprise est implant\u00e9e \u00e0 Ruffieux dans un cadre verdoyant.<\/p>\n\n\n\n<figure class=\"wp-block-gallery has-nested-images columns-default is-cropped wp-block-gallery-1 is-layout-flex wp-block-gallery-is-layout-flex\">\n<figure class=\"wp-block-image size-large\"><img loading=\"lazy\" decoding=\"async\" width=\"1024\" height=\"768\" data-id=\"1097\" src=\"https:\/\/seisson-menuiserie.fr\/wp-content\/uploads\/2025\/06\/IMG_5409-1024x768.jpg\" alt=\"\" class=\"wp-image-1097\" srcset=\"https:\/\/seisson-menuiserie.fr\/wp-content\/uploads\/2025\/06\/IMG_5409-1024x768.jpg 1024w, https:\/\/seisson-menuiserie.fr\/wp-content\/uploads\/2025\/06\/IMG_5409-300x225.jpg 300w, https:\/\/seisson-menuiserie.fr\/wp-content\/uploads\/2025\/06\/IMG_5409-768x576.jpg 768w, https:\/\/seisson-menuiserie.fr\/wp-content\/uploads\/2025\/06\/IMG_5409-1536x1152.jpg 1536w, https:\/\/seisson-menuiserie.fr\/wp-content\/uploads\/2025\/06\/IMG_5409-2048x1536.jpg 2048w, https:\/\/seisson-menuiserie.fr\/wp-content\/uploads\/2025\/06\/IMG_5409-1440x1080.jpg 1440w\" sizes=\"auto, (max-width: 1024px) 100vw, 1024px\" \/><\/figure>\n<\/figure>\n\n\n\n<figure class=\"wp-block-gallery has-nested-images columns-default is-cropped wp-block-gallery-2 is-layout-flex wp-block-gallery-is-layout-flex\">\n<figure class=\"wp-block-image size-large\"><img loading=\"lazy\" decoding=\"async\" width=\"768\" height=\"1024\" data-id=\"1110\" src=\"https:\/\/seisson-menuiserie.fr\/wp-content\/uploads\/2025\/06\/IMG_5430-768x1024.jpg\" alt=\"\" class=\"wp-image-1110\" srcset=\"https:\/\/seisson-menuiserie.fr\/wp-content\/uploads\/2025\/06\/IMG_5430-768x1024.jpg 768w, https:\/\/seisson-menuiserie.fr\/wp-content\/uploads\/2025\/06\/IMG_5430-225x300.jpg 225w, https:\/\/seisson-menuiserie.fr\/wp-content\/uploads\/2025\/06\/IMG_5430-1152x1536.jpg 1152w, https:\/\/seisson-menuiserie.fr\/wp-content\/uploads\/2025\/06\/IMG_5430-1536x2048.jpg 1536w, https:\/\/seisson-menuiserie.fr\/wp-content\/uploads\/2025\/06\/IMG_5430-1024x1365.jpg 1024w, https:\/\/seisson-menuiserie.fr\/wp-content\/uploads\/2025\/06\/IMG_5430-810x1080.jpg 810w, https:\/\/seisson-menuiserie.fr\/wp-content\/uploads\/2025\/06\/IMG_5430-scaled.jpg 1920w\" sizes=\"auto, (max-width: 768px) 100vw, 768px\" \/><\/figure>\n\n\n\n<figure class=\"wp-block-image size-large\"><img loading=\"lazy\" decoding=\"async\" width=\"1024\" height=\"768\" data-id=\"1107\" src=\"https:\/\/seisson-menuiserie.fr\/wp-content\/uploads\/2025\/06\/IMG_5427-1024x768.jpg\" alt=\"\" class=\"wp-image-1107\" srcset=\"https:\/\/seisson-menuiserie.fr\/wp-content\/uploads\/2025\/06\/IMG_5427-1024x768.jpg 1024w, https:\/\/seisson-menuiserie.fr\/wp-content\/uploads\/2025\/06\/IMG_5427-300x225.jpg 300w, https:\/\/seisson-menuiserie.fr\/wp-content\/uploads\/2025\/06\/IMG_5427-768x576.jpg 768w, https:\/\/seisson-menuiserie.fr\/wp-content\/uploads\/2025\/06\/IMG_5427-1536x1152.jpg 1536w, https:\/\/seisson-menuiserie.fr\/wp-content\/uploads\/2025\/06\/IMG_5427-2048x1536.jpg 2048w, https:\/\/seisson-menuiserie.fr\/wp-content\/uploads\/2025\/06\/IMG_5427-1440x1080.jpg 1440w\" sizes=\"auto, (max-width: 1024px) 100vw, 1024px\" \/><\/figure>\n\n\n\n<figure class=\"wp-block-image size-large\"><img loading=\"lazy\" decoding=\"async\" width=\"1024\" height=\"768\" data-id=\"1100\" src=\"https:\/\/seisson-menuiserie.fr\/wp-content\/uploads\/2025\/06\/IMG_5415-1024x768.jpg\" alt=\"\" class=\"wp-image-1100\" srcset=\"https:\/\/seisson-menuiserie.fr\/wp-content\/uploads\/2025\/06\/IMG_5415-1024x768.jpg 1024w, https:\/\/seisson-menuiserie.fr\/wp-content\/uploads\/2025\/06\/IMG_5415-300x225.jpg 300w, https:\/\/seisson-menuiserie.fr\/wp-content\/uploads\/2025\/06\/IMG_5415-768x576.jpg 768w, https:\/\/seisson-menuiserie.fr\/wp-content\/uploads\/2025\/06\/IMG_5415-1536x1152.jpg 1536w, https:\/\/seisson-menuiserie.fr\/wp-content\/uploads\/2025\/06\/IMG_5415-2048x1536.jpg 2048w, https:\/\/seisson-menuiserie.fr\/wp-content\/uploads\/2025\/06\/IMG_5415-1440x1080.jpg 1440w\" sizes=\"auto, (max-width: 1024px) 100vw, 1024px\" \/><\/figure>\n\n\n\n<figure class=\"wp-block-image size-large\"><img loading=\"lazy\" decoding=\"async\" width=\"1024\" height=\"768\" data-id=\"1098\" src=\"https:\/\/seisson-menuiserie.fr\/wp-content\/uploads\/2025\/06\/IMG_5411-1024x768.jpg\" alt=\"\" class=\"wp-image-1098\" srcset=\"https:\/\/seisson-menuiserie.fr\/wp-content\/uploads\/2025\/06\/IMG_5411-1024x768.jpg 1024w, https:\/\/seisson-menuiserie.fr\/wp-content\/uploads\/2025\/06\/IMG_5411-300x225.jpg 300w, https:\/\/seisson-menuiserie.fr\/wp-content\/uploads\/2025\/06\/IMG_5411-768x576.jpg 768w, https:\/\/seisson-menuiserie.fr\/wp-content\/uploads\/2025\/06\/IMG_5411-1536x1152.jpg 1536w, https:\/\/seisson-menuiserie.fr\/wp-content\/uploads\/2025\/06\/IMG_5411-2048x1536.jpg 2048w, https:\/\/seisson-menuiserie.fr\/wp-content\/uploads\/2025\/06\/IMG_5411-1440x1080.jpg 1440w\" sizes=\"auto, (max-width: 1024px) 100vw, 1024px\" \/><\/figure>\n\n\n\n<figure class=\"wp-block-image size-large\"><img loading=\"lazy\" decoding=\"async\" width=\"1024\" height=\"768\" data-id=\"1099\" src=\"https:\/\/seisson-menuiserie.fr\/wp-content\/uploads\/2025\/06\/IMG_5413-1024x768.jpg\" alt=\"\" class=\"wp-image-1099\" srcset=\"https:\/\/seisson-menuiserie.fr\/wp-content\/uploads\/2025\/06\/IMG_5413-1024x768.jpg 1024w, https:\/\/seisson-menuiserie.fr\/wp-content\/uploads\/2025\/06\/IMG_5413-300x225.jpg 300w, https:\/\/seisson-menuiserie.fr\/wp-content\/uploads\/2025\/06\/IMG_5413-768x576.jpg 768w, https:\/\/seisson-menuiserie.fr\/wp-content\/uploads\/2025\/06\/IMG_5413-1536x1152.jpg 1536w, https:\/\/seisson-menuiserie.fr\/wp-content\/uploads\/2025\/06\/IMG_5413-2048x1536.jpg 2048w, https:\/\/seisson-menuiserie.fr\/wp-content\/uploads\/2025\/06\/IMG_5413-1440x1080.jpg 1440w\" sizes=\"auto, (max-width: 1024px) 100vw, 1024px\" \/><\/figure>\n<\/figure>\n\n\n\n<figure class=\"wp-block-gallery has-nested-images columns-default is-cropped wp-block-gallery-3 is-layout-flex wp-block-gallery-is-layout-flex\">\n<figure class=\"wp-block-image size-large\"><img loading=\"lazy\" decoding=\"async\" width=\"1024\" height=\"462\" data-id=\"1071\" src=\"https:\/\/seisson-menuiserie.fr\/wp-content\/uploads\/2025\/06\/PHOTO-2025-06-04-13-48-47-1024x462.jpg\" alt=\"\" class=\"wp-image-1071\" srcset=\"https:\/\/seisson-menuiserie.fr\/wp-content\/uploads\/2025\/06\/PHOTO-2025-06-04-13-48-47-1024x462.jpg 1024w, https:\/\/seisson-menuiserie.fr\/wp-content\/uploads\/2025\/06\/PHOTO-2025-06-04-13-48-47-300x135.jpg 300w, https:\/\/seisson-menuiserie.fr\/wp-content\/uploads\/2025\/06\/PHOTO-2025-06-04-13-48-47-768x346.jpg 768w, https:\/\/seisson-menuiserie.fr\/wp-content\/uploads\/2025\/06\/PHOTO-2025-06-04-13-48-47-1536x693.jpg 1536w, https:\/\/seisson-menuiserie.fr\/wp-content\/uploads\/2025\/06\/PHOTO-2025-06-04-13-48-47-1920x866.jpg 1920w, https:\/\/seisson-menuiserie.fr\/wp-content\/uploads\/2025\/06\/PHOTO-2025-06-04-13-48-47.jpg 2040w\" sizes=\"auto, (max-width: 1024px) 100vw, 1024px\" \/><\/figure>\n<\/figure>\n\n\n\n<h2 class=\"wp-block-heading\">L&rsquo;atelier<\/h2>\n\n\n\n<p class=\"wp-block-paragraph\">Un atelier de 400 m2 dont 100 m2 de stockage et une cabine \u00e0 vernis et peinture.<\/p>\n\n\n\n<figure class=\"wp-block-gallery has-nested-images columns-default is-cropped wp-block-gallery-4 is-layout-flex wp-block-gallery-is-layout-flex\">\n<figure class=\"wp-block-image size-large\"><img loading=\"lazy\" decoding=\"async\" width=\"1024\" height=\"768\" data-id=\"1105\" src=\"https:\/\/seisson-menuiserie.fr\/wp-content\/uploads\/2025\/06\/IMG_5423-1024x768.jpg\" alt=\"\" class=\"wp-image-1105\" srcset=\"https:\/\/seisson-menuiserie.fr\/wp-content\/uploads\/2025\/06\/IMG_5423-1024x768.jpg 1024w, https:\/\/seisson-menuiserie.fr\/wp-content\/uploads\/2025\/06\/IMG_5423-300x225.jpg 300w, https:\/\/seisson-menuiserie.fr\/wp-content\/uploads\/2025\/06\/IMG_5423-768x576.jpg 768w, https:\/\/seisson-menuiserie.fr\/wp-content\/uploads\/2025\/06\/IMG_5423-1536x1152.jpg 1536w, https:\/\/seisson-menuiserie.fr\/wp-content\/uploads\/2025\/06\/IMG_5423-2048x1536.jpg 2048w, https:\/\/seisson-menuiserie.fr\/wp-content\/uploads\/2025\/06\/IMG_5423-1440x1080.jpg 1440w\" sizes=\"auto, (max-width: 1024px) 100vw, 1024px\" \/><\/figure>\n\n\n\n<figure class=\"wp-block-image size-large\"><img loading=\"lazy\" decoding=\"async\" width=\"1024\" height=\"768\" data-id=\"1104\" src=\"https:\/\/seisson-menuiserie.fr\/wp-content\/uploads\/2025\/06\/IMG_5422-1024x768.jpg\" alt=\"\" class=\"wp-image-1104\" srcset=\"https:\/\/seisson-menuiserie.fr\/wp-content\/uploads\/2025\/06\/IMG_5422-1024x768.jpg 1024w, https:\/\/seisson-menuiserie.fr\/wp-content\/uploads\/2025\/06\/IMG_5422-300x225.jpg 300w, https:\/\/seisson-menuiserie.fr\/wp-content\/uploads\/2025\/06\/IMG_5422-768x576.jpg 768w, https:\/\/seisson-menuiserie.fr\/wp-content\/uploads\/2025\/06\/IMG_5422-1536x1152.jpg 1536w, https:\/\/seisson-menuiserie.fr\/wp-content\/uploads\/2025\/06\/IMG_5422-2048x1536.jpg 2048w, https:\/\/seisson-menuiserie.fr\/wp-content\/uploads\/2025\/06\/IMG_5422-1440x1080.jpg 1440w\" sizes=\"auto, (max-width: 1024px) 100vw, 1024px\" \/><\/figure>\n\n\n\n<figure class=\"wp-block-image size-large\"><img loading=\"lazy\" decoding=\"async\" width=\"768\" height=\"1024\" data-id=\"1103\" src=\"https:\/\/seisson-menuiserie.fr\/wp-content\/uploads\/2025\/06\/IMG_5420-768x1024.jpg\" alt=\"\" class=\"wp-image-1103\" srcset=\"https:\/\/seisson-menuiserie.fr\/wp-content\/uploads\/2025\/06\/IMG_5420-768x1024.jpg 768w, https:\/\/seisson-menuiserie.fr\/wp-content\/uploads\/2025\/06\/IMG_5420-225x300.jpg 225w, https:\/\/seisson-menuiserie.fr\/wp-content\/uploads\/2025\/06\/IMG_5420-1152x1536.jpg 1152w, https:\/\/seisson-menuiserie.fr\/wp-content\/uploads\/2025\/06\/IMG_5420-1536x2048.jpg 1536w, https:\/\/seisson-menuiserie.fr\/wp-content\/uploads\/2025\/06\/IMG_5420-1024x1365.jpg 1024w, https:\/\/seisson-menuiserie.fr\/wp-content\/uploads\/2025\/06\/IMG_5420-810x1080.jpg 810w, https:\/\/seisson-menuiserie.fr\/wp-content\/uploads\/2025\/06\/IMG_5420-scaled.jpg 1920w\" sizes=\"auto, (max-width: 768px) 100vw, 768px\" \/><\/figure>\n\n\n\n<figure class=\"wp-block-image size-large\"><img loading=\"lazy\" decoding=\"async\" width=\"1024\" height=\"768\" data-id=\"1101\" src=\"https:\/\/seisson-menuiserie.fr\/wp-content\/uploads\/2025\/06\/IMG_5416-1024x768.jpg\" alt=\"\" class=\"wp-image-1101\" srcset=\"https:\/\/seisson-menuiserie.fr\/wp-content\/uploads\/2025\/06\/IMG_5416-1024x768.jpg 1024w, https:\/\/seisson-menuiserie.fr\/wp-content\/uploads\/2025\/06\/IMG_5416-300x225.jpg 300w, https:\/\/seisson-menuiserie.fr\/wp-content\/uploads\/2025\/06\/IMG_5416-768x576.jpg 768w, https:\/\/seisson-menuiserie.fr\/wp-content\/uploads\/2025\/06\/IMG_5416-1536x1152.jpg 1536w, https:\/\/seisson-menuiserie.fr\/wp-content\/uploads\/2025\/06\/IMG_5416-2048x1536.jpg 2048w, https:\/\/seisson-menuiserie.fr\/wp-content\/uploads\/2025\/06\/IMG_5416-1440x1080.jpg 1440w\" sizes=\"auto, (max-width: 1024px) 100vw, 1024px\" \/><\/figure>\n<\/figure>\n\n\n\n<p class=\"wp-block-paragraph\">avec tout le confort n\u00e9cessaire pour les salari\u00e9s et apprentis.<\/p>\n\n\n\n<figure class=\"wp-block-gallery has-nested-images columns-default is-cropped wp-block-gallery-5 is-layout-flex wp-block-gallery-is-layout-flex\">\n<figure class=\"wp-block-image size-large\"><img loading=\"lazy\" decoding=\"async\" width=\"1024\" height=\"768\" data-id=\"1106\" src=\"https:\/\/seisson-menuiserie.fr\/wp-content\/uploads\/2025\/06\/IMG_5424-1024x768.jpg\" alt=\"\" class=\"wp-image-1106\" srcset=\"https:\/\/seisson-menuiserie.fr\/wp-content\/uploads\/2025\/06\/IMG_5424-1024x768.jpg 1024w, https:\/\/seisson-menuiserie.fr\/wp-content\/uploads\/2025\/06\/IMG_5424-300x225.jpg 300w, https:\/\/seisson-menuiserie.fr\/wp-content\/uploads\/2025\/06\/IMG_5424-768x576.jpg 768w, https:\/\/seisson-menuiserie.fr\/wp-content\/uploads\/2025\/06\/IMG_5424-1536x1152.jpg 1536w, https:\/\/seisson-menuiserie.fr\/wp-content\/uploads\/2025\/06\/IMG_5424-2048x1536.jpg 2048w, https:\/\/seisson-menuiserie.fr\/wp-content\/uploads\/2025\/06\/IMG_5424-1440x1080.jpg 1440w\" sizes=\"auto, (max-width: 1024px) 100vw, 1024px\" \/><\/figure>\n<\/figure>\n\n\n\n<h2 class=\"wp-block-heading\">La fabrication<\/h2>\n\n\n\n<p class=\"wp-block-paragraph\">La fabrication est artisanale et r\u00e9alis\u00e9e dans l&rsquo;atelier principal.<\/p>\n\n\n\n<p class=\"wp-block-paragraph\">Le bois utilis\u00e9 provient de fournisseurs locaux.<\/p>\n\n\n\n<p class=\"wp-block-paragraph\"><a href=\"http:\/\/seisson-menuiserie.fr\/?page_id=44(ouvre un nouvel onglet)\">Voir les diff\u00e9rentes r\u00e9alisations ici<\/a><\/p>\n\n\n\n<div class=\"wp-block-columns is-layout-flex wp-container-core-columns-is-layout-8f761849 wp-block-columns-is-layout-flex\">\n<div class=\"wp-block-column is-layout-flow wp-block-column-is-layout-flow\" style=\"flex-basis:100%\"><\/div>\n<\/div>\n\n\n\n<div class=\"wp-block-responsive-lightbox-gallery\"><div class=\"rl-gallery-container rl-loading\" id=\"rl-gallery-container-1\" data-gallery_id=\"466\"> <div class=\"rl-gallery rl-basicgrid-gallery \" id=\"rl-gallery-1\" data-gallery_no=\"1\"> <div class=\"rl-gallery-item\"><a href=\"https:\/\/seisson-menuiserie.fr\/wp-content\/uploads\/2022\/10\/IMG_4952-scaled.jpg\" title=\"\" data-rl_title=\"\" class=\"rl-gallery-link\" data-rl_caption=\"\" data-rel=\"lightbox-gallery-1\"><img loading=\"lazy\" decoding=\"async\" src=\"https:\/\/seisson-menuiserie.fr\/wp-content\/uploads\/2022\/10\/IMG_4952-200x300.jpg\" width=\"200\" height=\"300\" alt=\"\" \/><\/a><\/div><div class=\"rl-gallery-item\"><a href=\"https:\/\/seisson-menuiserie.fr\/wp-content\/uploads\/2022\/10\/IMG_4944-scaled.jpg\" title=\"\" data-rl_title=\"\" class=\"rl-gallery-link\" data-rl_caption=\"\" data-rel=\"lightbox-gallery-1\"><img loading=\"lazy\" decoding=\"async\" src=\"https:\/\/seisson-menuiserie.fr\/wp-content\/uploads\/2022\/10\/IMG_4944-200x300.jpg\" width=\"200\" height=\"300\" alt=\"\" \/><\/a><\/div> <\/div> <\/div><\/div>\n","protected":false},"excerpt":{"rendered":"<p>Cr\u00e9\u00e9e en juin 2021 par Alain Seisson, Seisson menuiserie est une entreprise artisanale qui allie savoir-faire et exp\u00e9rience. Son cr\u00e9ateur Alain Seisson est un passionn\u00e9 du bois depuis l&rsquo;enfance. Fils de menuisier, et fort de 6 ann\u00e9es chez les Compagnons, il valorise ses acquis dans diff\u00e9rents domaines. Un savoir-faire avec pr\u00e8s de 30 ann\u00e9es d&rsquo;exp\u00e9rience&hellip; <br \/> <a class=\"read-more\" href=\"https:\/\/seisson-menuiserie.fr\/?page_id=447\">Lire la suite<\/a><\/p>\n","protected":false},"author":1,"featured_media":413,"parent":0,"menu_order":0,"comment_status":"closed","ping_status":"closed","template":"","meta":{"om_disable_all_campaigns":false,"_monsterinsights_skip_tracking":false,"_uf_show_specific_survey":0,"_uf_disable_surveys":false,"footnotes":""},"class_list":["post-447","page","type-page","status-publish","has-post-thumbnail","hentry"],"aioseo_notices":[],"aioseo_head":"\n\t\t<!-- All in One SEO 5.0.1.1 - aioseo.com -->\n\t<meta name=\"description\" content=\"Cr\u00e9\u00e9e en juin 2021 par Alain Seisson, Seisson menuiserie est une entreprise artisanale qui allie savoir-faire et exp\u00e9rience. Son cr\u00e9ateur Alain Seisson est un passionn\u00e9 du bois depuis l&#039;enfance. Fils de menuisier, et fort de 6 ann\u00e9es chez les Compagnons, il valorise ses acquis dans diff\u00e9rents domaines. Un savoir-faire avec pr\u00e8s de 30 ann\u00e9es d&#039;exp\u00e9rience\" \/>\n\t<meta name=\"robots\" content=\"max-image-preview:large\" \/>\n\t<link rel=\"canonical\" href=\"https:\/\/seisson-menuiserie.fr\/?page_id=447\" \/>\n\t<meta name=\"generator\" content=\"All in One SEO (AIOSEO) 5.0.1.1\" \/>\n\t\t<meta property=\"og:locale\" content=\"fr_FR\" \/>\n\t\t<meta property=\"og:site_name\" content=\"Seisson Menuiserie -\" \/>\n\t\t<meta property=\"og:type\" content=\"article\" \/>\n\t\t<meta property=\"og:title\" content=\"Qui sommes-nous ? - Seisson Menuiserie\" \/>\n\t\t<meta property=\"og:description\" content=\"Cr\u00e9\u00e9e en juin 2021 par Alain Seisson, Seisson menuiserie est une entreprise artisanale qui allie savoir-faire et exp\u00e9rience. Son cr\u00e9ateur Alain Seisson est un passionn\u00e9 du bois depuis l&#039;enfance. Fils de menuisier, et fort de 6 ann\u00e9es chez les Compagnons, il valorise ses acquis dans diff\u00e9rents domaines. Un savoir-faire avec pr\u00e8s de 30 ann\u00e9es d&#039;exp\u00e9rience\" \/>\n\t\t<meta property=\"og:url\" content=\"https:\/\/seisson-menuiserie.fr\/?page_id=447\" \/>\n\t\t<meta property=\"og:image\" content=\"https:\/\/seisson-menuiserie.fr\/wp-content\/uploads\/2022\/10\/IMG_4958-scaled.jpg\" \/>\n\t\t<meta property=\"og:image:secure_url\" content=\"https:\/\/seisson-menuiserie.fr\/wp-content\/uploads\/2022\/10\/IMG_4958-scaled.jpg\" \/>\n\t\t<meta property=\"og:image:width\" content=\"2560\" \/>\n\t\t<meta property=\"og:image:height\" content=\"1707\" \/>\n\t\t<meta property=\"article:published_time\" content=\"2022-10-24T17:37:23+00:00\" \/>\n\t\t<meta property=\"article:modified_time\" content=\"2025-06-07T11:07:30+00:00\" \/>\n\t\t<meta property=\"article:publisher\" content=\"https:\/\/www.facebook.com\/search\/top?q=seissonmenuiserie\" \/>\n\t\t<meta name=\"twitter:card\" content=\"summary_large_image\" \/>\n\t\t<meta name=\"twitter:title\" content=\"Qui sommes-nous ? - Seisson Menuiserie\" \/>\n\t\t<meta name=\"twitter:description\" content=\"Cr\u00e9\u00e9e en juin 2021 par Alain Seisson, Seisson menuiserie est une entreprise artisanale qui allie savoir-faire et exp\u00e9rience. Son cr\u00e9ateur Alain Seisson est un passionn\u00e9 du bois depuis l&#039;enfance. Fils de menuisier, et fort de 6 ann\u00e9es chez les Compagnons, il valorise ses acquis dans diff\u00e9rents domaines. Un savoir-faire avec pr\u00e8s de 30 ann\u00e9es d&#039;exp\u00e9rience\" \/>\n\t\t<meta name=\"twitter:image\" content=\"http:\/\/seisson-menuiserie.fr\/wp-content\/uploads\/2022\/10\/logo-accueil-1-scaled.jpg\" \/>\n\t\t<script type=\"application\/ld+json\" class=\"aioseo-schema\">\n\t\t\t{\"@context\":\"https:\\\/\\\/schema.org\",\"@graph\":[{\"@type\":\"BreadcrumbList\",\"@id\":\"https:\\\/\\\/seisson-menuiserie.fr\\\/?page_id=447#breadcrumblist\",\"itemListElement\":[{\"@type\":\"ListItem\",\"@id\":\"https:\\\/\\\/seisson-menuiserie.fr#listItem\",\"position\":1,\"name\":\"Home\",\"item\":\"https:\\\/\\\/seisson-menuiserie.fr\",\"nextItem\":{\"@type\":\"ListItem\",\"@id\":\"https:\\\/\\\/seisson-menuiserie.fr\\\/?page_id=447#listItem\",\"name\":\"Qui sommes-nous ?\"}},{\"@type\":\"ListItem\",\"@id\":\"https:\\\/\\\/seisson-menuiserie.fr\\\/?page_id=447#listItem\",\"position\":2,\"name\":\"Qui sommes-nous ?\",\"previousItem\":{\"@type\":\"ListItem\",\"@id\":\"https:\\\/\\\/seisson-menuiserie.fr#listItem\",\"name\":\"Home\"}}]},{\"@type\":\"Organization\",\"@id\":\"https:\\\/\\\/seisson-menuiserie.fr\\\/#organization\",\"name\":\"Seisson Menuiserie\",\"url\":\"https:\\\/\\\/seisson-menuiserie.fr\\\/\",\"logo\":{\"@type\":\"ImageObject\",\"url\":\"https:\\\/\\\/seisson-menuiserie.fr\\\/wp-content\\\/uploads\\\/2022\\\/10\\\/logo-accueil-1-scaled.jpg\",\"@id\":\"https:\\\/\\\/seisson-menuiserie.fr\\\/?page_id=447\\\/#organizationLogo\",\"width\":2560,\"height\":731},\"image\":{\"@id\":\"https:\\\/\\\/seisson-menuiserie.fr\\\/?page_id=447\\\/#organizationLogo\"},\"sameAs\":[\"https:\\\/\\\/www.facebook.com\\\/search\\\/top?q=seissonmenuiserie\",\"https:\\\/\\\/www.instagram.com\\\/seisson_menuiserie\\\/\"]},{\"@type\":\"WebPage\",\"@id\":\"https:\\\/\\\/seisson-menuiserie.fr\\\/?page_id=447#webpage\",\"url\":\"https:\\\/\\\/seisson-menuiserie.fr\\\/?page_id=447\",\"name\":\"Qui sommes-nous ? - Seisson Menuiserie\",\"description\":\"Cr\\u00e9\\u00e9e en juin 2021 par Alain Seisson, Seisson menuiserie est une entreprise artisanale qui allie savoir-faire et exp\\u00e9rience. Son cr\\u00e9ateur Alain Seisson est un passionn\\u00e9 du bois depuis l'enfance. Fils de menuisier, et fort de 6 ann\\u00e9es chez les Compagnons, il valorise ses acquis dans diff\\u00e9rents domaines. Un savoir-faire avec pr\\u00e8s de 30 ann\\u00e9es d'exp\\u00e9rience\",\"inLanguage\":\"fr-FR\",\"isPartOf\":{\"@id\":\"https:\\\/\\\/seisson-menuiserie.fr\\\/#website\"},\"breadcrumb\":{\"@id\":\"https:\\\/\\\/seisson-menuiserie.fr\\\/?page_id=447#breadcrumblist\"},\"image\":{\"@type\":\"ImageObject\",\"url\":\"https:\\\/\\\/seisson-menuiserie.fr\\\/wp-content\\\/uploads\\\/2022\\\/10\\\/IMG_4958-scaled.jpg\",\"@id\":\"https:\\\/\\\/seisson-menuiserie.fr\\\/?page_id=447\\\/#mainImage\",\"width\":2560,\"height\":1707},\"primaryImageOfPage\":{\"@id\":\"https:\\\/\\\/seisson-menuiserie.fr\\\/?page_id=447#mainImage\"},\"datePublished\":\"2022-10-24T19:37:23+02:00\",\"dateModified\":\"2025-06-07T13:07:30+02:00\"},{\"@type\":\"WebSite\",\"@id\":\"https:\\\/\\\/seisson-menuiserie.fr\\\/#website\",\"url\":\"https:\\\/\\\/seisson-menuiserie.fr\\\/\",\"name\":\"Seisson Menuiserie\",\"inLanguage\":\"fr-FR\",\"publisher\":{\"@id\":\"https:\\\/\\\/seisson-menuiserie.fr\\\/#organization\"}}]}\n\t\t<\/script>\n\t\t<!-- All in One SEO -->\n\n","aioseo_head_json":{"title":"Qui sommes-nous ? - Seisson Menuiserie","description":"Cr\u00e9\u00e9e en juin 2021 par Alain Seisson, Seisson menuiserie est une entreprise artisanale qui allie savoir-faire et exp\u00e9rience. Son cr\u00e9ateur Alain Seisson est un passionn\u00e9 du bois depuis l'enfance. Fils de menuisier, et fort de 6 ann\u00e9es chez les Compagnons, il valorise ses acquis dans diff\u00e9rents domaines. Un savoir-faire avec pr\u00e8s de 30 ann\u00e9es d'exp\u00e9rience","canonical_url":"https:\/\/seisson-menuiserie.fr\/?page_id=447","robots":"max-image-preview:large","keywords":"","webmasterTools":{"miscellaneous":""},"schema":{"@context":"https:\/\/schema.org","@graph":[{"@type":"BreadcrumbList","@id":"https:\/\/seisson-menuiserie.fr\/?page_id=447#breadcrumblist","itemListElement":[{"@type":"ListItem","@id":"https:\/\/seisson-menuiserie.fr#listItem","position":1,"name":"Home","item":"https:\/\/seisson-menuiserie.fr","nextItem":{"@type":"ListItem","@id":"https:\/\/seisson-menuiserie.fr\/?page_id=447#listItem","name":"Qui sommes-nous ?"}},{"@type":"ListItem","@id":"https:\/\/seisson-menuiserie.fr\/?page_id=447#listItem","position":2,"name":"Qui sommes-nous ?","previousItem":{"@type":"ListItem","@id":"https:\/\/seisson-menuiserie.fr#listItem","name":"Home"}}]},{"@type":"Organization","@id":"https:\/\/seisson-menuiserie.fr\/#organization","name":"Seisson Menuiserie","url":"https:\/\/seisson-menuiserie.fr\/","logo":{"@type":"ImageObject","url":"https:\/\/seisson-menuiserie.fr\/wp-content\/uploads\/2022\/10\/logo-accueil-1-scaled.jpg","@id":"https:\/\/seisson-menuiserie.fr\/?page_id=447\/#organizationLogo","width":2560,"height":731},"image":{"@id":"https:\/\/seisson-menuiserie.fr\/?page_id=447\/#organizationLogo"},"sameAs":["https:\/\/www.facebook.com\/search\/top?q=seissonmenuiserie","https:\/\/www.instagram.com\/seisson_menuiserie\/"]},{"@type":"WebPage","@id":"https:\/\/seisson-menuiserie.fr\/?page_id=447#webpage","url":"https:\/\/seisson-menuiserie.fr\/?page_id=447","name":"Qui sommes-nous ? - Seisson Menuiserie","description":"Cr\u00e9\u00e9e en juin 2021 par Alain Seisson, Seisson menuiserie est une entreprise artisanale qui allie savoir-faire et exp\u00e9rience. Son cr\u00e9ateur Alain Seisson est un passionn\u00e9 du bois depuis l'enfance. Fils de menuisier, et fort de 6 ann\u00e9es chez les Compagnons, il valorise ses acquis dans diff\u00e9rents domaines. Un savoir-faire avec pr\u00e8s de 30 ann\u00e9es d'exp\u00e9rience","inLanguage":"fr-FR","isPartOf":{"@id":"https:\/\/seisson-menuiserie.fr\/#website"},"breadcrumb":{"@id":"https:\/\/seisson-menuiserie.fr\/?page_id=447#breadcrumblist"},"image":{"@type":"ImageObject","url":"https:\/\/seisson-menuiserie.fr\/wp-content\/uploads\/2022\/10\/IMG_4958-scaled.jpg","@id":"https:\/\/seisson-menuiserie.fr\/?page_id=447\/#mainImage","width":2560,"height":1707},"primaryImageOfPage":{"@id":"https:\/\/seisson-menuiserie.fr\/?page_id=447#mainImage"},"datePublished":"2022-10-24T19:37:23+02:00","dateModified":"2025-06-07T13:07:30+02:00"},{"@type":"WebSite","@id":"https:\/\/seisson-menuiserie.fr\/#website","url":"https:\/\/seisson-menuiserie.fr\/","name":"Seisson Menuiserie","inLanguage":"fr-FR","publisher":{"@id":"https:\/\/seisson-menuiserie.fr\/#organization"}}]},"og:locale":"fr_FR","og:site_name":"Seisson Menuiserie -","og:type":"article","og:title":"Qui sommes-nous ? - Seisson Menuiserie","og:description":"Cr\u00e9\u00e9e en juin 2021 par Alain Seisson, Seisson menuiserie est une entreprise artisanale qui allie savoir-faire et exp\u00e9rience. Son cr\u00e9ateur Alain Seisson est un passionn\u00e9 du bois depuis l'enfance. Fils de menuisier, et fort de 6 ann\u00e9es chez les Compagnons, il valorise ses acquis dans diff\u00e9rents domaines. Un savoir-faire avec pr\u00e8s de 30 ann\u00e9es d'exp\u00e9rience","og:url":"https:\/\/seisson-menuiserie.fr\/?page_id=447","og:image":"https:\/\/seisson-menuiserie.fr\/wp-content\/uploads\/2022\/10\/IMG_4958-scaled.jpg","og:image:secure_url":"https:\/\/seisson-menuiserie.fr\/wp-content\/uploads\/2022\/10\/IMG_4958-scaled.jpg","og:image:width":2560,"og:image:height":1707,"article:published_time":"2022-10-24T17:37:23+00:00","article:modified_time":"2025-06-07T11:07:30+00:00","article:publisher":"https:\/\/www.facebook.com\/search\/top?q=seissonmenuiserie","twitter:card":"summary_large_image","twitter:title":"Qui sommes-nous ? - Seisson Menuiserie","twitter:description":"Cr\u00e9\u00e9e en juin 2021 par Alain Seisson, Seisson menuiserie est une entreprise artisanale qui allie savoir-faire et exp\u00e9rience. Son cr\u00e9ateur Alain Seisson est un passionn\u00e9 du bois depuis l'enfance. Fils de menuisier, et fort de 6 ann\u00e9es chez les Compagnons, il valorise ses acquis dans diff\u00e9rents domaines. Un savoir-faire avec pr\u00e8s de 30 ann\u00e9es d'exp\u00e9rience","twitter:image":"http:\/\/seisson-menuiserie.fr\/wp-content\/uploads\/2022\/10\/logo-accueil-1-scaled.jpg"},"aioseo_meta_data":{"post_id":"447","title":null,"description":null,"keywords":null,"keyphrases":{"focus":[],"additional":[]},"primary_term":null,"canonical_url":null,"og_title":null,"og_description":null,"og_object_type":"default","og_image_type":"default","og_image_url":null,"og_image_width":null,"og_image_height":null,"og_image_custom_url":null,"og_image_custom_fields":null,"og_video":"","og_custom_url":null,"og_article_section":null,"og_article_tags":null,"twitter_use_og":false,"twitter_card":"default","twitter_image_type":"default","twitter_image_url":null,"twitter_image_custom_url":null,"twitter_image_custom_fields":null,"twitter_title":null,"twitter_description":null,"schema":{"blockGraphs":[],"customGraphs":[],"default":{"data":{"Article":[],"Course":[],"Dataset":[],"FAQPage":[],"Movie":[],"Person":[],"Product":[],"ProductReview":[],"Car":[],"Recipe":[],"Service":[],"SoftwareApplication":[],"WebPage":[]},"graphName":"WebPage","isEnabled":true},"graphs":[]},"schema_type":"default","schema_type_options":null,"pillar_content":false,"robots_default":true,"robots_noindex":false,"robots_noarchive":false,"robots_nosnippet":false,"robots_nofollow":false,"robots_noimageindex":false,"robots_noodp":false,"robots_notranslate":false,"robots_max_snippet":"-1","robots_max_videopreview":"-1","robots_max_imagepreview":"large","priority":null,"frequency":"default","local_seo":null,"breadcrumb_settings":null,"limit_modified_date":false,"ai":null,"created":"2022-10-24 17:27:52","updated":"2026-09-02 11:13:08","focus_keyword":null,"additional_keywords":null,"truseo_locale":null,"seo_analyzer_scan_date":null},"aioseo_breadcrumb":"<div class=\"aioseo-breadcrumbs\"><span class=\"aioseo-breadcrumb\">\n\t\t\t<a href=\"https:\/\/seisson-menuiserie.fr\" title=\"Home\">Home<\/a>\n\t\t<\/span><span class=\"aioseo-breadcrumb-separator\">&raquo;<\/span><span class=\"aioseo-breadcrumb\">\n\t\t\tQui sommes-nous ?\n\t\t<\/span><\/div>","aioseo_breadcrumb_json":[{"label":"Home","link":"https:\/\/seisson-menuiserie.fr"},{"label":"Qui sommes-nous ?","link":"https:\/\/seisson-menuiserie.fr\/?page_id=447"}],"_links":{"self":[{"href":"https:\/\/seisson-menuiserie.fr\/index.php?rest_route=\/wp\/v2\/pages\/447","targetHints":{"allow":["GET"]}}],"collection":[{"href":"https:\/\/seisson-menuiserie.fr\/index.php?rest_route=\/wp\/v2\/pages"}],"about":[{"href":"https:\/\/seisson-menuiserie.fr\/index.php?rest_route=\/wp\/v2\/types\/page"}],"author":[{"embeddable":true,"href":"https:\/\/seisson-menuiserie.fr\/index.php?rest_route=\/wp\/v2\/users\/1"}],"replies":[{"embeddable":true,"href":"https:\/\/seisson-menuiserie.fr\/index.php?rest_route=%2Fwp%2Fv2%2Fcomments&post=447"}],"version-history":[{"count":17,"href":"https:\/\/seisson-menuiserie.fr\/index.php?rest_route=\/wp\/v2\/pages\/447\/revisions"}],"predecessor-version":[{"id":1128,"href":"https:\/\/seisson-menuiserie.fr\/index.php?rest_route=\/wp\/v2\/pages\/447\/revisions\/1128"}],"wp:featuredmedia":[{"embeddable":true,"href":"https:\/\/seisson-menuiserie.fr\/index.php?rest_route=\/wp\/v2\/media\/413"}],"wp:attachment":[{"href":"https:\/\/seisson-menuiserie.fr\/index.php?rest_route=%2Fwp%2Fv2%2Fmedia&parent=447"}],"curies":[{"name":"wp","href":"https:\/\/api.w.org\/{rel}","templated":true}]}}