{"id":44,"date":"2022-10-01T17:36:13","date_gmt":"2022-10-01T15:36:13","guid":{"rendered":"http:\/\/seisson-menuiserie.fr\/?page_id=44"},"modified":"2023-07-23T17:28:28","modified_gmt":"2023-07-23T15:28:28","slug":"les-dernieres-realisations","status":"publish","type":"page","link":"https:\/\/seisson-menuiserie.fr\/?page_id=44","title":{"rendered":"Les derni\u00e8res r\u00e9alisations"},"content":{"rendered":"\n<div class=\"wp-block-group\"><div class=\"wp-block-group__inner-container is-layout-flow wp-block-group-is-layout-flow\">\n<div class=\"wp-block-buttons is-layout-flex wp-block-buttons-is-layout-flex\">\n<div class=\"wp-block-button has-custom-width wp-block-button__width-25\"><a class=\"wp-block-button__link wp-element-button\" href=\"http:\/\/seisson-menuiserie.fr\/?page_id=56\">les cuisines<\/a><\/div>\n\n\n\n<div class=\"wp-block-button has-custom-width wp-block-button__width-25\"><a class=\"wp-block-button__link wp-element-button\" href=\"http:\/\/seisson-menuiserie.fr\/?page_id=93\">les escaliers<\/a><\/div>\n\n\n\n<div class=\"wp-block-button has-custom-width wp-block-button__width-25\"><a class=\"wp-block-button__link wp-element-button\" href=\"http:\/\/seisson-menuiserie.fr\/?page_id=232\">Les portes et fen\u00eatres<\/a><\/div>\n\n\n\n<div class=\"wp-block-button has-custom-width wp-block-button__width-25\"><a class=\"wp-block-button__link wp-element-button\" href=\"http:\/\/seisson-menuiserie.fr\/?page_id=367\">Les terrasses<\/a><\/div>\n\n\n\n<div class=\"wp-block-button has-custom-width wp-block-button__width-25\"><a class=\"wp-block-button__link wp-element-button\" href=\"http:\/\/seisson-menuiserie.fr\/?page_id=334\">mobilier<\/a><\/div>\n\n\n\n<div class=\"wp-block-button has-custom-width wp-block-button__width-25\"><a class=\"wp-block-button__link wp-element-button\" href=\"http:\/\/seisson-menuiserie.fr\/?page_id=541\">parquets<\/a><\/div>\n\n\n\n<div class=\"wp-block-button has-custom-width wp-block-button__width-25\"><a class=\"wp-block-button__link wp-element-button\" href=\"http:\/\/seisson-menuiserie.fr\/?page_id=765\">sur des monuments historiques<\/a><\/div>\n<\/div>\n<\/div><\/div>\n\n\n\n<p class=\"wp-block-paragraph\"><\/p>\n\n\n\n<figure class=\"wp-block-gallery has-nested-images columns-default is-cropped wp-block-gallery-1 is-layout-flex wp-block-gallery-is-layout-flex\">\n<figure class=\"wp-block-image size-large\"><img loading=\"lazy\" decoding=\"async\" width=\"1422\" height=\"640\" data-id=\"51\" src=\"http:\/\/seisson-menuiserie.fr\/wp-content\/uploads\/2022\/10\/241449289_4909178262432209_1778115751356802104_n-1.jpg\" alt=\"\" class=\"wp-image-51\" srcset=\"https:\/\/seisson-menuiserie.fr\/wp-content\/uploads\/2022\/10\/241449289_4909178262432209_1778115751356802104_n-1.jpg 1422w, https:\/\/seisson-menuiserie.fr\/wp-content\/uploads\/2022\/10\/241449289_4909178262432209_1778115751356802104_n-1-300x135.jpg 300w, https:\/\/seisson-menuiserie.fr\/wp-content\/uploads\/2022\/10\/241449289_4909178262432209_1778115751356802104_n-1-1024x461.jpg 1024w, https:\/\/seisson-menuiserie.fr\/wp-content\/uploads\/2022\/10\/241449289_4909178262432209_1778115751356802104_n-1-768x346.jpg 768w\" sizes=\"auto, (max-width: 1422px) 100vw, 1422px\" \/><\/figure>\n\n\n\n<figure class=\"wp-block-image size-full\"><img loading=\"lazy\" decoding=\"async\" width=\"640\" height=\"668\" data-id=\"155\" src=\"http:\/\/seisson-menuiserie.fr\/wp-content\/uploads\/2022\/10\/296213451_5962102570473101_4529891851166625180_n.jpeg\" alt=\"\" class=\"wp-image-155\" srcset=\"https:\/\/seisson-menuiserie.fr\/wp-content\/uploads\/2022\/10\/296213451_5962102570473101_4529891851166625180_n.jpeg 640w, https:\/\/seisson-menuiserie.fr\/wp-content\/uploads\/2022\/10\/296213451_5962102570473101_4529891851166625180_n-287x300.jpeg 287w\" sizes=\"auto, (max-width: 640px) 100vw, 640px\" \/><\/figure>\n\n\n\n<figure class=\"wp-block-image size-large\"><img loading=\"lazy\" decoding=\"async\" width=\"2560\" height=\"1920\" data-id=\"15\" src=\"http:\/\/seisson-menuiserie.fr\/wp-content\/uploads\/2022\/10\/IMG_7135-scaled.jpg\" alt=\"\" class=\"wp-image-15\" srcset=\"https:\/\/seisson-menuiserie.fr\/wp-content\/uploads\/2022\/10\/IMG_7135-scaled.jpg 2560w, https:\/\/seisson-menuiserie.fr\/wp-content\/uploads\/2022\/10\/IMG_7135-300x225.jpg 300w, https:\/\/seisson-menuiserie.fr\/wp-content\/uploads\/2022\/10\/IMG_7135-1024x768.jpg 1024w, https:\/\/seisson-menuiserie.fr\/wp-content\/uploads\/2022\/10\/IMG_7135-768x576.jpg 768w, https:\/\/seisson-menuiserie.fr\/wp-content\/uploads\/2022\/10\/IMG_7135-1536x1152.jpg 1536w, https:\/\/seisson-menuiserie.fr\/wp-content\/uploads\/2022\/10\/IMG_7135-2048x1536.jpg 2048w, https:\/\/seisson-menuiserie.fr\/wp-content\/uploads\/2022\/10\/IMG_7135-1440x1080.jpg 1440w\" sizes=\"auto, (max-width: 2560px) 100vw, 2560px\" \/><\/figure>\n\n\n\n<figure class=\"wp-block-image size-large\"><img loading=\"lazy\" decoding=\"async\" width=\"1024\" height=\"583\" data-id=\"740\" src=\"http:\/\/seisson-menuiserie.fr\/wp-content\/uploads\/2023\/07\/trio-1024x583.jpg\" alt=\"\" class=\"wp-image-740\" srcset=\"https:\/\/seisson-menuiserie.fr\/wp-content\/uploads\/2023\/07\/trio-1024x583.jpg 1024w, https:\/\/seisson-menuiserie.fr\/wp-content\/uploads\/2023\/07\/trio-300x171.jpg 300w, https:\/\/seisson-menuiserie.fr\/wp-content\/uploads\/2023\/07\/trio-768x437.jpg 768w, https:\/\/seisson-menuiserie.fr\/wp-content\/uploads\/2023\/07\/trio-1536x874.jpg 1536w, https:\/\/seisson-menuiserie.fr\/wp-content\/uploads\/2023\/07\/trio-2048x1166.jpg 2048w, https:\/\/seisson-menuiserie.fr\/wp-content\/uploads\/2023\/07\/trio-1898x1080.jpg 1898w\" sizes=\"auto, (max-width: 1024px) 100vw, 1024px\" \/><\/figure>\n<\/figure>\n","protected":false},"excerpt":{"rendered":"","protected":false},"author":1,"featured_media":0,"parent":0,"menu_order":0,"comment_status":"closed","ping_status":"closed","template":"","meta":{"om_disable_all_campaigns":false,"_monsterinsights_skip_tracking":false,"_uf_show_specific_survey":0,"_uf_disable_surveys":false,"footnotes":""},"class_list":["post-44","page","type-page","status-publish","hentry"],"aioseo_notices":[],"aioseo_head":"\n\t\t<!-- All in One SEO 5.0.1.1 - aioseo.com -->\n\t<meta name=\"description\" content=\"les cuisines les escaliers Les portes et fen\u00eatres Les terrasses mobilier parquets sur des monuments historiques\" \/>\n\t<meta name=\"robots\" content=\"max-image-preview:large\" \/>\n\t<link rel=\"canonical\" href=\"https:\/\/seisson-menuiserie.fr\/?page_id=44\" \/>\n\t<meta name=\"generator\" content=\"All in One SEO (AIOSEO) 5.0.1.1\" \/>\n\t\t<meta property=\"og:locale\" content=\"fr_FR\" \/>\n\t\t<meta property=\"og:site_name\" content=\"Seisson Menuiserie -\" \/>\n\t\t<meta property=\"og:type\" content=\"article\" \/>\n\t\t<meta property=\"og:title\" content=\"Les derni\u00e8res r\u00e9alisations - Seisson Menuiserie\" \/>\n\t\t<meta property=\"og:description\" content=\"les cuisines les escaliers Les portes et fen\u00eatres Les terrasses mobilier parquets sur des monuments historiques\" \/>\n\t\t<meta property=\"og:url\" content=\"https:\/\/seisson-menuiserie.fr\/?page_id=44\" \/>\n\t\t<meta property=\"og:image\" content=\"https:\/\/seisson-menuiserie.fr\/wp-content\/uploads\/2022\/10\/logo-accueil-1-scaled.jpg\" \/>\n\t\t<meta property=\"og:image:secure_url\" content=\"https:\/\/seisson-menuiserie.fr\/wp-content\/uploads\/2022\/10\/logo-accueil-1-scaled.jpg\" \/>\n\t\t<meta property=\"article:published_time\" content=\"2022-10-01T15:36:13+00:00\" \/>\n\t\t<meta property=\"article:modified_time\" content=\"2023-07-23T15:28:28+00:00\" \/>\n\t\t<meta property=\"article:publisher\" content=\"https:\/\/www.facebook.com\/search\/top?q=seissonmenuiserie\" \/>\n\t\t<meta name=\"twitter:card\" content=\"summary_large_image\" \/>\n\t\t<meta name=\"twitter:title\" content=\"Les derni\u00e8res r\u00e9alisations - Seisson Menuiserie\" \/>\n\t\t<meta name=\"twitter:description\" content=\"les cuisines les escaliers Les portes et fen\u00eatres Les terrasses mobilier parquets sur des monuments historiques\" \/>\n\t\t<meta name=\"twitter:image\" content=\"http:\/\/seisson-menuiserie.fr\/wp-content\/uploads\/2022\/10\/logo-accueil-1-scaled.jpg\" \/>\n\t\t<script type=\"application\/ld+json\" class=\"aioseo-schema\">\n\t\t\t{\"@context\":\"https:\\\/\\\/schema.org\",\"@graph\":[{\"@type\":\"BreadcrumbList\",\"@id\":\"https:\\\/\\\/seisson-menuiserie.fr\\\/?page_id=44#breadcrumblist\",\"itemListElement\":[{\"@type\":\"ListItem\",\"@id\":\"https:\\\/\\\/seisson-menuiserie.fr#listItem\",\"position\":1,\"name\":\"Home\",\"item\":\"https:\\\/\\\/seisson-menuiserie.fr\",\"nextItem\":{\"@type\":\"ListItem\",\"@id\":\"https:\\\/\\\/seisson-menuiserie.fr\\\/?page_id=44#listItem\",\"name\":\"Les derni\\u00e8res r\\u00e9alisations\"}},{\"@type\":\"ListItem\",\"@id\":\"https:\\\/\\\/seisson-menuiserie.fr\\\/?page_id=44#listItem\",\"position\":2,\"name\":\"Les derni\\u00e8res r\\u00e9alisations\",\"previousItem\":{\"@type\":\"ListItem\",\"@id\":\"https:\\\/\\\/seisson-menuiserie.fr#listItem\",\"name\":\"Home\"}}]},{\"@type\":\"Organization\",\"@id\":\"https:\\\/\\\/seisson-menuiserie.fr\\\/#organization\",\"name\":\"Seisson Menuiserie\",\"url\":\"https:\\\/\\\/seisson-menuiserie.fr\\\/\",\"logo\":{\"@type\":\"ImageObject\",\"url\":\"https:\\\/\\\/seisson-menuiserie.fr\\\/wp-content\\\/uploads\\\/2022\\\/10\\\/logo-accueil-1-scaled.jpg\",\"@id\":\"https:\\\/\\\/seisson-menuiserie.fr\\\/?page_id=44\\\/#organizationLogo\",\"width\":2560,\"height\":731},\"image\":{\"@id\":\"https:\\\/\\\/seisson-menuiserie.fr\\\/?page_id=44\\\/#organizationLogo\"},\"sameAs\":[\"https:\\\/\\\/www.facebook.com\\\/search\\\/top?q=seissonmenuiserie\",\"https:\\\/\\\/www.instagram.com\\\/seisson_menuiserie\\\/\"]},{\"@type\":\"WebPage\",\"@id\":\"https:\\\/\\\/seisson-menuiserie.fr\\\/?page_id=44#webpage\",\"url\":\"https:\\\/\\\/seisson-menuiserie.fr\\\/?page_id=44\",\"name\":\"Les derni\\u00e8res r\\u00e9alisations - Seisson Menuiserie\",\"description\":\"les cuisines les escaliers Les portes et fen\\u00eatres Les terrasses mobilier parquets sur des monuments historiques\",\"inLanguage\":\"fr-FR\",\"isPartOf\":{\"@id\":\"https:\\\/\\\/seisson-menuiserie.fr\\\/#website\"},\"breadcrumb\":{\"@id\":\"https:\\\/\\\/seisson-menuiserie.fr\\\/?page_id=44#breadcrumblist\"},\"datePublished\":\"2022-10-01T17:36:13+02:00\",\"dateModified\":\"2023-07-23T17:28:28+02:00\"},{\"@type\":\"WebSite\",\"@id\":\"https:\\\/\\\/seisson-menuiserie.fr\\\/#website\",\"url\":\"https:\\\/\\\/seisson-menuiserie.fr\\\/\",\"name\":\"Seisson Menuiserie\",\"inLanguage\":\"fr-FR\",\"publisher\":{\"@id\":\"https:\\\/\\\/seisson-menuiserie.fr\\\/#organization\"}}]}\n\t\t<\/script>\n\t\t<!-- All in One SEO -->\n\n","aioseo_head_json":{"title":"Les derni\u00e8res r\u00e9alisations - Seisson Menuiserie","description":"les cuisines les escaliers Les portes et fen\u00eatres Les terrasses mobilier parquets sur des monuments historiques","canonical_url":"https:\/\/seisson-menuiserie.fr\/?page_id=44","robots":"max-image-preview:large","keywords":"","webmasterTools":{"miscellaneous":""},"schema":{"@context":"https:\/\/schema.org","@graph":[{"@type":"BreadcrumbList","@id":"https:\/\/seisson-menuiserie.fr\/?page_id=44#breadcrumblist","itemListElement":[{"@type":"ListItem","@id":"https:\/\/seisson-menuiserie.fr#listItem","position":1,"name":"Home","item":"https:\/\/seisson-menuiserie.fr","nextItem":{"@type":"ListItem","@id":"https:\/\/seisson-menuiserie.fr\/?page_id=44#listItem","name":"Les derni\u00e8res r\u00e9alisations"}},{"@type":"ListItem","@id":"https:\/\/seisson-menuiserie.fr\/?page_id=44#listItem","position":2,"name":"Les derni\u00e8res r\u00e9alisations","previousItem":{"@type":"ListItem","@id":"https:\/\/seisson-menuiserie.fr#listItem","name":"Home"}}]},{"@type":"Organization","@id":"https:\/\/seisson-menuiserie.fr\/#organization","name":"Seisson Menuiserie","url":"https:\/\/seisson-menuiserie.fr\/","logo":{"@type":"ImageObject","url":"https:\/\/seisson-menuiserie.fr\/wp-content\/uploads\/2022\/10\/logo-accueil-1-scaled.jpg","@id":"https:\/\/seisson-menuiserie.fr\/?page_id=44\/#organizationLogo","width":2560,"height":731},"image":{"@id":"https:\/\/seisson-menuiserie.fr\/?page_id=44\/#organizationLogo"},"sameAs":["https:\/\/www.facebook.com\/search\/top?q=seissonmenuiserie","https:\/\/www.instagram.com\/seisson_menuiserie\/"]},{"@type":"WebPage","@id":"https:\/\/seisson-menuiserie.fr\/?page_id=44#webpage","url":"https:\/\/seisson-menuiserie.fr\/?page_id=44","name":"Les derni\u00e8res r\u00e9alisations - Seisson Menuiserie","description":"les cuisines les escaliers Les portes et fen\u00eatres Les terrasses mobilier parquets sur des monuments historiques","inLanguage":"fr-FR","isPartOf":{"@id":"https:\/\/seisson-menuiserie.fr\/#website"},"breadcrumb":{"@id":"https:\/\/seisson-menuiserie.fr\/?page_id=44#breadcrumblist"},"datePublished":"2022-10-01T17:36:13+02:00","dateModified":"2023-07-23T17:28:28+02:00"},{"@type":"WebSite","@id":"https:\/\/seisson-menuiserie.fr\/#website","url":"https:\/\/seisson-menuiserie.fr\/","name":"Seisson Menuiserie","inLanguage":"fr-FR","publisher":{"@id":"https:\/\/seisson-menuiserie.fr\/#organization"}}]},"og:locale":"fr_FR","og:site_name":"Seisson Menuiserie -","og:type":"article","og:title":"Les derni\u00e8res r\u00e9alisations - Seisson Menuiserie","og:description":"les cuisines les escaliers Les portes et fen\u00eatres Les terrasses mobilier parquets sur des monuments historiques","og:url":"https:\/\/seisson-menuiserie.fr\/?page_id=44","og:image":"https:\/\/seisson-menuiserie.fr\/wp-content\/uploads\/2022\/10\/logo-accueil-1-scaled.jpg","og:image:secure_url":"https:\/\/seisson-menuiserie.fr\/wp-content\/uploads\/2022\/10\/logo-accueil-1-scaled.jpg","article:published_time":"2022-10-01T15:36:13+00:00","article:modified_time":"2023-07-23T15:28:28+00:00","article:publisher":"https:\/\/www.facebook.com\/search\/top?q=seissonmenuiserie","twitter:card":"summary_large_image","twitter:title":"Les derni\u00e8res r\u00e9alisations - Seisson Menuiserie","twitter:description":"les cuisines les escaliers Les portes et fen\u00eatres Les terrasses mobilier parquets sur des monuments historiques","twitter:image":"http:\/\/seisson-menuiserie.fr\/wp-content\/uploads\/2022\/10\/logo-accueil-1-scaled.jpg"},"aioseo_meta_data":{"post_id":"44","title":null,"description":null,"keywords":[],"keyphrases":{"focus":[],"additional":[]},"primary_term":null,"canonical_url":null,"og_title":null,"og_description":null,"og_object_type":"default","og_image_type":"default","og_image_url":null,"og_image_width":null,"og_image_height":null,"og_image_custom_url":null,"og_image_custom_fields":null,"og_video":"","og_custom_url":null,"og_article_section":null,"og_article_tags":[],"twitter_use_og":false,"twitter_card":"default","twitter_image_type":"default","twitter_image_url":null,"twitter_image_custom_url":null,"twitter_image_custom_fields":null,"twitter_title":null,"twitter_description":null,"schema":{"blockGraphs":[],"customGraphs":[],"default":{"data":{"Article":[],"Course":[],"Dataset":[],"FAQPage":[],"Movie":[],"Person":[],"Product":[],"ProductReview":[],"Car":[],"Recipe":[],"Service":[],"SoftwareApplication":[],"WebPage":[]},"graphName":"WebPage","isEnabled":true},"graphs":[]},"schema_type":"default","schema_type_options":null,"pillar_content":false,"robots_default":true,"robots_noindex":false,"robots_noarchive":false,"robots_nosnippet":false,"robots_nofollow":false,"robots_noimageindex":false,"robots_noodp":false,"robots_notranslate":false,"robots_max_snippet":"-1","robots_max_videopreview":"-1","robots_max_imagepreview":"large","priority":null,"frequency":"default","local_seo":null,"breadcrumb_settings":null,"limit_modified_date":false,"ai":null,"created":"2022-10-10 18:01:17","updated":"2026-09-02 11:13:06","focus_keyword":null,"additional_keywords":null,"truseo_locale":null,"seo_analyzer_scan_date":null},"aioseo_breadcrumb":"<div class=\"aioseo-breadcrumbs\"><span class=\"aioseo-breadcrumb\">\n\t\t\t<a href=\"https:\/\/seisson-menuiserie.fr\" title=\"Home\">Home<\/a>\n\t\t<\/span><span class=\"aioseo-breadcrumb-separator\">&raquo;<\/span><span class=\"aioseo-breadcrumb\">\n\t\t\tLes derni\u00e8res r\u00e9alisations\n\t\t<\/span><\/div>","aioseo_breadcrumb_json":[{"label":"Home","link":"https:\/\/seisson-menuiserie.fr"},{"label":"Les derni\u00e8res r\u00e9alisations","link":"https:\/\/seisson-menuiserie.fr\/?page_id=44"}],"_links":{"self":[{"href":"https:\/\/seisson-menuiserie.fr\/index.php?rest_route=\/wp\/v2\/pages\/44","targetHints":{"allow":["GET"]}}],"collection":[{"href":"https:\/\/seisson-menuiserie.fr\/index.php?rest_route=\/wp\/v2\/pages"}],"about":[{"href":"https:\/\/seisson-menuiserie.fr\/index.php?rest_route=\/wp\/v2\/types\/page"}],"author":[{"embeddable":true,"href":"https:\/\/seisson-menuiserie.fr\/index.php?rest_route=\/wp\/v2\/users\/1"}],"replies":[{"embeddable":true,"href":"https:\/\/seisson-menuiserie.fr\/index.php?rest_route=%2Fwp%2Fv2%2Fcomments&post=44"}],"version-history":[{"count":19,"href":"https:\/\/seisson-menuiserie.fr\/index.php?rest_route=\/wp\/v2\/pages\/44\/revisions"}],"predecessor-version":[{"id":795,"href":"https:\/\/seisson-menuiserie.fr\/index.php?rest_route=\/wp\/v2\/pages\/44\/revisions\/795"}],"wp:attachment":[{"href":"https:\/\/seisson-menuiserie.fr\/index.php?rest_route=%2Fwp%2Fv2%2Fmedia&parent=44"}],"curies":[{"name":"wp","href":"https:\/\/api.w.org\/{rel}","templated":true}]}}