{"id":334,"date":"2022-10-09T14:59:46","date_gmt":"2022-10-09T12:59:46","guid":{"rendered":"http:\/\/seisson-menuiserie.fr\/?page_id=334"},"modified":"2023-06-08T23:13:44","modified_gmt":"2023-06-08T21:13:44","slug":"mobilier-de-salle-de-bain","status":"publish","type":"page","link":"https:\/\/seisson-menuiserie.fr\/?page_id=334","title":{"rendered":"Mobilier"},"content":{"rendered":"\n<p class=\"has-medium-font-size wp-block-paragraph\">Am\u00e9nagements int\u00e9rieurs<\/p>\n\n\n\n<p class=\"has-small-font-size wp-block-paragraph\">Fabrication et pose d&rsquo;am\u00e9nagements dans un petit ch\u00e2teau savoyard.<\/p>\n\n\n<div class=\"rl-gallery-container rl-loading\" id=\"rl-gallery-container-1\" data-gallery_id=\"706\"> <div class=\"rl-gallery rl-basicgrid-gallery \" id=\"rl-gallery-1\" data-gallery_no=\"1\"> <div class=\"rl-gallery-item\"><a href=\"https:\/\/seisson-menuiserie.fr\/wp-content\/uploads\/2023\/06\/PHOTO-2023-06-07-21-04-01.jpg\" title=\"\" data-rl_title=\"\" class=\"rl-gallery-link\" data-rl_caption=\"\" data-rel=\"lightbox-gallery-1\"><img loading=\"lazy\" decoding=\"async\" src=\"https:\/\/seisson-menuiserie.fr\/wp-content\/uploads\/2023\/06\/PHOTO-2023-06-07-21-04-01.jpg\" width=\"721\" height=\"1600\" alt=\"\" \/><\/a><\/div><div class=\"rl-gallery-item\"><a href=\"https:\/\/seisson-menuiserie.fr\/wp-content\/uploads\/2023\/06\/PHOTO-2023-06-07-21-04-01-2.jpg\" title=\"\" data-rl_title=\"\" class=\"rl-gallery-link\" data-rl_caption=\"\" data-rel=\"lightbox-gallery-1\"><img loading=\"lazy\" decoding=\"async\" src=\"https:\/\/seisson-menuiserie.fr\/wp-content\/uploads\/2023\/06\/PHOTO-2023-06-07-21-04-01-2.jpg\" width=\"721\" height=\"1600\" alt=\"\" \/><\/a><\/div><div class=\"rl-gallery-item\"><a href=\"https:\/\/seisson-menuiserie.fr\/wp-content\/uploads\/2023\/06\/PHOTO-2023-06-07-21-04-00.jpg\" title=\"\" data-rl_title=\"\" class=\"rl-gallery-link\" data-rl_caption=\"\" data-rel=\"lightbox-gallery-1\"><img loading=\"lazy\" decoding=\"async\" src=\"https:\/\/seisson-menuiserie.fr\/wp-content\/uploads\/2023\/06\/PHOTO-2023-06-07-21-04-00.jpg\" width=\"721\" height=\"1600\" alt=\"\" \/><\/a><\/div><div class=\"rl-gallery-item\"><a href=\"https:\/\/seisson-menuiserie.fr\/wp-content\/uploads\/2023\/06\/PHOTO-2023-06-07-21-04-00-8.jpg\" title=\"\" data-rl_title=\"\" class=\"rl-gallery-link\" data-rl_caption=\"\" data-rel=\"lightbox-gallery-1\"><img loading=\"lazy\" decoding=\"async\" src=\"https:\/\/seisson-menuiserie.fr\/wp-content\/uploads\/2023\/06\/PHOTO-2023-06-07-21-04-00-8.jpg\" width=\"721\" height=\"1600\" alt=\"\" \/><\/a><\/div><div class=\"rl-gallery-item\"><a href=\"https:\/\/seisson-menuiserie.fr\/wp-content\/uploads\/2023\/06\/PHOTO-2023-06-07-21-04-00-7.jpg\" title=\"\" data-rl_title=\"\" class=\"rl-gallery-link\" data-rl_caption=\"\" data-rel=\"lightbox-gallery-1\"><img loading=\"lazy\" decoding=\"async\" src=\"https:\/\/seisson-menuiserie.fr\/wp-content\/uploads\/2023\/06\/PHOTO-2023-06-07-21-04-00-7.jpg\" width=\"721\" height=\"1600\" alt=\"\" \/><\/a><\/div><div class=\"rl-gallery-item\"><a href=\"https:\/\/seisson-menuiserie.fr\/wp-content\/uploads\/2023\/06\/PHOTO-2023-06-07-21-04-00-4.jpg\" title=\"\" data-rl_title=\"\" class=\"rl-gallery-link\" data-rl_caption=\"\" data-rel=\"lightbox-gallery-1\"><img loading=\"lazy\" decoding=\"async\" src=\"https:\/\/seisson-menuiserie.fr\/wp-content\/uploads\/2023\/06\/PHOTO-2023-06-07-21-04-00-4.jpg\" width=\"720\" height=\"1600\" alt=\"\" \/><\/a><\/div><div class=\"rl-gallery-item\"><a href=\"https:\/\/seisson-menuiserie.fr\/wp-content\/uploads\/2023\/06\/c960b741-01f6-48a8-bf50-0b1626425b6f.jpg\" title=\"\" data-rl_title=\"\" class=\"rl-gallery-link\" data-rl_caption=\"\" data-rel=\"lightbox-gallery-1\"><img loading=\"lazy\" decoding=\"async\" src=\"https:\/\/seisson-menuiserie.fr\/wp-content\/uploads\/2023\/06\/c960b741-01f6-48a8-bf50-0b1626425b6f.jpg\" width=\"720\" height=\"1600\" alt=\"\" \/><\/a><\/div><div class=\"rl-gallery-item\"><a href=\"https:\/\/seisson-menuiserie.fr\/wp-content\/uploads\/2023\/06\/PHOTO-2023-06-07-21-03-59-2.jpg\" title=\"\" data-rl_title=\"\" class=\"rl-gallery-link\" data-rl_caption=\"\" data-rel=\"lightbox-gallery-1\"><img loading=\"lazy\" decoding=\"async\" src=\"https:\/\/seisson-menuiserie.fr\/wp-content\/uploads\/2023\/06\/PHOTO-2023-06-07-21-03-59-2.jpg\" width=\"721\" height=\"1600\" alt=\"\" \/><\/a><\/div><div class=\"rl-gallery-item\"><a href=\"https:\/\/seisson-menuiserie.fr\/wp-content\/uploads\/2023\/06\/PHOTO-2023-06-07-21-03-59-3.jpg\" title=\"\" data-rl_title=\"\" class=\"rl-gallery-link\" data-rl_caption=\"\" data-rel=\"lightbox-gallery-1\"><img loading=\"lazy\" decoding=\"async\" src=\"https:\/\/seisson-menuiserie.fr\/wp-content\/uploads\/2023\/06\/PHOTO-2023-06-07-21-03-59-3.jpg\" width=\"720\" height=\"1600\" alt=\"\" \/><\/a><\/div><div class=\"rl-gallery-item\"><a href=\"https:\/\/seisson-menuiserie.fr\/wp-content\/uploads\/2023\/06\/PHOTO-2023-06-07-21-03-59-4.jpg\" title=\"\" data-rl_title=\"\" class=\"rl-gallery-link\" data-rl_caption=\"\" data-rel=\"lightbox-gallery-1\"><img loading=\"lazy\" decoding=\"async\" src=\"https:\/\/seisson-menuiserie.fr\/wp-content\/uploads\/2023\/06\/PHOTO-2023-06-07-21-03-59-4.jpg\" width=\"721\" height=\"1600\" alt=\"\" \/><\/a><\/div><div class=\"rl-gallery-item\"><a href=\"https:\/\/seisson-menuiserie.fr\/wp-content\/uploads\/2023\/06\/PHOTO-2023-06-07-21-03-59-5.jpg\" title=\"\" data-rl_title=\"\" class=\"rl-gallery-link\" data-rl_caption=\"\" data-rel=\"lightbox-gallery-1\"><img loading=\"lazy\" decoding=\"async\" src=\"https:\/\/seisson-menuiserie.fr\/wp-content\/uploads\/2023\/06\/PHOTO-2023-06-07-21-03-59-5.jpg\" width=\"721\" height=\"1600\" alt=\"\" \/><\/a><\/div><div class=\"rl-gallery-item\"><a href=\"https:\/\/seisson-menuiserie.fr\/wp-content\/uploads\/2023\/06\/PHOTO-2023-06-07-21-03-59.jpg\" title=\"\" data-rl_title=\"\" class=\"rl-gallery-link\" data-rl_caption=\"\" data-rel=\"lightbox-gallery-1\"><img loading=\"lazy\" decoding=\"async\" src=\"https:\/\/seisson-menuiserie.fr\/wp-content\/uploads\/2023\/06\/PHOTO-2023-06-07-21-03-59.jpg\" width=\"721\" height=\"1600\" alt=\"\" \/><\/a><\/div><div class=\"rl-gallery-item\"><a href=\"https:\/\/seisson-menuiserie.fr\/wp-content\/uploads\/2023\/06\/PHOTO-2023-06-07-21-04-00-2.jpg\" title=\"\" data-rl_title=\"\" class=\"rl-gallery-link\" data-rl_caption=\"\" data-rel=\"lightbox-gallery-1\"><img loading=\"lazy\" decoding=\"async\" src=\"https:\/\/seisson-menuiserie.fr\/wp-content\/uploads\/2023\/06\/PHOTO-2023-06-07-21-04-00-2.jpg\" width=\"721\" height=\"1600\" alt=\"\" \/><\/a><\/div> <\/div> <\/div>\n\n\n\n<div style=\"height:100px\" aria-hidden=\"true\" class=\"wp-block-spacer\"><\/div>\n\n\n\n<p class=\"has-medium-font-size wp-block-paragraph\">Am\u00e9nagement d&rsquo;une entr\u00e9e<\/p>\n\n\n\n<p class=\"has-small-font-size wp-block-paragraph\">avec portes en sapin<\/p>\n\n\n<div class=\"rl-gallery-container rl-loading\" id=\"rl-gallery-container-2\" data-gallery_id=\"571\"> <div class=\"rl-gallery rl-basicgrid-gallery \" id=\"rl-gallery-2\" data-gallery_no=\"2\"> <div class=\"rl-gallery-item\"><a href=\"https:\/\/seisson-menuiserie.fr\/wp-content\/uploads\/2023\/01\/PHOTO-2023-01-26-12-58-20-4.jpg\" title=\"\" data-rl_title=\"\" class=\"rl-gallery-link\" data-rl_caption=\"\" data-rel=\"lightbox-gallery-2\"><img loading=\"lazy\" decoding=\"async\" src=\"https:\/\/seisson-menuiserie.fr\/wp-content\/uploads\/2023\/01\/PHOTO-2023-01-26-12-58-20-4.jpg\" width=\"721\" height=\"1600\" alt=\"\" \/><\/a><\/div><div class=\"rl-gallery-item\"><a href=\"https:\/\/seisson-menuiserie.fr\/wp-content\/uploads\/2023\/01\/PHOTO-2023-01-26-12-58-21.jpg\" title=\"\" data-rl_title=\"\" class=\"rl-gallery-link\" data-rl_caption=\"\" data-rel=\"lightbox-gallery-2\"><img loading=\"lazy\" decoding=\"async\" src=\"https:\/\/seisson-menuiserie.fr\/wp-content\/uploads\/2023\/01\/PHOTO-2023-01-26-12-58-21.jpg\" width=\"721\" height=\"1600\" alt=\"\" \/><\/a><\/div><div class=\"rl-gallery-item\"><a href=\"https:\/\/seisson-menuiserie.fr\/wp-content\/uploads\/2023\/01\/PHOTO-2023-01-26-12-58-20.jpg\" title=\"\" data-rl_title=\"\" class=\"rl-gallery-link\" data-rl_caption=\"\" data-rel=\"lightbox-gallery-2\"><img loading=\"lazy\" decoding=\"async\" src=\"https:\/\/seisson-menuiserie.fr\/wp-content\/uploads\/2023\/01\/PHOTO-2023-01-26-12-58-20.jpg\" width=\"720\" height=\"1600\" alt=\"\" \/><\/a><\/div><div class=\"rl-gallery-item\"><a href=\"https:\/\/seisson-menuiserie.fr\/wp-content\/uploads\/2023\/01\/PHOTO-2023-01-26-12-58-20-5.jpg\" title=\"\" data-rl_title=\"\" class=\"rl-gallery-link\" data-rl_caption=\"\" data-rel=\"lightbox-gallery-2\"><img loading=\"lazy\" decoding=\"async\" src=\"https:\/\/seisson-menuiserie.fr\/wp-content\/uploads\/2023\/01\/PHOTO-2023-01-26-12-58-20-5.jpg\" width=\"721\" height=\"1600\" alt=\"\" \/><\/a><\/div> <\/div> <\/div>\n\n\n\n<div style=\"height:100px\" aria-hidden=\"true\" class=\"wp-block-spacer\"><\/div>\n\n\n\n<p class=\"has-medium-font-size wp-block-paragraph\">Meubles de salle de bain<\/p>\n\n\n\n<p class=\"has-small-font-size wp-block-paragraph\">en bois massif, sur mesure<\/p>\n\n\n<div class=\"rl-gallery-container rl-loading\" id=\"rl-gallery-container-3\" data-gallery_id=\"340\"> <div class=\"rl-gallery rl-basicgrid-gallery rl-hover-icon-2\" id=\"rl-gallery-3\" data-gallery_no=\"3\"> <div class=\"rl-gallery-item\"><a href=\"https:\/\/seisson-menuiserie.fr\/wp-content\/uploads\/2022\/10\/sdb1.jpg\" title=\"\" data-rl_title=\"\" class=\"rl-gallery-link\" data-rl_caption=\"\" data-rel=\"lightbox-gallery-3\"><img loading=\"lazy\" decoding=\"async\" src=\"https:\/\/seisson-menuiserie.fr\/wp-content\/uploads\/2022\/10\/sdb1-768x432.jpg\" width=\"768\" height=\"432\" alt=\"\" \/><\/a><\/div><div class=\"rl-gallery-item\"><a href=\"https:\/\/seisson-menuiserie.fr\/wp-content\/uploads\/2022\/10\/sdb2.jpg\" title=\"\" data-rl_title=\"\" class=\"rl-gallery-link\" data-rl_caption=\"\" data-rel=\"lightbox-gallery-3\"><img loading=\"lazy\" decoding=\"async\" src=\"https:\/\/seisson-menuiserie.fr\/wp-content\/uploads\/2022\/10\/sdb2-768x432.jpg\" width=\"768\" height=\"432\" alt=\"\" \/><\/a><\/div><div class=\"rl-gallery-item\"><a href=\"https:\/\/seisson-menuiserie.fr\/wp-content\/uploads\/2022\/10\/sdb3.jpg\" title=\"\" data-rl_title=\"\" class=\"rl-gallery-link\" data-rl_caption=\"\" data-rel=\"lightbox-gallery-3\"><img loading=\"lazy\" decoding=\"async\" src=\"https:\/\/seisson-menuiserie.fr\/wp-content\/uploads\/2022\/10\/sdb3-768x432.jpg\" width=\"768\" height=\"432\" alt=\"\" \/><\/a><\/div> <\/div> <\/div>\n\n\n\n<div style=\"height:100px\" aria-hidden=\"true\" class=\"wp-block-spacer\"><\/div>\n\n\n\n<p class=\"has-medium-font-size wp-block-paragraph\">Rangements <\/p>\n\n\n\n<p class=\"has-small-font-size wp-block-paragraph\">Meubles et dressing sur mesure<\/p>\n\n\n<div class=\"rl-gallery-container rl-loading\" id=\"rl-gallery-container-4\" data-gallery_id=\"349\"> <div class=\"rl-gallery rl-basicgrid-gallery \" id=\"rl-gallery-4\" data-gallery_no=\"4\"> <div class=\"rl-gallery-item\"><a href=\"https:\/\/seisson-menuiserie.fr\/wp-content\/uploads\/2022\/10\/6134216901.jpg\" title=\"\" data-rl_title=\"\" class=\"rl-gallery-link\" data-rl_caption=\"\" data-rel=\"lightbox-gallery-4\"><img loading=\"lazy\" decoding=\"async\" src=\"https:\/\/seisson-menuiserie.fr\/wp-content\/uploads\/2022\/10\/6134216901-768x576.jpg\" width=\"768\" height=\"576\" alt=\"\" \/><\/a><\/div><div class=\"rl-gallery-item\"><a href=\"https:\/\/seisson-menuiserie.fr\/wp-content\/uploads\/2022\/10\/6134217911.jpg\" title=\"\" data-rl_title=\"\" class=\"rl-gallery-link\" data-rl_caption=\"\" data-rel=\"lightbox-gallery-4\"><img loading=\"lazy\" decoding=\"async\" src=\"https:\/\/seisson-menuiserie.fr\/wp-content\/uploads\/2022\/10\/6134217911-768x576.jpg\" width=\"768\" height=\"576\" alt=\"\" \/><\/a><\/div><div class=\"rl-gallery-item\"><a href=\"https:\/\/seisson-menuiserie.fr\/wp-content\/uploads\/2022\/10\/DSC_0103_4-scaled.jpg\" title=\"\" data-rl_title=\"\" class=\"rl-gallery-link\" data-rl_caption=\"\" data-rel=\"lightbox-gallery-4\"><img loading=\"lazy\" decoding=\"async\" src=\"https:\/\/seisson-menuiserie.fr\/wp-content\/uploads\/2022\/10\/DSC_0103_4-768x578.jpg\" width=\"768\" height=\"578\" alt=\"\" \/><\/a><\/div> <\/div> <\/div>\n\n\n\n<div style=\"height:100px\" aria-hidden=\"true\" class=\"wp-block-spacer\"><\/div>\n\n\n\n<p class=\"has-medium-font-size wp-block-paragraph\">Objets divers<\/p>\n\n\n<div class=\"rl-gallery-container rl-loading\" id=\"rl-gallery-container-5\" data-gallery_id=\"356\"> <div class=\"rl-gallery rl-basicgrid-gallery \" id=\"rl-gallery-5\" data-gallery_no=\"5\"> <div class=\"rl-gallery-item\"><a href=\"https:\/\/seisson-menuiserie.fr\/wp-content\/uploads\/2022\/10\/DSC_0796-scaled.jpg\" title=\"\" data-rl_title=\"\" class=\"rl-gallery-link\" data-rl_caption=\"\" data-rel=\"lightbox-gallery-5\"><img loading=\"lazy\" decoding=\"async\" src=\"https:\/\/seisson-menuiserie.fr\/wp-content\/uploads\/2022\/10\/DSC_0796-768x1365.jpg\" width=\"768\" height=\"1365\" alt=\"\" \/><\/a><\/div><div class=\"rl-gallery-item\"><a href=\"https:\/\/seisson-menuiserie.fr\/wp-content\/uploads\/2022\/10\/DSC_0797-scaled.jpg\" title=\"\" data-rl_title=\"\" class=\"rl-gallery-link\" data-rl_caption=\"\" data-rel=\"lightbox-gallery-5\"><img loading=\"lazy\" decoding=\"async\" src=\"https:\/\/seisson-menuiserie.fr\/wp-content\/uploads\/2022\/10\/DSC_0797-768x1365.jpg\" width=\"768\" height=\"1365\" alt=\"\" \/><\/a><\/div><div class=\"rl-gallery-item\"><a href=\"https:\/\/seisson-menuiserie.fr\/wp-content\/uploads\/2022\/10\/IMG_157056386838F.jpg\" title=\"\" data-rl_title=\"\" class=\"rl-gallery-link\" data-rl_caption=\"\" data-rel=\"lightbox-gallery-5\"><img loading=\"lazy\" decoding=\"async\" src=\"https:\/\/seisson-menuiserie.fr\/wp-content\/uploads\/2022\/10\/IMG_157056386838F-768x1263.jpg\" width=\"768\" height=\"1263\" alt=\"\" \/><\/a><\/div> <\/div> <\/div>\n\n\n\n<p class=\"wp-block-paragraph\"><\/p>\n\n\n\n<p class=\"wp-block-paragraph\"><\/p>\n\n\n\n<p class=\"wp-block-paragraph\"><\/p>\n","protected":false},"excerpt":{"rendered":"<p>Am\u00e9nagements int\u00e9rieurs Fabrication et pose d&rsquo;am\u00e9nagements dans un petit ch\u00e2teau savoyard. Am\u00e9nagement d&rsquo;une entr\u00e9e avec portes en sapin Meubles de salle de bain en bois massif, sur mesure Rangements Meubles et dressing sur mesure Objets divers<\/p>\n","protected":false},"author":1,"featured_media":0,"parent":0,"menu_order":0,"comment_status":"closed","ping_status":"closed","template":"","meta":{"om_disable_all_campaigns":false,"_monsterinsights_skip_tracking":false,"_uf_show_specific_survey":0,"_uf_disable_surveys":false,"footnotes":""},"class_list":["post-334","page","type-page","status-publish","hentry"],"aioseo_notices":[],"aioseo_head":"\n\t\t<!-- All in One SEO 5.0.1.1 - aioseo.com -->\n\t<meta name=\"description\" content=\"Am\u00e9nagements int\u00e9rieurs Fabrication et pose d&#039;am\u00e9nagements dans un petit ch\u00e2teau savoyard. Am\u00e9nagement d&#039;une entr\u00e9e avec portes en sapin Meubles de salle de bain en bois massif, sur mesure Rangements Meubles et dressing sur mesure Objets divers\" \/>\n\t<meta name=\"robots\" content=\"max-image-preview:large\" \/>\n\t<link rel=\"canonical\" href=\"https:\/\/seisson-menuiserie.fr\/?page_id=334\" \/>\n\t<meta name=\"generator\" content=\"All in One SEO (AIOSEO) 5.0.1.1\" \/>\n\t\t<meta property=\"og:locale\" content=\"fr_FR\" \/>\n\t\t<meta property=\"og:site_name\" content=\"Seisson Menuiserie -\" \/>\n\t\t<meta property=\"og:type\" content=\"article\" \/>\n\t\t<meta property=\"og:title\" content=\"Mobilier - Seisson Menuiserie\" \/>\n\t\t<meta property=\"og:description\" content=\"Am\u00e9nagements int\u00e9rieurs Fabrication et pose d&#039;am\u00e9nagements dans un petit ch\u00e2teau savoyard. Am\u00e9nagement d&#039;une entr\u00e9e avec portes en sapin Meubles de salle de bain en bois massif, sur mesure Rangements Meubles et dressing sur mesure Objets divers\" \/>\n\t\t<meta property=\"og:url\" content=\"https:\/\/seisson-menuiserie.fr\/?page_id=334\" \/>\n\t\t<meta property=\"og:image\" content=\"https:\/\/seisson-menuiserie.fr\/wp-content\/uploads\/2022\/10\/logo-accueil-1-scaled.jpg\" \/>\n\t\t<meta property=\"og:image:secure_url\" content=\"https:\/\/seisson-menuiserie.fr\/wp-content\/uploads\/2022\/10\/logo-accueil-1-scaled.jpg\" \/>\n\t\t<meta property=\"article:published_time\" content=\"2022-10-09T12:59:46+00:00\" \/>\n\t\t<meta property=\"article:modified_time\" content=\"2023-06-08T21:13:44+00:00\" \/>\n\t\t<meta property=\"article:publisher\" content=\"https:\/\/www.facebook.com\/search\/top?q=seissonmenuiserie\" \/>\n\t\t<meta name=\"twitter:card\" content=\"summary_large_image\" \/>\n\t\t<meta name=\"twitter:title\" content=\"Mobilier - Seisson Menuiserie\" \/>\n\t\t<meta name=\"twitter:description\" content=\"Am\u00e9nagements int\u00e9rieurs Fabrication et pose d&#039;am\u00e9nagements dans un petit ch\u00e2teau savoyard. Am\u00e9nagement d&#039;une entr\u00e9e avec portes en sapin Meubles de salle de bain en bois massif, sur mesure Rangements Meubles et dressing sur mesure Objets divers\" \/>\n\t\t<meta name=\"twitter:image\" content=\"http:\/\/seisson-menuiserie.fr\/wp-content\/uploads\/2022\/10\/logo-accueil-1-scaled.jpg\" \/>\n\t\t<script type=\"application\/ld+json\" class=\"aioseo-schema\">\n\t\t\t{\"@context\":\"https:\\\/\\\/schema.org\",\"@graph\":[{\"@type\":\"BreadcrumbList\",\"@id\":\"https:\\\/\\\/seisson-menuiserie.fr\\\/?page_id=334#breadcrumblist\",\"itemListElement\":[{\"@type\":\"ListItem\",\"@id\":\"https:\\\/\\\/seisson-menuiserie.fr#listItem\",\"position\":1,\"name\":\"Home\",\"item\":\"https:\\\/\\\/seisson-menuiserie.fr\",\"nextItem\":{\"@type\":\"ListItem\",\"@id\":\"https:\\\/\\\/seisson-menuiserie.fr\\\/?page_id=334#listItem\",\"name\":\"Mobilier\"}},{\"@type\":\"ListItem\",\"@id\":\"https:\\\/\\\/seisson-menuiserie.fr\\\/?page_id=334#listItem\",\"position\":2,\"name\":\"Mobilier\",\"previousItem\":{\"@type\":\"ListItem\",\"@id\":\"https:\\\/\\\/seisson-menuiserie.fr#listItem\",\"name\":\"Home\"}}]},{\"@type\":\"Organization\",\"@id\":\"https:\\\/\\\/seisson-menuiserie.fr\\\/#organization\",\"name\":\"Seisson Menuiserie\",\"url\":\"https:\\\/\\\/seisson-menuiserie.fr\\\/\",\"logo\":{\"@type\":\"ImageObject\",\"url\":\"https:\\\/\\\/seisson-menuiserie.fr\\\/wp-content\\\/uploads\\\/2022\\\/10\\\/logo-accueil-1-scaled.jpg\",\"@id\":\"https:\\\/\\\/seisson-menuiserie.fr\\\/?page_id=334\\\/#organizationLogo\",\"width\":2560,\"height\":731},\"image\":{\"@id\":\"https:\\\/\\\/seisson-menuiserie.fr\\\/?page_id=334\\\/#organizationLogo\"},\"sameAs\":[\"https:\\\/\\\/www.facebook.com\\\/search\\\/top?q=seissonmenuiserie\",\"https:\\\/\\\/www.instagram.com\\\/seisson_menuiserie\\\/\"]},{\"@type\":\"WebPage\",\"@id\":\"https:\\\/\\\/seisson-menuiserie.fr\\\/?page_id=334#webpage\",\"url\":\"https:\\\/\\\/seisson-menuiserie.fr\\\/?page_id=334\",\"name\":\"Mobilier - Seisson Menuiserie\",\"description\":\"Am\\u00e9nagements int\\u00e9rieurs Fabrication et pose d'am\\u00e9nagements dans un petit ch\\u00e2teau savoyard. Am\\u00e9nagement d'une entr\\u00e9e avec portes en sapin Meubles de salle de bain en bois massif, sur mesure Rangements Meubles et dressing sur mesure Objets divers\",\"inLanguage\":\"fr-FR\",\"isPartOf\":{\"@id\":\"https:\\\/\\\/seisson-menuiserie.fr\\\/#website\"},\"breadcrumb\":{\"@id\":\"https:\\\/\\\/seisson-menuiserie.fr\\\/?page_id=334#breadcrumblist\"},\"datePublished\":\"2022-10-09T14:59:46+02:00\",\"dateModified\":\"2023-06-08T23:13:44+02:00\"},{\"@type\":\"WebSite\",\"@id\":\"https:\\\/\\\/seisson-menuiserie.fr\\\/#website\",\"url\":\"https:\\\/\\\/seisson-menuiserie.fr\\\/\",\"name\":\"Seisson Menuiserie\",\"inLanguage\":\"fr-FR\",\"publisher\":{\"@id\":\"https:\\\/\\\/seisson-menuiserie.fr\\\/#organization\"}}]}\n\t\t<\/script>\n\t\t<!-- All in One SEO -->\n\n","aioseo_head_json":{"title":"Mobilier - Seisson Menuiserie","description":"Am\u00e9nagements int\u00e9rieurs Fabrication et pose d'am\u00e9nagements dans un petit ch\u00e2teau savoyard. Am\u00e9nagement d'une entr\u00e9e avec portes en sapin Meubles de salle de bain en bois massif, sur mesure Rangements Meubles et dressing sur mesure Objets divers","canonical_url":"https:\/\/seisson-menuiserie.fr\/?page_id=334","robots":"max-image-preview:large","keywords":"","webmasterTools":{"miscellaneous":""},"schema":{"@context":"https:\/\/schema.org","@graph":[{"@type":"BreadcrumbList","@id":"https:\/\/seisson-menuiserie.fr\/?page_id=334#breadcrumblist","itemListElement":[{"@type":"ListItem","@id":"https:\/\/seisson-menuiserie.fr#listItem","position":1,"name":"Home","item":"https:\/\/seisson-menuiserie.fr","nextItem":{"@type":"ListItem","@id":"https:\/\/seisson-menuiserie.fr\/?page_id=334#listItem","name":"Mobilier"}},{"@type":"ListItem","@id":"https:\/\/seisson-menuiserie.fr\/?page_id=334#listItem","position":2,"name":"Mobilier","previousItem":{"@type":"ListItem","@id":"https:\/\/seisson-menuiserie.fr#listItem","name":"Home"}}]},{"@type":"Organization","@id":"https:\/\/seisson-menuiserie.fr\/#organization","name":"Seisson Menuiserie","url":"https:\/\/seisson-menuiserie.fr\/","logo":{"@type":"ImageObject","url":"https:\/\/seisson-menuiserie.fr\/wp-content\/uploads\/2022\/10\/logo-accueil-1-scaled.jpg","@id":"https:\/\/seisson-menuiserie.fr\/?page_id=334\/#organizationLogo","width":2560,"height":731},"image":{"@id":"https:\/\/seisson-menuiserie.fr\/?page_id=334\/#organizationLogo"},"sameAs":["https:\/\/www.facebook.com\/search\/top?q=seissonmenuiserie","https:\/\/www.instagram.com\/seisson_menuiserie\/"]},{"@type":"WebPage","@id":"https:\/\/seisson-menuiserie.fr\/?page_id=334#webpage","url":"https:\/\/seisson-menuiserie.fr\/?page_id=334","name":"Mobilier - Seisson Menuiserie","description":"Am\u00e9nagements int\u00e9rieurs Fabrication et pose d'am\u00e9nagements dans un petit ch\u00e2teau savoyard. Am\u00e9nagement d'une entr\u00e9e avec portes en sapin Meubles de salle de bain en bois massif, sur mesure Rangements Meubles et dressing sur mesure Objets divers","inLanguage":"fr-FR","isPartOf":{"@id":"https:\/\/seisson-menuiserie.fr\/#website"},"breadcrumb":{"@id":"https:\/\/seisson-menuiserie.fr\/?page_id=334#breadcrumblist"},"datePublished":"2022-10-09T14:59:46+02:00","dateModified":"2023-06-08T23:13:44+02:00"},{"@type":"WebSite","@id":"https:\/\/seisson-menuiserie.fr\/#website","url":"https:\/\/seisson-menuiserie.fr\/","name":"Seisson Menuiserie","inLanguage":"fr-FR","publisher":{"@id":"https:\/\/seisson-menuiserie.fr\/#organization"}}]},"og:locale":"fr_FR","og:site_name":"Seisson Menuiserie -","og:type":"article","og:title":"Mobilier - Seisson Menuiserie","og:description":"Am\u00e9nagements int\u00e9rieurs Fabrication et pose d'am\u00e9nagements dans un petit ch\u00e2teau savoyard. Am\u00e9nagement d'une entr\u00e9e avec portes en sapin Meubles de salle de bain en bois massif, sur mesure Rangements Meubles et dressing sur mesure Objets divers","og:url":"https:\/\/seisson-menuiserie.fr\/?page_id=334","og:image":"https:\/\/seisson-menuiserie.fr\/wp-content\/uploads\/2022\/10\/logo-accueil-1-scaled.jpg","og:image:secure_url":"https:\/\/seisson-menuiserie.fr\/wp-content\/uploads\/2022\/10\/logo-accueil-1-scaled.jpg","article:published_time":"2022-10-09T12:59:46+00:00","article:modified_time":"2023-06-08T21:13:44+00:00","article:publisher":"https:\/\/www.facebook.com\/search\/top?q=seissonmenuiserie","twitter:card":"summary_large_image","twitter:title":"Mobilier - Seisson Menuiserie","twitter:description":"Am\u00e9nagements int\u00e9rieurs Fabrication et pose d'am\u00e9nagements dans un petit ch\u00e2teau savoyard. Am\u00e9nagement d'une entr\u00e9e avec portes en sapin Meubles de salle de bain en bois massif, sur mesure Rangements Meubles et dressing sur mesure Objets divers","twitter:image":"http:\/\/seisson-menuiserie.fr\/wp-content\/uploads\/2022\/10\/logo-accueil-1-scaled.jpg"},"aioseo_meta_data":{"post_id":"334","title":null,"description":null,"keywords":[],"keyphrases":{"focus":[],"additional":[]},"primary_term":null,"canonical_url":null,"og_title":null,"og_description":null,"og_object_type":"default","og_image_type":"default","og_image_url":null,"og_image_width":null,"og_image_height":null,"og_image_custom_url":null,"og_image_custom_fields":null,"og_video":"","og_custom_url":null,"og_article_section":null,"og_article_tags":[],"twitter_use_og":false,"twitter_card":"default","twitter_image_type":"default","twitter_image_url":null,"twitter_image_custom_url":null,"twitter_image_custom_fields":null,"twitter_title":null,"twitter_description":null,"schema":{"blockGraphs":[],"customGraphs":[],"default":{"data":{"Article":[],"Course":[],"Dataset":[],"FAQPage":[],"Movie":[],"Person":[],"Product":[],"ProductReview":[],"Car":[],"Recipe":[],"Service":[],"SoftwareApplication":[],"WebPage":[]},"graphName":"WebPage","isEnabled":true},"graphs":[]},"schema_type":"default","schema_type_options":null,"pillar_content":false,"robots_default":true,"robots_noindex":false,"robots_noarchive":false,"robots_nosnippet":false,"robots_nofollow":false,"robots_noimageindex":false,"robots_noodp":false,"robots_notranslate":false,"robots_max_snippet":"-1","robots_max_videopreview":"-1","robots_max_imagepreview":"large","priority":null,"frequency":"default","local_seo":null,"breadcrumb_settings":null,"limit_modified_date":false,"ai":null,"created":"2022-10-10 18:01:17","updated":"2026-09-02 11:13:07","focus_keyword":null,"additional_keywords":null,"truseo_locale":null,"seo_analyzer_scan_date":null},"aioseo_breadcrumb":"<div class=\"aioseo-breadcrumbs\"><span class=\"aioseo-breadcrumb\">\n\t\t\t<a href=\"https:\/\/seisson-menuiserie.fr\" title=\"Home\">Home<\/a>\n\t\t<\/span><span class=\"aioseo-breadcrumb-separator\">&raquo;<\/span><span class=\"aioseo-breadcrumb\">\n\t\t\tMobilier\n\t\t<\/span><\/div>","aioseo_breadcrumb_json":[{"label":"Home","link":"https:\/\/seisson-menuiserie.fr"},{"label":"Mobilier","link":"https:\/\/seisson-menuiserie.fr\/?page_id=334"}],"_links":{"self":[{"href":"https:\/\/seisson-menuiserie.fr\/index.php?rest_route=\/wp\/v2\/pages\/334","targetHints":{"allow":["GET"]}}],"collection":[{"href":"https:\/\/seisson-menuiserie.fr\/index.php?rest_route=\/wp\/v2\/pages"}],"about":[{"href":"https:\/\/seisson-menuiserie.fr\/index.php?rest_route=\/wp\/v2\/types\/page"}],"author":[{"embeddable":true,"href":"https:\/\/seisson-menuiserie.fr\/index.php?rest_route=\/wp\/v2\/users\/1"}],"replies":[{"embeddable":true,"href":"https:\/\/seisson-menuiserie.fr\/index.php?rest_route=%2Fwp%2Fv2%2Fcomments&post=334"}],"version-history":[{"count":8,"href":"https:\/\/seisson-menuiserie.fr\/index.php?rest_route=\/wp\/v2\/pages\/334\/revisions"}],"predecessor-version":[{"id":713,"href":"https:\/\/seisson-menuiserie.fr\/index.php?rest_route=\/wp\/v2\/pages\/334\/revisions\/713"}],"wp:attachment":[{"href":"https:\/\/seisson-menuiserie.fr\/index.php?rest_route=%2Fwp%2Fv2%2Fmedia&parent=334"}],"curies":[{"name":"wp","href":"https:\/\/api.w.org\/{rel}","templated":true}]}}